{"id":223980,"date":"2021-03-11T10:20:10","date_gmt":"2021-03-11T09:20:10","guid":{"rendered":"https:\/\/livha.org\/?page_id=223980"},"modified":"2024-10-15T12:02:35","modified_gmt":"2024-10-15T10:02:35","slug":"projet-holistique","status":"publish","type":"page","link":"https:\/\/livha.org\/fr\/projet-holistique\/","title":{"rendered":"Projet holistique"},"content":{"rendered":"<p>[et_pb_section fb_built=\u00a0\u00bb1&Prime; _builder_version=\u00a0\u00bb4.16&Prime; _module_preset=\u00a0\u00bbdefault\u00a0\u00bb custom_padding=\u00a0\u00bb41px|||||\u00a0\u00bb top_divider_style=\u00a0\u00bbwave2&Prime; top_divider_color=\u00a0\u00bbrgba(127,203,219,0.3)\u00a0\u00bb top_divider_height=\u00a0\u00bb40px\u00a0\u00bb top_divider_flip=\u00a0\u00bbhorizontal|vertical\u00a0\u00bb bottom_divider_style=\u00a0\u00bbwave2&Prime; bottom_divider_color=\u00a0\u00bbrgba(127,203,219,0.3)\u00a0\u00bb bottom_divider_height=\u00a0\u00bb40px\u00a0\u00bb bottom_divider_flip=\u00a0\u00bbhorizontal\u00a0\u00bb global_colors_info=\u00a0\u00bb{}\u00a0\u00bb][et_pb_row _builder_version=\u00a0\u00bb4.16&Prime; _module_preset=\u00a0\u00bbdefault\u00a0\u00bb max_width=\u00a0\u00bb940px\u00a0\u00bb global_colors_info=\u00a0\u00bb{}\u00a0\u00bb][et_pb_column type=\u00a0\u00bb4_4&Prime; _builder_version=\u00a0\u00bb4.16&Prime; _module_preset=\u00a0\u00bbdefault\u00a0\u00bb global_colors_info=\u00a0\u00bb{}\u00a0\u00bb][et_pb_image src=\u00a0\u00bbhttps:\/\/livha.org\/wp-content\/uploads\/2021\/05\/projet_01-small.jpg\u00a0\u00bb alt=\u00a0\u00bbprojet holistique\u00a0\u00bb _builder_version=\u00a0\u00bb4.16&Prime; _module_preset=\u00a0\u00bbdefault\u00a0\u00bb border_radii=\u00a0\u00bbon|2px|2px|2px|2px\u00a0\u00bb global_colors_info=\u00a0\u00bb{}\u00a0\u00bb][\/et_pb_image][\/et_pb_column][\/et_pb_row][et_pb_row custom_padding_last_edited=\u00a0\u00bbon|phone\u00a0\u00bb _builder_version=\u00a0\u00bb4.16&Prime; _module_preset=\u00a0\u00bbdefault\u00a0\u00bb max_width=\u00a0\u00bb940px\u00a0\u00bb custom_padding=\u00a0\u00bb||40px||false|false\u00a0\u00bb custom_padding_tablet=\u00a0\u00bb\u00a0\u00bb custom_padding_phone=\u00a0\u00bb||20px||false|false\u00a0\u00bb global_colors_info=\u00a0\u00bb{}\u00a0\u00bb][et_pb_column type=\u00a0\u00bb4_4&Prime; _builder_version=\u00a0\u00bb4.16&Prime; _module_preset=\u00a0\u00bbdefault\u00a0\u00bb global_colors_info=\u00a0\u00bb{}\u00a0\u00bb][et_pb_text _builder_version=\u00a0\u00bb4.16&Prime; text_font=\u00a0\u00bbPoppins||||||||\u00a0\u00bb link_font=\u00a0\u00bbChivo||||||||\u00a0\u00bb header_font=\u00a0\u00bb||||||||\u00a0\u00bb header_3_font=\u00a0\u00bbBelleza|700||on|||||\u00a0\u00bb header_3_text_align=\u00a0\u00bbcenter\u00a0\u00bb header_3_text_color=\u00a0\u00bb#2b2b2b\u00a0\u00bb header_3_font_size=\u00a0\u00bb26px\u00a0\u00bb header_3_letter_spacing=\u00a0\u00bb2px\u00a0\u00bb header_3_line_height=\u00a0\u00bb1.5em\u00a0\u00bb min_height=\u00a0\u00bb33px\u00a0\u00bb custom_margin=\u00a0\u00bb-8px||||false|false\u00a0\u00bb animation_style=\u00a0\u00bbnone\u00a0\u00bb global_colors_info=\u00a0\u00bb{}\u00a0\u00bb]<\/p>\n<h3>Un projet du c\u0153ur, ouvert, conscient et r\u00e9g\u00e9n\u00e9rant pour l&rsquo;\u00e2me et l&rsquo;esprit<\/h3>\n<p>[\/et_pb_text][et_pb_text _builder_version=\u00a0\u00bb4.16&Prime; _module_preset=\u00a0\u00bb0076d6eb-5595-4dd1-a096-31982f9ed001&Prime; text_font=\u00a0\u00bb||||||||\u00a0\u00bb global_colors_info=\u00a0\u00bb{}\u00a0\u00bb custom_padding=\u00a0\u00bb||1px|||\u00a0\u00bb]<\/p>\n<p>Le projet <strong>Terra Livha<\/strong> est un \u00e9co-lieu en devenir situ\u00e9 dans le sud du Portugal, n\u00e9 d\u2019une vision apparue \u00e0 Quentin lors d\u2019une m\u00e9ditation au d\u00e9but de l\u2019ann\u00e9e 2017, au bord d\u2019une rivi\u00e8re dans les montagnes du sud de l\u2019Espagne.<\/p>\n<p class=\"has-text-align-center has-medium-font-size\"><em><strong>\u00ab\u00a0Une Terre o\u00f9 chacun peut vivre heureux, en conscience et en harmonie ensemble et avec la nature.\u00a0\u00bb<\/strong><\/em><\/p>\n<p>Dans l\u2019enthousiasme et un sentiment d\u2019alignement, d\u2019autres \u00eatres se sont joints \u00e0 lui \u00e0 travers cette vision qui a aussi pris sens en leurs coeurs. Un projet tr\u00e8s complet en a rapidement d\u00e9coul\u00e9 o\u00f9 nous avons mis en \u0153uvre des moyens concrets pour pouvoir le rendre vivant. Voici les quelques aspects cl\u00e9s qui, selon nous, sont essentiels \u00e0 la r\u00e9ussite de ce projet et qui repr\u00e9sentent un peu les caract\u00e9ristiques de ce futur \u00e9co lieu :<\/p>\n<ul class=\"wp-block-list\">\n<li class=\"has-medium-font-size\"><strong>Les fondations int\u00e9rieures :<\/strong><\/li>\n<\/ul>\n<p>Comme tous ceux qui se sont d\u00e9j\u00e0 int\u00e9ress\u00e9s \u00e0 des projets d\u2019\u00e9co lieu ou \u00e9co village le savent, le plus difficile n\u2019est pas la construction d\u2019une maison passive, ou la gestion d\u2019une autonomie alimentaire par exemple, mais le facteur humain.<\/p>\n<p>C\u2019est ce qu\u2019on appelle ici les fondations int\u00e9rieures. Il est d\u2019abord n\u00e9cessaire de se construire \u00e0 l\u2019int\u00e9rieur avant d\u2019imaginer pouvoir vivre sur une terre en harmonie ensemble.<\/p>\n<p>Ainsi ce projet est inspir\u00e9 des valeurs spirituelles partag\u00e9es par Quentin, communes \u00e0 toute d\u00e9marche d\u2019ouverture du c\u0153ur et de la conscience permettant de vivre en accord avec soi-m\u00eame et son prochain.<\/p>\n<p>En construisant ce socle int\u00e9rieur stable, 80 \u00e0 90% de la r\u00e9ussite d\u2019un tel projet est d\u00e9j\u00e0 accomplie.<\/p>\n<ul class=\"wp-block-list\">\n<li class=\"has-medium-font-size\"><strong>Une vision concr\u00e8te et ancr\u00e9e\u00a0:<\/strong><\/li>\n<\/ul>\n<p class=\"has-text-align-left\">D\u2019autre part, s\u2019il est indispensable que ce genre de projet s\u2019appuie sur une d\u00e9marche int\u00e9rieure d\u2019ouverture et d\u2019\u00e9l\u00e9vation de conscience, nous souhaitons aussi que cela soit vivant dans un \u00e9quilibre entre \u00ab\u00a0le Ciel et la Terre\u00a0\u00bb.<\/p>\n<p>Autrement dit, ni dans un extr\u00eame trop perch\u00e9 du style \u201cbaba cool\u201d, en rejet entier du syst\u00e8me sans discernement, ni dans l\u2019autre trop mat\u00e9rialiste ne voyant l\u2019argent que pour l\u2019argent.<\/p>\n<p>Ainsi, nous collaborons avec les autorit\u00e9s locales pour essayer de faire \u00e9voluer les choses afin que de plus en plus de projets d\u2019\u00e9co-lieu, collectifs et d\u2019entre-aide de fa\u00e7on g\u00e9n\u00e9rale puissent se d\u00e9velopper et \u00eatre soutenus.<\/p>\n<ul class=\"wp-block-list\">\n<li class=\"has-medium-font-size\"><strong>Co cr\u00e9er, partager, redistribuer, transmettre\u00a0:<\/strong><\/li>\n<\/ul>\n<p>L\u2019\u00e9co lieu est vu aussi comme un laboratoire \u00e0 ciel ouvert. Nous souhaitons partager et transmettre les apprentissages, exp\u00e9riences et connaissances au niveau de la vie ensemble, l\u2019\u00e9panouissement personnel et collectif, la permaculture, l\u2019\u00e9cologie, la construction \u00e9cologique, la gestion de l\u2019eau et des ressources d\u2019\u00e9nergies, etc.<\/p>\n<p>Nous souhaitons que ce soit un lieu o\u00f9 chacun peut trouver sa place et d\u00e9velopper, \u00e9panouir ses qualit\u00e9s singuli\u00e8res tout en renfor\u00e7ant et faisant grandir le collectif.<\/p>\n<p>Selon nous, la seule fa\u00e7on de pouvoir vivre en harmonie ensemble et ainsi d\u2019\u00e9voluer vers une soci\u00e9t\u00e9 plus consciente est de cr\u00e9er une harmonie dans le collectif gr\u00e2ce \u00e0 l\u2019\u00e9coute, \u00e0 l\u2019ouverture et l\u2019\u00e9panouissement de chaque \u00eatre qui en fait partie. Et cela commence bien s\u00fbr par une ouverture envers soi-m\u00eame pour pouvoir accueillir les autres et \u00e9couter ce qui nous rend vraiment heureux.<\/p>\n<p>[\/et_pb_text][et_pb_text _builder_version=\u00a0\u00bb4.27.2&Prime; _module_preset=\u00a0\u00bbdefault\u00a0\u00bb text_font_size=\u00a0\u00bb16px\u00a0\u00bb hover_enabled=\u00a0\u00bb0&Prime; sticky_enabled=\u00a0\u00bb0&Prime;]<\/p>\n<p><strong>Pour en savoir plus, nous vous invitons \u00e0 vister le <a href=\"https:\/\/terralivha.pt\/fr\" target=\"_blank\" rel=\"noopener\">site du projet Terra Livha<\/a><\/strong><\/p>\n<p>[\/et_pb_text][et_pb_button button_url=\u00a0\u00bbhttps:\/\/my.livha.org\/fr\/produit\/faire-un-don-projet-portugal\/\u00a0\u00bb button_text=\u00a0\u00bbSoutenir le projet\u00a0\u00bb _builder_version=\u00a0\u00bb4.16&Prime; _module_preset=\u00a0\u00bb338654b8-6d66-4edc-a105-71a60fbf35b7&Prime; button_bg_color_gradient_stops=\u00a0\u00bb#dcb253 0%|#db9900 100%\u00a0\u00bb button_bg_color_gradient_start=\u00a0\u00bb#dcb253&Prime; button_bg_color_gradient_end=\u00a0\u00bb#db9900&Prime; button_border_radius=\u00a0\u00bb3px\u00a0\u00bb button_letter_spacing=\u00a0\u00bb2px\u00a0\u00bb button_font=\u00a0\u00bbBelleza|700||on|||||\u00a0\u00bb custom_margin=\u00a0\u00bb10px||15px|||\u00a0\u00bb custom_padding=\u00a0\u00bb10px|25px|10px|25px|true|true\u00a0\u00bb button_letter_spacing_hover=\u00a0\u00bb2px\u00a0\u00bb locked=\u00a0\u00bboff\u00a0\u00bb global_colors_info=\u00a0\u00bb{}\u00a0\u00bb button_one_text_size__hover_enabled=\u00a0\u00bboff\u00a0\u00bb button_two_text_size__hover_enabled=\u00a0\u00bboff\u00a0\u00bb button_one_text_color__hover_enabled=\u00a0\u00bboff\u00a0\u00bb button_two_text_color__hover_enabled=\u00a0\u00bboff\u00a0\u00bb button_one_border_width__hover_enabled=\u00a0\u00bboff\u00a0\u00bb button_two_border_width__hover_enabled=\u00a0\u00bboff\u00a0\u00bb button_one_border_color__hover_enabled=\u00a0\u00bboff\u00a0\u00bb button_two_border_color__hover_enabled=\u00a0\u00bboff\u00a0\u00bb button_one_border_radius__hover_enabled=\u00a0\u00bboff\u00a0\u00bb button_two_border_radius__hover_enabled=\u00a0\u00bboff\u00a0\u00bb button_one_letter_spacing__hover_enabled=\u00a0\u00bboff\u00a0\u00bb button_two_letter_spacing__hover_enabled=\u00a0\u00bboff\u00a0\u00bb button_one_bg_color__hover_enabled=\u00a0\u00bboff\u00a0\u00bb button_two_bg_color__hover_enabled=\u00a0\u00bboff\u00a0\u00bb button_bg_color_gradient_end__hover=\u00a0\u00bb#dcb253&Prime; button_bg_use_color_gradient__hover=\u00a0\u00bbon\u00a0\u00bb button_bg_color_gradient_start__hover=\u00a0\u00bb#db9900&Prime; button_bg_color__hover_enabled=\u00a0\u00bbon|desktop\u00a0\u00bb button_letter_spacing__hover=\u00a0\u00bb2px\u00a0\u00bb button_bg_color_gradient_stops__hover=\u00a0\u00bb#db9900 0%|#dcb253 100%\u00a0\u00bb][\/et_pb_button][et_pb_image src=\u00a0\u00bbhttps:\/\/livha.org\/wp-content\/uploads\/2024\/10\/20231121_111244-horizontale.png\u00a0\u00bb title_text=\u00a0\u00bb20231121_111244 horizontale\u00a0\u00bb _builder_version=\u00a0\u00bb4.27.2&Prime; _module_preset=\u00a0\u00bbdefault\u00a0\u00bb hover_enabled=\u00a0\u00bb0&Prime; border_radii=\u00a0\u00bbon|2px|2px|2px|2px\u00a0\u00bb global_colors_info=\u00a0\u00bb{}\u00a0\u00bb sticky_enabled=\u00a0\u00bb0&Prime;][\/et_pb_image][et_pb_image src=\u00a0\u00bbhttps:\/\/livha.org\/wp-content\/uploads\/2021\/05\/projet_03-small.jpg\u00a0\u00bb title_text=\u00a0\u00bbprojet holistique 3&Prime; _builder_version=\u00a0\u00bb4.16&Prime; _module_preset=\u00a0\u00bbdefault\u00a0\u00bb hover_enabled=\u00a0\u00bb0&Prime; border_radii=\u00a0\u00bbon|2px|2px|2px|2px\u00a0\u00bb global_colors_info=\u00a0\u00bb{}\u00a0\u00bb sticky_enabled=\u00a0\u00bb0&Prime;][\/et_pb_image][\/et_pb_column][\/et_pb_row][\/et_pb_section]<\/p>\n","protected":false},"excerpt":{"rendered":"<p>Un projet du c\u0153ur, ouvert, conscient et r\u00e9g\u00e9n\u00e9rant pour l&rsquo;\u00e2me et l&rsquo;espritLe projet Terra Livha est un \u00e9co-lieu en devenir situ\u00e9 dans le sud du Portugal, n\u00e9 d\u2019une vision apparue \u00e0 Quentin lors d\u2019une m\u00e9ditation au d\u00e9but de l\u2019ann\u00e9e 2017, au bord d\u2019une rivi\u00e8re dans les montagnes du sud de l\u2019Espagne. \u00ab\u00a0Une Terre o\u00f9 chacun peut vivre heureux, en conscience et en harmonie ensemble et avec la nature.\u00a0\u00bb Dans l\u2019enthousiasme et un sentiment d\u2019alignement, d\u2019autres \u00eatres se sont joints \u00e0 lui \u00e0 travers cette vision qui a aussi pris sens en leurs coeurs. Un projet tr\u00e8s complet en a rapidement d\u00e9coul\u00e9 o\u00f9 nous avons mis en \u0153uvre des moyens concrets pour pouvoir le rendre vivant. Voici les quelques aspects cl\u00e9s qui, selon nous, sont essentiels \u00e0 la r\u00e9ussite de ce projet et qui repr\u00e9sentent un peu les caract\u00e9ristiques de ce futur \u00e9co lieu : Les fondations int\u00e9rieures : Comme tous ceux qui se sont d\u00e9j\u00e0 int\u00e9ress\u00e9s \u00e0 des projets d\u2019\u00e9co lieu ou \u00e9co village le savent, le plus difficile n\u2019est pas la construction d\u2019une maison passive, ou la gestion d\u2019une autonomie alimentaire par exemple, mais le facteur humain. C\u2019est ce qu\u2019on appelle ici les fondations int\u00e9rieures. Il est d\u2019abord n\u00e9cessaire [&hellip;]<\/p>\n","protected":false},"author":1,"featured_media":0,"parent":0,"menu_order":0,"comment_status":"closed","ping_status":"closed","template":"","meta":{"_et_pb_use_builder":"on","_et_pb_old_content":"","_et_gb_content_width":"","footnotes":""},"class_list":["post-223980","page","type-page","status-publish","hentry"],"_links":{"self":[{"href":"https:\/\/livha.org\/fr\/wp-json\/wp\/v2\/pages\/223980","targetHints":{"allow":["GET"]}}],"collection":[{"href":"https:\/\/livha.org\/fr\/wp-json\/wp\/v2\/pages"}],"about":[{"href":"https:\/\/livha.org\/fr\/wp-json\/wp\/v2\/types\/page"}],"author":[{"embeddable":true,"href":"https:\/\/livha.org\/fr\/wp-json\/wp\/v2\/users\/1"}],"replies":[{"embeddable":true,"href":"https:\/\/livha.org\/fr\/wp-json\/wp\/v2\/comments?post=223980"}],"version-history":[{"count":39,"href":"https:\/\/livha.org\/fr\/wp-json\/wp\/v2\/pages\/223980\/revisions"}],"predecessor-version":[{"id":236900,"href":"https:\/\/livha.org\/fr\/wp-json\/wp\/v2\/pages\/223980\/revisions\/236900"}],"wp:attachment":[{"href":"https:\/\/livha.org\/fr\/wp-json\/wp\/v2\/media?parent=223980"}],"curies":[{"name":"wp","href":"https:\/\/api.w.org\/{rel}","templated":true}]}}