{"id":228372,"date":"2021-05-21T17:30:44","date_gmt":"2021-05-21T15:30:44","guid":{"rendered":"https:\/\/livha.org\/?page_id=228372"},"modified":"2021-07-04T23:19:03","modified_gmt":"2021-07-04T21:19:03","slug":"a-propos-de-livha","status":"publish","type":"page","link":"https:\/\/livha.org\/fr\/a-propos-de-livha\/","title":{"rendered":"\u00e0 Propos de Livha"},"content":{"rendered":"\n\n[et_pb_section fb_built=\u00a0\u00bb1&Prime; _builder_version=\u00a0\u00bb4.9.4&Prime; _module_preset=\u00a0\u00bbdefault\u00a0\u00bb custom_padding=\u00a0\u00bb41px|||||\u00a0\u00bb top_divider_style=\u00a0\u00bbwave2&Prime; top_divider_color=\u00a0\u00bbrgba(127,203,219,0.3)\u00a0\u00bb top_divider_height=\u00a0\u00bb40px\u00a0\u00bb top_divider_flip=\u00a0\u00bbhorizontal|vertical\u00a0\u00bb bottom_divider_style=\u00a0\u00bbwave2&Prime; bottom_divider_color=\u00a0\u00bbrgba(127,203,219,0.3)\u00a0\u00bb bottom_divider_height=\u00a0\u00bb40px\u00a0\u00bb bottom_divider_flip=\u00a0\u00bbhorizontal\u00a0\u00bb][et_pb_row _builder_version=\u00a0\u00bb4.9.4&Prime; _module_preset=\u00a0\u00bbdefault\u00a0\u00bb max_width=\u00a0\u00bb940px\u00a0\u00bb][et_pb_column type=\u00a0\u00bb4_4&Prime; _builder_version=\u00a0\u00bb4.8.1&Prime; _module_preset=\u00a0\u00bbdefault\u00a0\u00bb][et_pb_image src=\u00a0\u00bbhttps:\/\/livha.org\/wp-content\/uploads\/2021\/05\/livha_02-small.jpg\u00a0\u00bb _builder_version=\u00a0\u00bb4.9.4&Prime; _module_preset=\u00a0\u00bbdefault\u00a0\u00bb hover_enabled=\u00a0\u00bb0&Prime; border_radii=\u00a0\u00bbon|2px|2px|2px|2px\u00a0\u00bb alt=\u00a0\u00bb\u00e0 propos de livha\u00a0\u00bb sticky_enabled=\u00a0\u00bb0&Prime;][\/et_pb_image][\/et_pb_column][\/et_pb_row][et_pb_row _builder_version=\u00a0\u00bb4.9.4&Prime; _module_preset=\u00a0\u00bbdefault\u00a0\u00bb max_width=\u00a0\u00bb940px\u00a0\u00bb custom_padding=\u00a0\u00bb||9px|||\u00a0\u00bb][et_pb_column type=\u00a0\u00bb4_4&Prime; _builder_version=\u00a0\u00bb4.8.1&Prime; _module_preset=\u00a0\u00bbdefault\u00a0\u00bb][et_pb_text _builder_version=\u00a0\u00bb4.9.4&Prime; text_font=\u00a0\u00bbPoppins||||||||\u00a0\u00bb link_font=\u00a0\u00bbChivo||||||||\u00a0\u00bb header_font=\u00a0\u00bb||||||||\u00a0\u00bb header_3_font=\u00a0\u00bbBelleza|700||on|||||\u00a0\u00bb header_3_text_align=\u00a0\u00bbcenter\u00a0\u00bb header_3_text_color=\u00a0\u00bb#2b2b2b\u00a0\u00bb header_3_font_size=\u00a0\u00bb26px\u00a0\u00bb header_3_letter_spacing=\u00a0\u00bb2px\u00a0\u00bb header_3_line_height=\u00a0\u00bb2em\u00a0\u00bb min_height=\u00a0\u00bb33px\u00a0\u00bb custom_margin=\u00a0\u00bb-27px||10px|||\u00a0\u00bb custom_padding=\u00a0\u00bb||0px|||\u00a0\u00bb animation_style=\u00a0\u00bbnone\u00a0\u00bb]<h3>Qui sommes-nous ?<\/h3>[\/et_pb_text][et_pb_text _builder_version=\u00a0\u00bb4.9.4&Prime; _module_preset=\u00a0\u00bb0076d6eb-5595-4dd1-a096-31982f9ed001&Prime; text_font=\u00a0\u00bb||||||||\u00a0\u00bb]<p>Le mouvement de <strong>Liv<\/strong>ing <strong>Ha<\/strong>rmony s\u2019est cr\u00e9\u00e9 autour d\u2019une petite communaut\u00e9 essentiellement francophone compos\u00e9e d\u2019\u00eatres qui ont \u00e9t\u00e9 touch\u00e9s par l\u2019enseignement apport\u00e9 par <a href=\"https:\/\/livha.org\/fr\/a-propos-de-quentin\/\">Quentin<\/a>.<\/p>\n<p>Ce mouvement a commenc\u00e9 \u00e0 prendre forme en Espagne et il s\u2019est construit \u00e0 partir de la compr\u00e9hension des enseignements apport\u00e9s qui visent \u00e0 aller vers une vie plus harmonieuse et \u00e9panouissante en apprenant \u00e0 mieux se conna\u00eetre et ainsi \u00e0 mieux conna\u00eetre ce qui nous entoure. Lorsqu\u2019un \u00eatre entreprend une d\u00e9marche de connaissance de soi, une transformation profonde peut alors s\u2019op\u00e9rer et cela peut \u00e9voluer vers des \u00e9changes, des partages, des actions qui partent davantage du c\u0153ur et qui permettent de construire une soci\u00e9t\u00e9 plus consciente.<\/p>\n<p>Bref historique :<\/p>\n<p>En 2014 Quentin a commenc\u00e9 \u00e0 proposer des rencontres en francophonie (Belgique, France et Suisse), il a ainsi touch\u00e9 beaucoup de personnes qui ont pu ressentir l\u2019appel \u00e0 d\u00e9velopper davantage leur int\u00e9riorit\u00e9.<\/p>\n<p>En 2015, Quentin a d\u00e9cid\u00e9 de s\u2019installer en Espagne, dans les montagnes de la Sierra Nevada, et il a ouvert la possibilit\u00e9 de le rejoindre lors de s\u00e9jours \u00e0 ceux qui souhaitaient approfondir ce qui avait \u00e9t\u00e9 re\u00e7u lors des rencontres pr\u00e9c\u00e9dentes. Cela a permis a une petite communaut\u00e9 de s\u2019installer autour de lui et c\u2019est ainsi que s\u2019est form\u00e9 naturellement un mouvement communautaire qui a engendr\u00e9 en fin 2016 la cr\u00e9ation d\u2019un premier centre d\u2019accueil et d\u2019une premi\u00e8re association espagnole.<\/p>\n<p>D\u00e9but 2017, lors d\u2019une p\u00e9riode de m\u00e9ditation, Quentin a commenc\u00e9 \u00e0 parler des pr\u00e9mices du <a href=\"https:\/\/livha.org\/fr\/projet-holistique\/\">projet holistique<\/a> qui s\u2019est petit \u00e0 petit concr\u00e9tis\u00e9 par la suite. Cette m\u00eame ann\u00e9e, les rencontres publiques se sont arr\u00eat\u00e9es et Quentin ainsi que la petite \u00e9quipe qui s\u2019est form\u00e9e autour, se sont concentr\u00e9s sur la cr\u00e9ation du nouveau site web avec un espace membre et un nouvel enseignement ainsi que sur les propositions de s\u00e9jours dans le centre en Espagne.<\/p>\n<p>De 2018 \u00e0 2020 l\u2019association a surtout propos\u00e9 des \u00e9v\u00e9nements en Espagne et des \u00e9v\u00e9nements li\u00e9s \u00e0 la communaut\u00e9 inscrite \u00e0 l\u2019espace membre du site web.<\/p>\n<p>En 2020, Quentin et son \u00e9quipe ont souhait\u00e9 reprendre les rencontres publiques et ouvrir plus largement le mouvement. Seulement, \u00e0 cause du contexte mondial (corona), cela s\u2019est uniquement fait par internet.<\/p>\n<p>2021 est l\u2019ann\u00e9e de la sortie du dernier site web du mouvement, contenant un espace membre qui permet au r\u00e9seau du c\u0153ur de plus facilement \u00e9changer et partager \u00e0 travers une toute nouvelle plateforme en ligne.<\/p>\n<p>De plus, le <a href=\"https:\/\/livha.org\/fr\/projet-holistique\/\">projet holistique<\/a> a commenc\u00e9 \u00e0 se concr\u00e9tiser au Portugal, le terrain a \u00e9t\u00e9 trouv\u00e9 et nous sommes encore en train de rassembler les fonds afin de pouvoir l\u2019acqu\u00e9rir et commencer \u00e0 construire ensemble une terre d\u2019accueil propice au d\u00e9veloppement des qualit\u00e9s int\u00e9rieures. Des qualit\u00e9s telles que la sinc\u00e9rit\u00e9, la tol\u00e9rance, l\u2019acceptation, le respect, l\u2019ouverture, l\u2019\u00e9coute, la bienveillance, la simplicit\u00e9, la patience,\u2026 qui sont cultiv\u00e9es \u00e0 partir d\u2019une base o\u00f9 chacun est libre et responsable. Dans une vision plus large, cette terre d\u2019accueil permet de toucher divers domaines porteurs tels que l\u2019\u00e9cologie, l\u2019\u00e9ducation, la sant\u00e9, le bien-\u00eatre, le social, l&rsquo;artisanat, etc.<\/p>[\/et_pb_text][et_pb_image src=\u00a0\u00bbhttps:\/\/livha.org\/wp-content\/uploads\/2021\/05\/livha_01-small.jpg\u00a0\u00bb _builder_version=\u00a0\u00bb4.9.4&Prime; _module_preset=\u00a0\u00bbdefault\u00a0\u00bb hover_enabled=\u00a0\u00bb0&Prime; border_radii=\u00a0\u00bbon|2px|2px|2px|2px\u00a0\u00bb sticky_enabled=\u00a0\u00bb0&Prime; alt=\u00a0\u00bb\u00e0 propos de livha 2&Prime;][\/et_pb_image][et_pb_text _builder_version=\u00a0\u00bb4.9.4&Prime; _module_preset=\u00a0\u00bb0076d6eb-5595-4dd1-a096-31982f9ed001&Prime; text_font=\u00a0\u00bb||||||||\u00a0\u00bb]<p><span>Les membres de la communaut\u00e9 ont permis ensemble de cr\u00e9er une base suffisamment stable pour pouvoir commencer \u00e0 diffuser ce message porteur. Ils sont les fruits de l\u2019enseignement qui a \u00e9t\u00e9 apport\u00e9 jusqu\u2019alors. C\u2019est un touch\u00e9 du c\u0153ur qui a permis ce d\u00e9veloppement et cette r\u00e9alisation de la vision d\u2019un renouveau. C&rsquo;est un mouvement en constante \u00e9volution qui suit le cours du vivant et qui se construit de lui-m\u00eame gr\u00e2ce \u00e0 un noyau solide pos\u00e9 sur des bases saines et \u00e9quilibr\u00e9es.<\/span><\/p>\n<p><span>Quentin est l\u2019initiateur de ce mouvement dans lequel il insuffle les valeurs qu&rsquo;il incarne. Il a souhait\u00e9 entreprendre une d\u00e9marche de co-cr\u00e9ation et il a \u00e9t\u00e9 rejoint par Cyrille et Meriam qui forment ensemble le noyau structurel de Livha. Ils aident toute la communaut\u00e9 \u00e0 se retrouver et \u00e0 construire ensemble une soci\u00e9t\u00e9 plus consciente. Cette communaut\u00e9 grandissante a pris le nom de Living Harmony. La forme de son \u00e9volution d\u00e9pend de vous, de chacun, ce mouvement grandit avec chaque \u00eatre qui est inspir\u00e9 \u00e0 suivre et \u00e0 entreprendre avec ceux qui ont d\u00e9j\u00e0 commenc\u00e9 \u00e0 construire ce monde nouveau. <\/span><\/p>\n<p><span>Si cela r\u00e9sonne en votre \u00eatre, vous \u00eates chaleureusement bienvenu \u00e0 entrer dans la danse. \ud83d\ude42<\/span><\/p>[\/et_pb_text][\/et_pb_column][\/et_pb_row][et_pb_row _builder_version=\u00a0\u00bb4.9.4&Prime; _module_preset=\u00a0\u00bbdefault\u00a0\u00bb max_width=\u00a0\u00bb800px\u00a0\u00bb custom_padding=\u00a0\u00bb||15px|||\u00a0\u00bb][et_pb_column type=\u00a0\u00bb4_4&Prime; _builder_version=\u00a0\u00bb4.9.4&Prime; _module_preset=\u00a0\u00bbdefault\u00a0\u00bb][et_pb_text _builder_version=\u00a0\u00bb4.9.4&Prime; text_font=\u00a0\u00bbPoppins||||||||\u00a0\u00bb link_font=\u00a0\u00bbChivo||||||||\u00a0\u00bb header_font=\u00a0\u00bb||||||||\u00a0\u00bb header_3_font=\u00a0\u00bbBelleza|700|||||||\u00a0\u00bb header_3_text_align=\u00a0\u00bbcenter\u00a0\u00bb header_3_text_color=\u00a0\u00bb#2b2b2b\u00a0\u00bb header_3_font_size=\u00a0\u00bb28px\u00a0\u00bb header_3_letter_spacing=\u00a0\u00bb2px\u00a0\u00bb header_3_line_height=\u00a0\u00bb2em\u00a0\u00bb header_4_font=\u00a0\u00bbBelleza|700||on|||||\u00a0\u00bb header_4_font_size=\u00a0\u00bb22px\u00a0\u00bb header_4_letter_spacing=\u00a0\u00bb2px\u00a0\u00bb min_height=\u00a0\u00bb33px\u00a0\u00bb custom_margin=\u00a0\u00bb||-15px||false|false\u00a0\u00bb animation_style=\u00a0\u00bbnone\u00a0\u00bb]<h4 style=\"text-align: center;\">Les cofondateurs<\/h4>[\/et_pb_text][\/et_pb_column][\/et_pb_row][et_pb_row column_structure=\u00a0\u00bb1_3,1_3,1_3&Prime; _builder_version=\u00a0\u00bb4.9.4&Prime; _module_preset=\u00a0\u00bbdefault\u00a0\u00bb max_width=\u00a0\u00bb800px\u00a0\u00bb custom_padding=\u00a0\u00bb||52px|||\u00a0\u00bb][et_pb_column type=\u00a0\u00bb1_3&Prime; _builder_version=\u00a0\u00bb4.9.4&Prime; _module_preset=\u00a0\u00bbdefault\u00a0\u00bb][et_pb_image src=\u00a0\u00bbhttps:\/\/livha.org\/wp-content\/uploads\/2021\/05\/miniature_Quentin-small.jpg\u00a0\u00bb _builder_version=\u00a0\u00bb4.9.4&Prime; _module_preset=\u00a0\u00bbdefault\u00a0\u00bb width=\u00a0\u00bb70%\u00a0\u00bb module_alignment=\u00a0\u00bbcenter\u00a0\u00bb hover_enabled=\u00a0\u00bb0&Prime; alt=\u00a0\u00bbquentin\u00a0\u00bb sticky_enabled=\u00a0\u00bb0&Prime;][\/et_pb_image][et_pb_text _builder_version=\u00a0\u00bb4.9.4&Prime; _module_preset=\u00a0\u00bbdefault\u00a0\u00bb text_font_size=\u00a0\u00bb15px\u00a0\u00bb]<h2 style=\"text-align: center;\">Quentin<\/h2>\n<p style=\"text-align: center;\">Il est l&rsquo;initiateur du mouvement, sa vision a men\u00e9 \u00e0 la cr\u00e9ation de Livha. Il accompagne les \u00eatres \u00e0 se retrouver int\u00e9rieurement en ayant une pr\u00e9sence et un enseignement qui forment une base stable, un socle qui permet la construction et le d\u00e9veloppement d&rsquo;une soci\u00e9t\u00e9 plus consciente.<\/p>[\/et_pb_text][\/et_pb_column][et_pb_column type=\u00a0\u00bb1_3&Prime; _builder_version=\u00a0\u00bb4.9.4&Prime; _module_preset=\u00a0\u00bbdefault\u00a0\u00bb][et_pb_image src=\u00a0\u00bbhttps:\/\/livha.org\/wp-content\/uploads\/2021\/06\/meriam.jpg\u00a0\u00bb _builder_version=\u00a0\u00bb4.9.4&Prime; _module_preset=\u00a0\u00bbdefault\u00a0\u00bb width=\u00a0\u00bb70%\u00a0\u00bb module_alignment=\u00a0\u00bbcenter\u00a0\u00bb hover_enabled=\u00a0\u00bb0&Prime; alt=\u00a0\u00bbmeriam\u00a0\u00bb sticky_enabled=\u00a0\u00bb0&Prime;][\/et_pb_image][et_pb_text _builder_version=\u00a0\u00bb4.9.4&Prime; _module_preset=\u00a0\u00bbdefault\u00a0\u00bb text_font_size=\u00a0\u00bb15px\u00a0\u00bb]<h2 style=\"text-align: center;\">Meriam<\/h2>\n<p style=\"text-align: center;\">Elle est la pr\u00e9sence f\u00e9minine de ce trio fondateur. Elle accompagne Quentin dans la vie et partage ce toucher du c\u0153ur en apportant d\u2019autres cl\u00e9s de d\u00e9veloppement pour se retrouver int\u00e9rieurement. Elle apporte sa vision et accompagne les \u00eatres \u00e0 s\u2019\u00e9panouir dans la vie, notamment \u00e0 travers l\u2019art.<\/p>[\/et_pb_text][\/et_pb_column][et_pb_column type=\u00a0\u00bb1_3&Prime; _builder_version=\u00a0\u00bb4.9.4&Prime; _module_preset=\u00a0\u00bbdefault\u00a0\u00bb][et_pb_image src=\u00a0\u00bbhttps:\/\/livha.org\/wp-content\/uploads\/2021\/05\/miniature_Cyrille-small.jpg\u00a0\u00bb _builder_version=\u00a0\u00bb4.9.4&Prime; _module_preset=\u00a0\u00bbdefault\u00a0\u00bb width=\u00a0\u00bb70%\u00a0\u00bb module_alignment=\u00a0\u00bbcenter\u00a0\u00bb hover_enabled=\u00a0\u00bb0&Prime; alt=\u00a0\u00bbcyrille\u00a0\u00bb sticky_enabled=\u00a0\u00bb0&Prime;][\/et_pb_image][et_pb_text _builder_version=\u00a0\u00bb4.9.4&Prime; _module_preset=\u00a0\u00bbdefault\u00a0\u00bb text_font_size=\u00a0\u00bb15px\u00a0\u00bb]<h2 style=\"text-align: center;\">Cyrille<\/h2>\n<p style=\"text-align: center;\">Il est pr\u00e9sent depuis le d\u00e9but de l\u2019aventure, il est un pilier fondateur de Livha. Par ses nombreux talents et sa grande beaut\u00e9 int\u00e9rieure, il participe activement au d\u00e9veloppement du mouvement.<\/p>[\/et_pb_text][\/et_pb_column][\/et_pb_row][et_pb_row _builder_version=\u00a0\u00bb4.9.4&Prime; _module_preset=\u00a0\u00bbdefault\u00a0\u00bb max_width=\u00a0\u00bb800px\u00a0\u00bb custom_margin=\u00a0\u00bb-10px||||false|false\u00a0\u00bb custom_padding=\u00a0\u00bb||56px|||\u00a0\u00bb][et_pb_column type=\u00a0\u00bb4_4&Prime; _builder_version=\u00a0\u00bb4.8.1&Prime; _module_preset=\u00a0\u00bbdefault\u00a0\u00bb][et_pb_text _builder_version=\u00a0\u00bb4.9.4&Prime; text_font=\u00a0\u00bbPoppins||||||||\u00a0\u00bb link_font=\u00a0\u00bbChivo||||||||\u00a0\u00bb header_font=\u00a0\u00bb||||||||\u00a0\u00bb header_3_font=\u00a0\u00bbBelleza|700|||||||\u00a0\u00bb header_3_text_align=\u00a0\u00bbcenter\u00a0\u00bb header_3_text_color=\u00a0\u00bb#2b2b2b\u00a0\u00bb header_3_font_size=\u00a0\u00bb28px\u00a0\u00bb header_3_letter_spacing=\u00a0\u00bb2px\u00a0\u00bb header_3_line_height=\u00a0\u00bb2em\u00a0\u00bb header_4_font=\u00a0\u00bbBelleza|700||on|||||\u00a0\u00bb header_4_font_size=\u00a0\u00bb22px\u00a0\u00bb header_4_letter_spacing=\u00a0\u00bb2px\u00a0\u00bb min_height=\u00a0\u00bb33px\u00a0\u00bb animation_style=\u00a0\u00bbnone\u00a0\u00bb]<h4 style=\"text-align: center;\">La symbolique du lotus<\/h4>[\/et_pb_text][et_pb_image src=\u00a0\u00bbhttps:\/\/livha.org\/wp-content\/uploads\/2021\/05\/lotus_symbolique-small.jpg\u00a0\u00bb align=\u00a0\u00bbcenter\u00a0\u00bb _builder_version=\u00a0\u00bb4.9.4&Prime; _module_preset=\u00a0\u00bbdefault\u00a0\u00bb max_width=\u00a0\u00bb400px\u00a0\u00bb custom_margin=\u00a0\u00bb||33px|||\u00a0\u00bb hover_enabled=\u00a0\u00bb0&Prime; border_radii=\u00a0\u00bbon|2px|2px|2px|2px\u00a0\u00bb alt=\u00a0\u00bblotus\u00a0\u00bb sticky_enabled=\u00a0\u00bb0&Prime;][\/et_pb_image][et_pb_text _builder_version=\u00a0\u00bb4.9.4&Prime; _module_preset=\u00a0\u00bb0076d6eb-5595-4dd1-a096-31982f9ed001&Prime; text_font=\u00a0\u00bb||||||||\u00a0\u00bb custom_padding=\u00a0\u00bb10px||0px||false|false\u00a0\u00bb]<p>Symbole de puret\u00e9 absolue et de l\u2019Eveil, embl\u00e8me de l\u2019\u00e9l\u00e9vation spirituelle, le lotus a la particularit\u00e9 de prendre racine dans la vase ou la boue, sa tige baignant dans l\u2019eau tandis que sa fleur s\u2019\u00e9panouit majestueusement sur l\u2019eau. Intact face \u00e0 l\u2019impuret\u00e9, le lotus symbolise la puret\u00e9 du <strong>c\u0153ur<\/strong> et de l\u2019<strong>esprit<\/strong>.<strong>\u00a0 <\/strong><\/p>[\/et_pb_text][\/et_pb_column][\/et_pb_row][\/et_pb_section]\n\n","protected":false},"excerpt":{"rendered":"<p>Qui sommes-nous ?Le mouvement de Living Harmony s\u2019est cr\u00e9\u00e9 autour d\u2019une petite communaut\u00e9 essentiellement francophone compos\u00e9e d\u2019\u00eatres qui ont \u00e9t\u00e9 touch\u00e9s par l\u2019enseignement apport\u00e9 par Quentin. Ce mouvement a commenc\u00e9 \u00e0 prendre forme en Espagne et il s\u2019est construit \u00e0 partir de la compr\u00e9hension des enseignements apport\u00e9s qui visent \u00e0 aller vers une vie plus harmonieuse et \u00e9panouissante en apprenant \u00e0 mieux se conna\u00eetre et ainsi \u00e0 mieux conna\u00eetre ce qui nous entoure. Lorsqu\u2019un \u00eatre entreprend une d\u00e9marche de connaissance de soi, une transformation profonde peut alors s\u2019op\u00e9rer et cela peut \u00e9voluer vers des \u00e9changes, des partages, des actions qui partent davantage du c\u0153ur et qui permettent de construire une soci\u00e9t\u00e9 plus consciente. Bref historique : En 2014 Quentin a commenc\u00e9 \u00e0 proposer des rencontres en francophonie (Belgique, France et Suisse), il a ainsi touch\u00e9 beaucoup de personnes qui ont pu ressentir l\u2019appel \u00e0 d\u00e9velopper davantage leur int\u00e9riorit\u00e9. En 2015, Quentin a d\u00e9cid\u00e9 de s\u2019installer en Espagne, dans les montagnes de la Sierra Nevada, et il a ouvert la possibilit\u00e9 de le rejoindre lors de s\u00e9jours \u00e0 ceux qui souhaitaient approfondir ce qui avait \u00e9t\u00e9 re\u00e7u lors des rencontres pr\u00e9c\u00e9dentes. Cela a permis a une petite communaut\u00e9 de s\u2019installer autour [&hellip;]<\/p>\n","protected":false},"author":1,"featured_media":0,"parent":0,"menu_order":0,"comment_status":"closed","ping_status":"closed","template":"","meta":{"_et_pb_use_builder":"on","_et_pb_old_content":"","_et_gb_content_width":"","footnotes":""},"class_list":["post-228372","page","type-page","status-publish","hentry"],"_links":{"self":[{"href":"https:\/\/livha.org\/fr\/wp-json\/wp\/v2\/pages\/228372","targetHints":{"allow":["GET"]}}],"collection":[{"href":"https:\/\/livha.org\/fr\/wp-json\/wp\/v2\/pages"}],"about":[{"href":"https:\/\/livha.org\/fr\/wp-json\/wp\/v2\/types\/page"}],"author":[{"embeddable":true,"href":"https:\/\/livha.org\/fr\/wp-json\/wp\/v2\/users\/1"}],"replies":[{"embeddable":true,"href":"https:\/\/livha.org\/fr\/wp-json\/wp\/v2\/comments?post=228372"}],"version-history":[{"count":21,"href":"https:\/\/livha.org\/fr\/wp-json\/wp\/v2\/pages\/228372\/revisions"}],"predecessor-version":[{"id":233769,"href":"https:\/\/livha.org\/fr\/wp-json\/wp\/v2\/pages\/228372\/revisions\/233769"}],"wp:attachment":[{"href":"https:\/\/livha.org\/fr\/wp-json\/wp\/v2\/media?parent=228372"}],"curies":[{"name":"wp","href":"https:\/\/api.w.org\/{rel}","templated":true}]}}