{"id":235452,"date":"2022-07-30T18:49:49","date_gmt":"2022-07-30T16:49:49","guid":{"rendered":"https:\/\/livha.org\/?page_id=235452"},"modified":"2022-07-30T19:08:10","modified_gmt":"2022-07-30T17:08:10","slug":"rencontre-par-internet-19au21-aout-2022","status":"publish","type":"page","link":"https:\/\/livha.org\/fr\/rencontre-par-internet-19au21-aout-2022\/","title":{"rendered":"Rencontre par Internet &#8211; 19 au 21 ao\u00fbt 2022 &#8211;"},"content":{"rendered":"<p>[et_pb_section fb_built=\u00a0\u00bb1&Prime; _builder_version=\u00a0\u00bb4.16&Prime; _module_preset=\u00a0\u00bbdefault\u00a0\u00bb custom_padding=\u00a0\u00bb41px||89px|||\u00a0\u00bb top_divider_style=\u00a0\u00bbwave2&Prime; top_divider_color=\u00a0\u00bbrgba(127,203,219,0.3)\u00a0\u00bb top_divider_height=\u00a0\u00bb40px\u00a0\u00bb top_divider_flip=\u00a0\u00bbhorizontal|vertical\u00a0\u00bb bottom_divider_style=\u00a0\u00bbwave2&Prime; bottom_divider_color=\u00a0\u00bbrgba(127,203,219,0.3)\u00a0\u00bb bottom_divider_height=\u00a0\u00bb40px\u00a0\u00bb bottom_divider_flip=\u00a0\u00bbhorizontal\u00a0\u00bb global_colors_info=\u00a0\u00bb{}\u00a0\u00bb][et_pb_row _builder_version=\u00a0\u00bb4.16&Prime; _module_preset=\u00a0\u00bbdefault\u00a0\u00bb max_width=\u00a0\u00bb940px\u00a0\u00bb global_colors_info=\u00a0\u00bb{}\u00a0\u00bb][et_pb_column type=\u00a0\u00bb4_4&Prime; _builder_version=\u00a0\u00bb4.16&Prime; _module_preset=\u00a0\u00bbdefault\u00a0\u00bb global_colors_info=\u00a0\u00bb{}\u00a0\u00bb][et_pb_image src=\u00a0\u00bbhttps:\/\/livha.org\/wp-content\/uploads\/2021\/09\/vignette-presentation-rencontre-NEW-3.png\u00a0\u00bb alt=\u00a0\u00bbcercle de lumi\u00e8re\u00a0\u00bb title_text=\u00a0\u00bbvignette presentation rencontre &#8211; NEW &#8211; 3&Prime; _builder_version=\u00a0\u00bb4.16&Prime; _module_preset=\u00a0\u00bbdefault\u00a0\u00bb width=\u00a0\u00bb70%\u00a0\u00bb width_tablet=\u00a0\u00bb70%\u00a0\u00bb width_phone=\u00a0\u00bb100%\u00a0\u00bb width_last_edited=\u00a0\u00bbon|phone\u00a0\u00bb module_alignment=\u00a0\u00bbcenter\u00a0\u00bb border_radii=\u00a0\u00bbon|2px|2px|2px|2px\u00a0\u00bb box_shadow_style=\u00a0\u00bbpreset2&Prime; global_colors_info=\u00a0\u00bb{}\u00a0\u00bb][\/et_pb_image][\/et_pb_column][\/et_pb_row][et_pb_row _builder_version=\u00a0\u00bb4.16&Prime; _module_preset=\u00a0\u00bbdefault\u00a0\u00bb max_width=\u00a0\u00bb940px\u00a0\u00bb custom_padding=\u00a0\u00bb||10px|||\u00a0\u00bb global_colors_info=\u00a0\u00bb{}\u00a0\u00bb][et_pb_column type=\u00a0\u00bb4_4&Prime; _builder_version=\u00a0\u00bb4.16&Prime; _module_preset=\u00a0\u00bbdefault\u00a0\u00bb global_colors_info=\u00a0\u00bb{}\u00a0\u00bb][et_pb_text _builder_version=\u00a0\u00bb4.17.3&Prime; text_font=\u00a0\u00bbPoppins||||||||\u00a0\u00bb link_font=\u00a0\u00bbChivo||||||||\u00a0\u00bb header_font=\u00a0\u00bb||||||||\u00a0\u00bb header_3_font=\u00a0\u00bbBelleza|700||on|||||\u00a0\u00bb header_3_text_align=\u00a0\u00bbcenter\u00a0\u00bb header_3_text_color=\u00a0\u00bb#2b2b2b\u00a0\u00bb header_3_font_size=\u00a0\u00bb26px\u00a0\u00bb header_3_letter_spacing=\u00a0\u00bb2px\u00a0\u00bb header_3_line_height=\u00a0\u00bb2em\u00a0\u00bb min_height=\u00a0\u00bb33px\u00a0\u00bb custom_margin=\u00a0\u00bb-25px||5px||false|false\u00a0\u00bb custom_padding=\u00a0\u00bb||0px|||\u00a0\u00bb animation_style=\u00a0\u00bbnone\u00a0\u00bb header_font_size_tablet=\u00a0\u00bb25px\u00a0\u00bb header_font_size_phone=\u00a0\u00bb\u00a0\u00bb header_font_size_last_edited=\u00a0\u00bbon|phone\u00a0\u00bb header_3_font_size_tablet=\u00a0\u00bb24px\u00a0\u00bb header_3_font_size_phone=\u00a0\u00bb22px\u00a0\u00bb header_3_font_size_last_edited=\u00a0\u00bbon|desktop\u00a0\u00bb global_colors_info=\u00a0\u00bb{}\u00a0\u00bb]<\/p>\n<h3>rencontre par internet \u2013 19 au 21 ao\u00fbt 2022<\/h3>\n<p>[\/et_pb_text][et_pb_text _builder_version=\u00a0\u00bb4.16&Prime; _module_preset=\u00a0\u00bbdefault\u00a0\u00bb text_font_size=\u00a0\u00bb16px\u00a0\u00bb global_colors_info=\u00a0\u00bb{}\u00a0\u00bb]<\/p>\n<p style=\"text-align: center;\"><strong>Vous trouverez sur cette page les d\u00e9tails concernant la rencontre que vous pourrez suivre par internet depuis votre ordinateur, tablette ou smartphone. La rencontre aura lieu en direct du 19 au 21 ao\u00fbt 2022.<\/strong><\/p>\n<p style=\"text-align: center;\"><strong>En bas de la page se situe le lien pour vous inscrire.<\/strong><\/p>\n<p>[\/et_pb_text][et_pb_text _builder_version=\u00a0\u00bb4.16&Prime; _module_preset=\u00a0\u00bb0076d6eb-5595-4dd1-a096-31982f9ed001&Prime; text_font=\u00a0\u00bb||||||||\u00a0\u00bb inline_fonts=\u00a0\u00bbAbhaya Libre\u00a0\u00bb global_colors_info=\u00a0\u00bb{}\u00a0\u00bb]<\/p>\n<p>Chers \u00eatres du coeur,<\/p>\n<p>Tout d&rsquo;abord je souhaite que vous vous sentiez bien en votre \u00eatre, en votre c\u0153ur.<\/p>\n<p>Ensuite, c&rsquo;est avec beaucoup de joie que je vous propose une nouvelle rencontre qui sera organis\u00e9e enti\u00e8rement en ligne directement depuis le centre de retraite en Espagne, le weekend du 19 ao\u00fbt soir au 21 ao\u00fbt.<\/p>\n<p>Ce sera deux jours entiers plus une soir\u00e9e, enti\u00e8rement dans les \u00e9nergies de ce lieu, o\u00f9 je vous propose de descendre au plus profond de votre \u00eatre et de vous y retrouver dans ce que vous \u00eates vraiment, immerg\u00e9s dans la pr\u00e9sence.<\/p>\n<p>Comme vous le savez, l&rsquo;essentiel de ce que je vous partage ne se trouve pas dans les mots, mais dans les vibrations de l&rsquo;espace au c\u0153ur duquel naissent ces mots. Je vous propose de reconna\u00eetre directement cet espace au c\u0153ur de vous-m\u00eame.<\/p>\n<p>Un espace qui se trouve en dehors de cet \u00ab\u00a0espace d&rsquo;incarnation\u00a0\u00bb, mais qui maintenant commence \u00e0 prendre des notes, des saveurs et des couleurs nouvelles dans cette \u00e8re qui arrive, et qui peut directement \u00eatre touch\u00e9 et go\u00fbt\u00e9 depuis cette incarnation.<\/p>\n<p>Si ces mots r\u00e9sonnent en votre \u00eatre et en votre \u00e2me, et si vous vous ressentez appel\u00e9 \u00e0 vivre ensemble en communion cette rencontre depuis le centre \u00e0 Tijola, <strong>vous pouvez vous inscrire via les diff\u00e9rents liens en bas de cette page<\/strong>.<\/p>\n<p><em>Pour rappel, tous les fonds sont vers\u00e9s \u00e0 l\u2019association sans but lucratif LIVHA afin de soutenir et d\u00e9velopper ses activit\u00e9s tels que la diffusion de ces enseignements et d\u2019autres projets d\u2019harmonie et de rassemblement tel que l\u2019acquisition d\u2019une terre d\u2019accueil et la cr\u00e9ation d\u2019un \u00e9co-village au Portugal.<\/em>\u00a0<\/p>\n<p>En communion du c\u0153ur,<br \/>Quentin<\/p>\n<p>[\/et_pb_text][et_pb_text _builder_version=\u00a0\u00bb4.16&Prime; _module_preset=\u00a0\u00bb0076d6eb-5595-4dd1-a096-31982f9ed001&Prime; text_font=\u00a0\u00bb||||||||\u00a0\u00bb inline_fonts=\u00a0\u00bbAbhaya Libre\u00a0\u00bb global_colors_info=\u00a0\u00bb{}\u00a0\u00bb]<\/p>\n<p><strong>Horaires de la rencontre :<\/strong><\/p>\n<p>Tous les horaires sont indiqu\u00e9s \u00e0 l\u2019heure fran\u00e7aise.<\/p>\n<ul>\n<li>Vendredi 19 ao\u00fbt soir : 20h30 \u00e0 21h45<\/li>\n<li>Samedi 20 ao\u00fbt matin : 9h30 \u00e0 12:15 (pause incluse) \u2014 Samedi apr\u00e8s-midi : 15h45 \u00e0 18h30 (pause incluse)<\/li>\n<li>Dimanche 21 ao\u00fbt matin : 9h30 \u00e0 12:15 (pause incluse) \u2014 Dimanche apr\u00e8s-midi : 15h45 \u00e0 18h30 (pause incluse)<\/li>\n<\/ul>\n<p><strong>Vous aurez acc\u00e8s\u00a0\u00e0 la rediffusion vid\u00e9o peu apr\u00e8s chaque partage<\/strong>, <strong>et vous conserverez l&rsquo;acc\u00e8s apr\u00e8s l\u2019\u00e9v\u00e8nement. <\/strong>Vous pouvez donc visionner en d\u00e9cal\u00e9 un partage.<\/p>\n<p><strong>Vous aurez acc\u00e8s \u00e0 l\u2019enregistrement audio\u00a0de toutes les\u00a0sessions<\/strong>, une fois l\u2019\u00e9v\u00e8nement termin\u00e9.<\/p>\n<p><strong>Comment acc\u00e9der \u00e0 l\u2019\u00e9v\u00e8nement ?<\/strong><span>\u00a0<\/span>Une fois votre inscription compl\u00e9t\u00e9e, vous recevrez par email peu avant l\u2019\u00e9v\u00e8nement\u00a0le lien d\u2019acc\u00e8s pour y assister. Pour assister au direct, vous pouvez utiliser id\u00e9alement un ordinateur ou une tablette, cependant un t\u00e9l\u00e9phone\u00a0avec connexion internet peut \u00e9galement fonctionner. Le logiciel Zoom est requis pour acc\u00e9der \u00e0 la diffusion en direct (Liens de t\u00e9l\u00e9chargement de zoom : version<span>\u00a0<\/span><a href=\"https:\/\/zoom.us\/download\" rel=\"noopener\" target=\"_blank\">windows<\/a>, version<span>\u00a0<\/span><a href=\"https:\/\/play.google.com\/store\/apps\/details?id=us.zoom.videomeetings\" rel=\"noopener\" target=\"_blank\">android<\/a>, version<span>\u00a0<\/span><a href=\"https:\/\/itunes.apple.com\/us\/app\/id546505307\" rel=\"noopener\" target=\"_blank\">iphone\/ipad<\/a>\u00a0)<\/p>\n<p>&nbsp;<\/p>\n<p>[\/et_pb_text][\/et_pb_column][\/et_pb_row][et_pb_row column_structure=\u00a0\u00bb1_3,1_3,1_3&Prime; use_custom_gutter=\u00a0\u00bbon\u00a0\u00bb gutter_width=\u00a0\u00bb2&Prime; _builder_version=\u00a0\u00bb4.16&Prime; _module_preset=\u00a0\u00bbdefault\u00a0\u00bb width=\u00a0\u00bb90%\u00a0\u00bb max_width=\u00a0\u00bb1200px\u00a0\u00bb custom_padding=\u00a0\u00bb27px||10px|||\u00a0\u00bb global_colors_info=\u00a0\u00bb{}\u00a0\u00bb][et_pb_column type=\u00a0\u00bb1_3&Prime; _builder_version=\u00a0\u00bb4.16&Prime; _module_preset=\u00a0\u00bbdefault\u00a0\u00bb global_colors_info=\u00a0\u00bb{}\u00a0\u00bb][et_pb_cta title=\u00a0\u00bbParticipation normale\u00a0\u00bb button_url=\u00a0\u00bbhttps:\/\/my.livha.org\/fr\/produit\/rencontre-par-internet-du-19-au-21-aout-2022-participation-normale\/\u00a0\u00bb button_text=\u00a0\u00bbParticipation normale : 140\u20ac (+tva)\u00a0\u00bb _builder_version=\u00a0\u00bb4.17.3&Prime; _module_preset=\u00a0\u00bbdefault\u00a0\u00bb header_font=\u00a0\u00bbBelleza||||||||\u00a0\u00bb header_text_color=\u00a0\u00bb#12487a\u00a0\u00bb body_text_color=\u00a0\u00bb#494949&Prime; body_font_size=\u00a0\u00bb15px\u00a0\u00bb background_color=\u00a0\u00bbRGBA(0,0,0,0)\u00a0\u00bb use_background_color_gradient=\u00a0\u00bbon\u00a0\u00bb background_color_gradient_stops=\u00a0\u00bbrgba(255,255,255,0.58) 0%|#cee2e8 100%\u00a0\u00bb background_color_gradient_start=\u00a0\u00bbrgba(255,255,255,0.58)\u00a0\u00bb background_color_gradient_end=\u00a0\u00bb#cee2e8&Prime; custom_button=\u00a0\u00bbon\u00a0\u00bb button_text_size=\u00a0\u00bb15px\u00a0\u00bb button_text_color=\u00a0\u00bb#fff5e8&Prime; button_bg_use_color_gradient=\u00a0\u00bbon\u00a0\u00bb button_bg_color_gradient_stops=\u00a0\u00bb#dcb253 0%|#db9900 100%\u00a0\u00bb button_bg_color_gradient_start=\u00a0\u00bb#dcb253&Prime; button_bg_color_gradient_end=\u00a0\u00bb#db9900&Prime; button_border_width=\u00a0\u00bb0px\u00a0\u00bb button_letter_spacing=\u00a0\u00bb2px\u00a0\u00bb button_font=\u00a0\u00bbBelleza|700||on|||||\u00a0\u00bb button_use_icon=\u00a0\u00bboff\u00a0\u00bb button_alignment=\u00a0\u00bbcenter\u00a0\u00bb button_custom_padding=\u00a0\u00bb6px|15px|6px|15px|false|false\u00a0\u00bb button_alignment_tablet=\u00a0\u00bb\u00a0\u00bb button_alignment_phone=\u00a0\u00bbcenter\u00a0\u00bb button_alignment_last_edited=\u00a0\u00bbon|phone\u00a0\u00bb border_radii=\u00a0\u00bbon|21px|21px|21px|21px\u00a0\u00bb border_width_all=\u00a0\u00bb1px\u00a0\u00bb border_color_all=\u00a0\u00bbrgba(138,211,247,0.46)\u00a0\u00bb button_text_shadow_style=\u00a0\u00bbpreset3&Prime; box_shadow_style=\u00a0\u00bbpreset1&Prime; box_shadow_style_button=\u00a0\u00bbpreset1&Prime; global_colors_info=\u00a0\u00bb{}\u00a0\u00bb button_bg_color__hover_enabled=\u00a0\u00bbon|hover\u00a0\u00bb]<\/p>\n<p>Lien pour montant \u00ab\u00a0participation normale\u00a0\u00bb. Vous aurez besoin de vous connecter \u00e0 votre compte mylivha (ou en cr\u00e9er un gratuitement) pour effectuer le paiement. En cas de difficult\u00e9, n&rsquo;h\u00e9sitez pas \u00e0 nous contacter.<\/p>\n<p>[\/et_pb_cta][\/et_pb_column][et_pb_column type=\u00a0\u00bb1_3&Prime; _builder_version=\u00a0\u00bb4.16&Prime; _module_preset=\u00a0\u00bbdefault\u00a0\u00bb global_colors_info=\u00a0\u00bb{}\u00a0\u00bb][et_pb_cta title=\u00a0\u00bbParticipation bienfaiteur\u00a0\u00bb button_url=\u00a0\u00bbhttps:\/\/my.livha.org\/fr\/produit\/rencontre-par-internet-du-19-au-21-aout-2022-participation-bienfaiteur\/\u00a0\u00bb button_text=\u00a0\u00bbParticipation Bienfaiteur : 180\u20ac ou + (+tva)\u00a0\u00bb _builder_version=\u00a0\u00bb4.17.3&Prime; _module_preset=\u00a0\u00bbdefault\u00a0\u00bb header_font=\u00a0\u00bbBelleza||||||||\u00a0\u00bb header_text_color=\u00a0\u00bb#12487a\u00a0\u00bb body_text_color=\u00a0\u00bb#494949&Prime; body_font_size=\u00a0\u00bb15px\u00a0\u00bb background_color=\u00a0\u00bbRGBA(0,0,0,0)\u00a0\u00bb use_background_color_gradient=\u00a0\u00bbon\u00a0\u00bb background_color_gradient_stops=\u00a0\u00bbrgba(255,255,255,0.58) 0%|#cee2e8 100%\u00a0\u00bb background_color_gradient_start=\u00a0\u00bbrgba(255,255,255,0.58)\u00a0\u00bb background_color_gradient_end=\u00a0\u00bb#cee2e8&Prime; custom_button=\u00a0\u00bbon\u00a0\u00bb button_text_size=\u00a0\u00bb15px\u00a0\u00bb button_text_color=\u00a0\u00bb#fff5e8&Prime; button_bg_use_color_gradient=\u00a0\u00bbon\u00a0\u00bb button_bg_color_gradient_stops=\u00a0\u00bb#dcb253 0%|#db9900 100%\u00a0\u00bb button_bg_color_gradient_start=\u00a0\u00bb#dcb253&Prime; button_bg_color_gradient_end=\u00a0\u00bb#db9900&Prime; button_border_width=\u00a0\u00bb0px\u00a0\u00bb button_letter_spacing=\u00a0\u00bb2px\u00a0\u00bb button_font=\u00a0\u00bbBelleza|700||on|||||\u00a0\u00bb button_use_icon=\u00a0\u00bboff\u00a0\u00bb button_alignment=\u00a0\u00bbcenter\u00a0\u00bb button_custom_padding=\u00a0\u00bb6px|15px|6px|15px|false|false\u00a0\u00bb button_alignment_tablet=\u00a0\u00bb\u00a0\u00bb button_alignment_phone=\u00a0\u00bbcenter\u00a0\u00bb button_alignment_last_edited=\u00a0\u00bbon|phone\u00a0\u00bb border_radii=\u00a0\u00bbon|21px|21px|21px|21px\u00a0\u00bb border_width_all=\u00a0\u00bb1px\u00a0\u00bb border_color_all=\u00a0\u00bbrgba(138,211,247,0.46)\u00a0\u00bb button_text_shadow_style=\u00a0\u00bbpreset3&Prime; box_shadow_style=\u00a0\u00bbpreset1&Prime; box_shadow_style_button=\u00a0\u00bbpreset1&Prime; global_colors_info=\u00a0\u00bb{}\u00a0\u00bb button_bg_color__hover_enabled=\u00a0\u00bbon|hover\u00a0\u00bb]<\/p>\n<p>Lien pour montant \u00ab\u00a0participation bienfaiteur\u00a0\u00bb. Vous aurez besoin de vous connecter \u00e0 votre compte mylivha (ou en cr\u00e9er un gratuitement) pour effectuer le paiement. En cas de difficult\u00e9, n&rsquo;h\u00e9sitez pas \u00e0 nous contacter.<\/p>\n<p>[\/et_pb_cta][\/et_pb_column][et_pb_column type=\u00a0\u00bb1_3&Prime; _builder_version=\u00a0\u00bb4.16&Prime; _module_preset=\u00a0\u00bbdefault\u00a0\u00bb global_colors_info=\u00a0\u00bb{}\u00a0\u00bb][et_pb_cta title=\u00a0\u00bbParticipation en cas de difficult\u00e9 financi\u00e8re\u00a0\u00bb button_url=\u00a0\u00bbhttps:\/\/my.livha.org\/fr\/produit\/rencontre-par-internet-du-19-au-21-aout-2022-participation-diff-financiere\/\u00a0\u00bb button_text=\u00a0\u00bbParticipation diff. finan. : 100\u20ac (+tva)\u00a0\u00bb _builder_version=\u00a0\u00bb4.17.3&Prime; _module_preset=\u00a0\u00bbdefault\u00a0\u00bb header_font=\u00a0\u00bbBelleza||||||||\u00a0\u00bb header_text_color=\u00a0\u00bb#12487a\u00a0\u00bb body_text_color=\u00a0\u00bb#494949&Prime; body_font_size=\u00a0\u00bb15px\u00a0\u00bb background_color=\u00a0\u00bbRGBA(0,0,0,0)\u00a0\u00bb use_background_color_gradient=\u00a0\u00bbon\u00a0\u00bb background_color_gradient_stops=\u00a0\u00bbrgba(255,255,255,0.58) 0%|#cee2e8 100%\u00a0\u00bb background_color_gradient_start=\u00a0\u00bbrgba(255,255,255,0.58)\u00a0\u00bb background_color_gradient_end=\u00a0\u00bb#cee2e8&Prime; custom_button=\u00a0\u00bbon\u00a0\u00bb button_text_size=\u00a0\u00bb15px\u00a0\u00bb button_text_color=\u00a0\u00bb#fff5e8&Prime; button_bg_use_color_gradient=\u00a0\u00bbon\u00a0\u00bb button_bg_color_gradient_stops=\u00a0\u00bb#dcb253 0%|#db9900 100%\u00a0\u00bb button_bg_color_gradient_start=\u00a0\u00bb#dcb253&Prime; button_bg_color_gradient_end=\u00a0\u00bb#db9900&Prime; button_border_width=\u00a0\u00bb0px\u00a0\u00bb button_letter_spacing=\u00a0\u00bb2px\u00a0\u00bb button_font=\u00a0\u00bbBelleza|700||on|||||\u00a0\u00bb button_use_icon=\u00a0\u00bboff\u00a0\u00bb button_alignment=\u00a0\u00bbcenter\u00a0\u00bb button_custom_padding=\u00a0\u00bb6px|15px|6px|15px|false|false\u00a0\u00bb button_alignment_tablet=\u00a0\u00bb\u00a0\u00bb button_alignment_phone=\u00a0\u00bbcenter\u00a0\u00bb button_alignment_last_edited=\u00a0\u00bbon|phone\u00a0\u00bb border_radii=\u00a0\u00bbon|21px|21px|21px|21px\u00a0\u00bb border_width_all=\u00a0\u00bb1px\u00a0\u00bb border_color_all=\u00a0\u00bbrgba(138,211,247,0.46)\u00a0\u00bb button_text_shadow_style=\u00a0\u00bbpreset3&Prime; box_shadow_style=\u00a0\u00bbpreset1&Prime; box_shadow_style_button=\u00a0\u00bbpreset1&Prime; global_colors_info=\u00a0\u00bb{}\u00a0\u00bb button_bg_color__hover_enabled=\u00a0\u00bbon|hover\u00a0\u00bb]<\/p>\n<p>Lien pour montant \u00ab\u00a0participation en cas de difficult\u00e9 financi\u00e8re\u00a0\u00bb. Vous aurez besoin de vous connecter \u00e0 votre compte mylivha (ou en cr\u00e9er un gratuitement) pour effectuer le paiement. En cas de difficult\u00e9, n&rsquo;h\u00e9sitez pas \u00e0 nous contacter.<\/p>\n<p>[\/et_pb_cta][\/et_pb_column][\/et_pb_row][et_pb_row use_custom_gutter=\u00a0\u00bbon\u00a0\u00bb gutter_width=\u00a0\u00bb2&Prime; _builder_version=\u00a0\u00bb4.16&Prime; _module_preset=\u00a0\u00bbdefault\u00a0\u00bb width=\u00a0\u00bb90%\u00a0\u00bb max_width=\u00a0\u00bb1200px\u00a0\u00bb global_colors_info=\u00a0\u00bb{}\u00a0\u00bb][et_pb_column type=\u00a0\u00bb4_4&Prime; _builder_version=\u00a0\u00bb4.16&Prime; _module_preset=\u00a0\u00bbdefault\u00a0\u00bb global_colors_info=\u00a0\u00bb{}\u00a0\u00bb][et_pb_text _builder_version=\u00a0\u00bb4.16&Prime; _module_preset=\u00a0\u00bbdefault\u00a0\u00bb text_font_size=\u00a0\u00bb15px\u00a0\u00bb global_colors_info=\u00a0\u00bb{}\u00a0\u00bb]<\/p>\n<p style=\"text-align: justify;\"><em><strong>Informations concernant les aspects m\u00e9dicaux (sant\u00e9 mentale et physique) :<\/strong><\/em><\/p>\n<p style=\"text-align: justify;\"><em>En m&rsquo;inscrivant, j&rsquo;indique avoir pris connaissance des recommandations concernant les aspects m\u00e9dicaux (sant\u00e9 mentale et physique). Cet \u00e9v\u00e8nement int\u00e8gre des pratiques favorisant des introspections (via par exemple la m\u00e9ditation), et entrainant parfois des remises en question. Ce type de pratiques n&rsquo;est pas forc\u00e9ment adapt\u00e9 \u00e0 tous, celles-ci pouvant d\u00e9boucher sur la r\u00e9v\u00e9lation de couches psychiques parfois jusque-l\u00e0 insconscientes en l&rsquo;\u00eatre, processus pouvant dans certains cas \u00eatre exp\u00e9riment\u00e9 de mani\u00e8re intense ou inconfortable. Ces pratiques ne remplacent pas une th\u00e9rapie, et dans le cas o\u00f9 vous auriez connu des difficult\u00e9s d&rsquo;ordre psychique par le pass\u00e9, nous vous invitons \u00e0 v\u00e9rifier aupr\u00e8s de votre m\u00e9decin ou d&rsquo;un sp\u00e9cialiste que ce type de d\u00e9marche est adapt\u00e9 \u00e0 votre situation.<\/em><\/p>\n<p>[\/et_pb_text][\/et_pb_column][\/et_pb_row][\/et_pb_section]<\/p>\n","protected":false},"excerpt":{"rendered":"<p>rencontre par internet \u2013 19 au 21 ao\u00fbt 2022Vous trouverez sur cette page les d\u00e9tails concernant la rencontre que vous pourrez suivre par internet depuis votre ordinateur, tablette ou smartphone. La rencontre aura lieu en direct du 19 au 21 ao\u00fbt 2022. En bas de la page se situe le lien pour vous inscrire.Chers \u00eatres du coeur, Tout d&rsquo;abord je souhaite que vous vous sentiez bien en votre \u00eatre, en votre c\u0153ur. Ensuite, c&rsquo;est avec beaucoup de joie que je vous propose une nouvelle rencontre qui sera organis\u00e9e enti\u00e8rement en ligne directement depuis le centre de retraite en Espagne, le weekend du 19 ao\u00fbt soir au 21 ao\u00fbt. Ce sera deux jours entiers plus une soir\u00e9e, enti\u00e8rement dans les \u00e9nergies de ce lieu, o\u00f9 je vous propose de descendre au plus profond de votre \u00eatre et de vous y retrouver dans ce que vous \u00eates vraiment, immerg\u00e9s dans la pr\u00e9sence. Comme vous le savez, l&rsquo;essentiel de ce que je vous partage ne se trouve pas dans les mots, mais dans les vibrations de l&rsquo;espace au c\u0153ur duquel naissent ces mots. Je vous propose de reconna\u00eetre directement cet espace au c\u0153ur de vous-m\u00eame. Un espace qui se trouve en dehors de [&hellip;]<\/p>\n","protected":false},"author":1,"featured_media":0,"parent":0,"menu_order":0,"comment_status":"closed","ping_status":"closed","template":"","meta":{"_et_pb_use_builder":"on","_et_pb_old_content":"","_et_gb_content_width":"","footnotes":""},"class_list":["post-235452","page","type-page","status-publish","hentry"],"_links":{"self":[{"href":"https:\/\/livha.org\/fr\/wp-json\/wp\/v2\/pages\/235452","targetHints":{"allow":["GET"]}}],"collection":[{"href":"https:\/\/livha.org\/fr\/wp-json\/wp\/v2\/pages"}],"about":[{"href":"https:\/\/livha.org\/fr\/wp-json\/wp\/v2\/types\/page"}],"author":[{"embeddable":true,"href":"https:\/\/livha.org\/fr\/wp-json\/wp\/v2\/users\/1"}],"replies":[{"embeddable":true,"href":"https:\/\/livha.org\/fr\/wp-json\/wp\/v2\/comments?post=235452"}],"version-history":[{"count":2,"href":"https:\/\/livha.org\/fr\/wp-json\/wp\/v2\/pages\/235452\/revisions"}],"predecessor-version":[{"id":235456,"href":"https:\/\/livha.org\/fr\/wp-json\/wp\/v2\/pages\/235452\/revisions\/235456"}],"wp:attachment":[{"href":"https:\/\/livha.org\/fr\/wp-json\/wp\/v2\/media?parent=235452"}],"curies":[{"name":"wp","href":"https:\/\/api.w.org\/{rel}","templated":true}]}}