{"id":235787,"date":"2023-02-23T13:19:01","date_gmt":"2023-02-23T12:19:01","guid":{"rendered":"https:\/\/livha.org\/?page_id=235787"},"modified":"2023-03-21T16:24:41","modified_gmt":"2023-03-21T15:24:41","slug":"retraite-avec-quentin-du-26-juin-au-3-juillet-2023","status":"publish","type":"page","link":"https:\/\/livha.org\/fr\/retraite-avec-quentin-du-26-juin-au-3-juillet-2023\/","title":{"rendered":"Retraite avec Quentin &#8211; du 26 juin au 3 juillet 2023"},"content":{"rendered":"<p>[et_pb_section fb_built=\u00a0\u00bb1&Prime; _builder_version=\u00a0\u00bb4.16&Prime; _module_preset=\u00a0\u00bbdefault\u00a0\u00bb custom_padding=\u00a0\u00bb41px|||||\u00a0\u00bb top_divider_style=\u00a0\u00bbwave2&Prime; top_divider_color=\u00a0\u00bbrgba(127,203,219,0.3)\u00a0\u00bb top_divider_height=\u00a0\u00bb40px\u00a0\u00bb top_divider_flip=\u00a0\u00bbhorizontal|vertical\u00a0\u00bb bottom_divider_style=\u00a0\u00bbwave2&Prime; bottom_divider_color=\u00a0\u00bbrgba(127,203,219,0.3)\u00a0\u00bb bottom_divider_height=\u00a0\u00bb40px\u00a0\u00bb bottom_divider_flip=\u00a0\u00bbhorizontal\u00a0\u00bb global_colors_info=\u00a0\u00bb{}\u00a0\u00bb][et_pb_row _builder_version=\u00a0\u00bb4.16&Prime; _module_preset=\u00a0\u00bbdefault\u00a0\u00bb max_width=\u00a0\u00bb940px\u00a0\u00bb custom_padding=\u00a0\u00bb||10px|||\u00a0\u00bb global_colors_info=\u00a0\u00bb{}\u00a0\u00bb][et_pb_column type=\u00a0\u00bb4_4&Prime; _builder_version=\u00a0\u00bb4.16&Prime; _module_preset=\u00a0\u00bbdefault\u00a0\u00bb global_colors_info=\u00a0\u00bb{}\u00a0\u00bb][et_pb_text _builder_version=\u00a0\u00bb4.16&Prime; text_font=\u00a0\u00bbPoppins||||||||\u00a0\u00bb link_font=\u00a0\u00bbChivo||||||||\u00a0\u00bb header_font=\u00a0\u00bb||||||||\u00a0\u00bb header_3_font=\u00a0\u00bbBelleza|700||on|||||\u00a0\u00bb header_3_text_align=\u00a0\u00bbcenter\u00a0\u00bb header_3_text_color=\u00a0\u00bb#2b2b2b\u00a0\u00bb header_3_font_size=\u00a0\u00bb26px\u00a0\u00bb header_3_letter_spacing=\u00a0\u00bb2px\u00a0\u00bb header_3_line_height=\u00a0\u00bb2em\u00a0\u00bb min_height=\u00a0\u00bb33px\u00a0\u00bb custom_margin=\u00a0\u00bb-25px||5px||false|false\u00a0\u00bb custom_padding=\u00a0\u00bb||0px|||\u00a0\u00bb animation_style=\u00a0\u00bbnone\u00a0\u00bb header_font_size_tablet=\u00a0\u00bb25px\u00a0\u00bb header_font_size_phone=\u00a0\u00bb\u00a0\u00bb header_font_size_last_edited=\u00a0\u00bbon|phone\u00a0\u00bb header_3_font_size_tablet=\u00a0\u00bb24px\u00a0\u00bb header_3_font_size_phone=\u00a0\u00bb22px\u00a0\u00bb header_3_font_size_last_edited=\u00a0\u00bbon|desktop\u00a0\u00bb global_colors_info=\u00a0\u00bb{}\u00a0\u00bb]<\/p>\n<h3>Grande retraite en silence avec Quentin disneur\u00a0<\/h3>\n<h3>&#8211; du 26 juin au 3 juillet 2023 &#8211;<\/h3>\n<p>[\/et_pb_text][et_pb_text _builder_version=\u00a0\u00bb4.16&Prime; _module_preset=\u00a0\u00bb0076d6eb-5595-4dd1-a096-31982f9ed001&Prime; text_font=\u00a0\u00bb||||||||\u00a0\u00bb global_colors_info=\u00a0\u00bb{}\u00a0\u00bb]<\/p>\n<p>Bonjour \u00e0 tous,<\/p>\n<p>C&rsquo;est avec joie que nous vous proposons de vivre ensemble une retraite en pr\u00e9sentiel pr\u00e8s de Toulouse, au domaine de Milhas, du lundi 26 juin au lundi 3 juillet. Vous trouverez tous les d\u00e9tails concernant cet \u00e9v\u00e9nement ci-dessous et les informations concernant l&rsquo;<strong>inscription en bas de cette page<\/strong>.\u00a0\u00a0<\/p>\n<p>[\/et_pb_text][et_pb_video src=\u00a0\u00bbhttps:\/\/vimeo.com\/807220617\/5b2a1aa2f5&Prime; play_icon_color=\u00a0\u00bb#a8e0e0&Prime; _builder_version=\u00a0\u00bb4.20.2&Prime; _module_preset=\u00a0\u00bbdefault\u00a0\u00bb global_colors_info=\u00a0\u00bb{}\u00a0\u00bb][\/et_pb_video][et_pb_text _builder_version=\u00a0\u00bb4.20.2&Prime; _module_preset=\u00a0\u00bb0076d6eb-5595-4dd1-a096-31982f9ed001&Prime; text_font=\u00a0\u00bb||||||||\u00a0\u00bb global_colors_info=\u00a0\u00bb{}\u00a0\u00bb]<\/p>\n<p><span style=\"font-size: x-large;\"><strong>Quelques mots de Quentin \u00e0 propos de cette retraite<\/strong><\/span><\/p>\n<p><em>Salutation \u00e0 chaque Un,<\/em><\/p>\n<p><em>Je salue la Lumi\u00e8re que tu es.<\/em><\/p>\n<p><em>C&rsquo;est avec une grande joie que je viens aujourd&rsquo;hui t&rsquo;annoncer que nous avons d\u00e9cid\u00e9 d&rsquo;organiser une grande retraite en Silence en France, durant une semaine. Elle se d\u00e9roulera dans un \u00e9crin de verdure du sud ouest, propice \u00e0 la contemplation, la m\u00e9ditation et aux retrouvailles int\u00e9rieures.<\/em><\/p>\n<p><em>Comme de nombreux \u00eatres qui me suivent peuvent en t\u00e9moigner, ce genre de retraite est un moment unique, profond\u00e9ment vivant et hors du temps, dans lequel tout est mis en place (d&rsquo;abord vibratoirement) pour que tu puisses te retrouver dans ce que tu es vraiment, dans l&rsquo;essentiel, et laisser cela \u00e9clore au fond de toi et prendre toute la place en le corps.<\/em><\/p>\n<p><em>Bien plus que des mots qui peuvent t&rsquo;\u00eatre partag\u00e9s, il s&rsquo;agit d&rsquo;une exp\u00e9rience profond\u00e9ment transformatrice et r\u00e9g\u00e9n\u00e9rante, qui pourrait \u00e9ventuellement, si ton \u00e2me appelle, produire un avant et apr\u00e8s sur ton chemin de vie.<\/em><\/p>\n<p><em>Tout sera l\u00e0 pour t&rsquo;accompagner en ce sens si tu le souhaites.<\/em><\/p>\n<p><em>Si cela r\u00e9sonne en ton \u00eatre et que tu te sens appel\u00e9 \u00e0 vivre ensemble ce mouvement de coeur et de lumi\u00e8re, je t&rsquo;invite \u00e0 regarder la vid\u00e9o ci-dessus qui te pr\u00e9sente cette retraite \u00e0 venir.<\/em><\/p>\n<p><em>Merci pour ce que tu Es.<\/em><\/p>\n<p><em>En communion,<\/em><br \/><em>Quentin<\/em><\/p>\n<p>&nbsp;<\/p>\n<p>[\/et_pb_text][et_pb_text _builder_version=\u00a0\u00bb4.16&Prime; _module_preset=\u00a0\u00bb0076d6eb-5595-4dd1-a096-31982f9ed001&Prime; text_font=\u00a0\u00bb||||||||\u00a0\u00bb global_colors_info=\u00a0\u00bb{}\u00a0\u00bb]<\/p>\n<p><span style=\"font-size: x-large;\"><strong>Programme de la retraite<\/strong><\/span><\/p>\n<p>Les diff\u00e9rentes sessions seront rythm\u00e9es de partages, d&rsquo;enseignements, de moments de r\u00e9ponses aux questions, de p\u00e9riodes de m\u00e9ditation, ainsi que de moments en nature dans les environs tr\u00e8s proches si le temps le permet.\u00a0<\/p>\n<p>Le d\u00e9roulement se fera dans le vivant, permettant \u00e0 chacun de s&rsquo;immerger dans un climat favorisant le ressourcement, l&rsquo;introspection, le partage et de d\u00e9voiler la beaut\u00e9 qui r\u00e9side d\u00e9j\u00e0 en chacun.\u00a0<\/p>\n<p><strong>Voici le d\u00e9roulement d&rsquo;une journ\u00e9e de retraite <\/strong>(pourra \u00eatre adapt\u00e9 selon ce qui est senti adapt\u00e9 sur le moment)<strong> :\u00a0\u00a0<\/strong><\/p>\n<p>Petit-d\u00e9jeuner : 7h45 \u00e0 8h45<\/p>\n<p>Session du matin : de 9h15 \u00e0 12h00<\/p>\n<p>Repas du midi : 12h30 \u00e0 13h30<\/p>\n<p>Session de l&rsquo;apr\u00e8s-midi : au cas par cas<\/p>\n<p>Repas du soir : 19h \u00e0 20h<\/p>\n<p>Session du soir : de 20h30 \u00e0 22h<\/p>\n<p><strong>Arriv\u00e9e le 26 juin<\/strong> : l&rsquo;arriv\u00e9e sur les lieux peut se faire d\u00e8s midi avec l&rsquo;acc\u00e8s \u00e0 tous les espaces ext\u00e9rieurs et aux salons \u00e0 l&rsquo;accueil. Il n&rsquo;est pas pr\u00e9vu de repas sur place pour le midi, si vous le souhaitez vous pouvez donc apporter un encas. L&rsquo;ouverture de l&rsquo;enregistrement sur place et l&rsquo;acc\u00e8s au chambres a lieu entre 14h30 et 18h. L&rsquo;apr\u00e8s-midi du jour d&rsquo;arriv\u00e9e est laiss\u00e9 libre afin de permettre une installation pour chacun selon son heure d&rsquo;arriv\u00e9e, et est propice pour s&rsquo;impr\u00e9gner des \u00e9nergies du lieu. Le diner est pr\u00e9vu \u00e0 18h30, et sera suivi d&rsquo;une premi\u00e8re session le soir, qui ouvre la retraite.\u00a0<\/p>\n<div><span style=\"text-decoration: underline;\">D\u00e9but du Silence :<\/span> La retraite se d\u00e9roulant en silence, celui-ci sera pos\u00e9 soit \u00e0 partir du repas du 26 au soir, soit apr\u00e8s le premier partage apr\u00e8s le repas. Cela vous sera communiqu\u00e9 avant la retraite. Vous pourrez d\u00e9j\u00e0 ressentir int\u00e9rieurement ce silence avant m\u00eame qu&rsquo;il ne soit concr\u00e8tement annonc\u00e9, et le climat des lieux sera d\u00e9j\u00e0 propice au calme une fois que vous serez arriv\u00e9(e) sur place.\u00a0<\/div>\n<div><\/div>\n<div><\/div>\n<div><\/div>\n<div><\/div>\n<div><\/div>\n<p><strong><\/strong><\/p>\n<p><strong>D\u00e9part le 3 juillet<\/strong> : le d\u00e9part se fait le 3 juillet entre 14h30 et 17h30, apr\u00e8s le repas du midi. Il restera possible de profiter des espaces ext\u00e9rieurs principalement durant l&rsquo;apr\u00e8s-midi pour ceux qui le souhaitent.<\/p>\n<p><span style=\"text-decoration: underline;\">Cl\u00f4ture de la retraite :<\/span> il y aura un dernier partage le 3 juillet matin, et c&rsquo;est \u00e0 l&rsquo;issue de ce partage que le silence sera lev\u00e9, cl\u00f4turant ainsi la retraite. Ensuite, un dernier repas est pr\u00e9vu tous ensemble, puis vous disposerez de l&rsquo;apr\u00e8s-midi libre pour dire au revoir aux autres participants, et laisser se d\u00e9poser ce qui a \u00e9t\u00e9 v\u00e9cu durant la retraite, avant de repartir tranquillement \u00e0 votre rythme.<\/p>\n<p>&nbsp;<\/p>\n<p>[\/et_pb_text][et_pb_text _builder_version=\u00a0\u00bb4.20.0&Prime; _module_preset=\u00a0\u00bb0076d6eb-5595-4dd1-a096-31982f9ed001&Prime; text_font=\u00a0\u00bb||||||||\u00a0\u00bb global_colors_info=\u00a0\u00bb{}\u00a0\u00bb]<\/p>\n<p><span style=\"font-size: x-large;\"><strong>Le lieu de la retraite : Le Domaine de Milhas<\/strong><\/span><\/p>\n<p>La retraite va se d\u00e9rouler dans un magnifique \u00e9crin de nature dans la r\u00e9gion du Languedoc, ayant vue sur un grand lac, et offre un lieu paisible, propice \u00e0 l&rsquo;approfondissement et ressourcement int\u00e9rieur.<\/p>\n<p>Il s&rsquo;agit d&rsquo;un lieu qui d\u00e9gage beaucoup de beaut\u00e9, au sein duquel beaucoup de soin est apport\u00e9, que ce soit au niveau des h\u00e9bergements, des diff\u00e9rents espaces communs, et \u00e9galement au niveau de la cuisine v\u00e9g\u00e9tarienne qui est propos\u00e9e.<\/p>\n<p>Vous pouvez faire d\u00e9filer des photos du lieu ci-dessous :\u00a0\u00a0<\/p>\n<p>[\/et_pb_text][et_pb_gallery gallery_ids=\u00a0\u00bb235809,235929,235869,235829,235934,235854,235949,235799,235849,235839,235804,235814,235834,235859,235924,235824,235844,235864,235939,235794&Prime; fullwidth=\u00a0\u00bbon\u00a0\u00bb _builder_version=\u00a0\u00bb4.20.2&Prime; _module_preset=\u00a0\u00bbdefault\u00a0\u00bb max_width=\u00a0\u00bb75%\u00a0\u00bb module_alignment=\u00a0\u00bbcenter\u00a0\u00bb custom_padding=\u00a0\u00bb0px||||false|false\u00a0\u00bb border_width_all_image=\u00a0\u00bb2px\u00a0\u00bb border_color_all_image=\u00a0\u00bbRGBA(0,0,0,0)\u00a0\u00bb global_colors_info=\u00a0\u00bb{}\u00a0\u00bb][\/et_pb_gallery][dsm_masonry_gallery gallery_ids=\u00a0\u00bb235929,235869,235829,235934,235864,235854,235949,235849,235839,235814,235834,235859,235924,235824,235939,235799,235794&Prime; columns=\u00a0\u00bb4&Prime; gutter=\u00a0\u00bb9&Prime; use_lightbox=\u00a0\u00bbon\u00a0\u00bb _builder_version=\u00a0\u00bb4.20.2&Prime; _module_preset=\u00a0\u00bbdefault\u00a0\u00bb global_colors_info=\u00a0\u00bb{}\u00a0\u00bb][\/dsm_masonry_gallery][et_pb_text _builder_version=\u00a0\u00bb4.20.0&Prime; _module_preset=\u00a0\u00bb0076d6eb-5595-4dd1-a096-31982f9ed001&Prime; text_font=\u00a0\u00bb||||||||\u00a0\u00bb global_colors_info=\u00a0\u00bb{}\u00a0\u00bb]<\/p>\n<p><span style=\"font-size: x-large;\"><strong>Logement\u00a0<\/strong><\/span><\/p>\n<p>7 nuits sur place sont incluses (premi\u00e8re nuit du 26 au 27 juin, derni\u00e8re nuit du 2 au 3 juillet). Les chambres sont confortables et situ\u00e9es \u00e0 proximit\u00e9 de la salle de partage, dans une grande batisse compos\u00e9e de plusieurs g\u00eetes et chambres communes. Les logements sont partag\u00e9s et permettent d&rsquo;h\u00e9berger de 2 \u00e0 6 personnes par chambre (les r\u00e9partitions dans les chambres se feront par nos soins, en respectant au mieux les besoins particuliers le cas \u00e9ch\u00e9ant). A l&rsquo;occasion de cet \u00e9v\u00e9nement, un tarif unique est propos\u00e9 pour le logement (voir ci-dessous). Note pratique : Les draps sont fournis, cependant il est n\u00e9cessaire d&rsquo;apporter une serviette de bain.\u00a0<\/p>\n<p><span style=\"font-size: x-large;\"><strong><\/strong><\/span><\/p>\n<p><span style=\"font-size: x-large;\"><strong><\/strong><\/span><\/p>\n<p><span style=\"font-size: x-large;\"><strong>Repas<\/strong><\/span><\/p>\n<p>Tous les repas sont en cuisine v\u00e9g\u00e9tarienne et inclus dans le tarif pension compl\u00e8te (voir ci-dessous). Les menus sont pr\u00e9par\u00e9s avec des aliments de qualit\u00e9 et veillent \u00e0 offrir un bon \u00e9quilibre et des plats savoureux.\u00a0<\/p>\n<p>Si vous \u00eates soumis \u00e0 un r\u00e9gime alimentaire particulier (allergie au gluten, etc), vous pouvez nous contacter afin que nous vous indiquions ce qui est possible.\u00a0<\/p>\n<p>[\/et_pb_text][et_pb_text _builder_version=\u00a0\u00bb4.20.0&Prime; _module_preset=\u00a0\u00bb0076d6eb-5595-4dd1-a096-31982f9ed001&Prime; text_font=\u00a0\u00bb||||||||\u00a0\u00bb global_colors_info=\u00a0\u00bb{}\u00a0\u00bb]<\/p>\n<p><span style=\"font-size: x-large;\"><strong>Acc\u00e8s et transport<\/strong><\/span><\/p>\n<p>Le lieu de la retraite s&rsquo;appelle le Domaine de Milhas. il est situ\u00e9 dans l\u2019Aude (11), au sud de la France, entre Toulouse et Carcassonne, au bord du tr\u00e8s joli lac de la Ganguise.<\/p>\n<p class=\"plain\">L&rsquo;adresse du lieu est la suivante : <strong>Milhas, 11410 Cumi\u00e8s, France <\/strong>\u00a0(sur un plan :<span>\u00a0<\/span><a href=\"https:\/\/goo.gl\/maps\/S1ZcZ2KnB6anQeko9\" target=\"_blank\" rel=\"noopener\">https:\/\/goo.gl\/maps\/S1ZcZ2KnB6anQeko9<\/a>)<\/p>\n<p>&#8211; <strong>Acc\u00e8s en train<\/strong> : gare de Villefranche-de-Lauragais (19km) ou Castelnaudary (15km). Nous pouvons \u00e9ventuellement vous chercher\/d\u00e9poser \u00e0 la gare (en fonction du nombre de personnes et de notre disponibilit\u00e9) \u2013 vous pouvez nous contacter pour plus d\u2019informations \u00e0 ce sujet.<\/p>\n<p>&#8211; <strong>Acc\u00e8s en voiture<\/strong> : Autoroute A61. Depuis Toulouse, sortie 20 (Villefranche-de-Lauragais). Depuis Montpellier\/Carcassonne, sortie 21 (Castelnaudary). Coordonn\u00e9es GPS : 43.3052, 1.8181.<\/p>\n<p>&#8211; <strong>Covoiturage<\/strong> : Afin de faciliter la venue sur place, une page d\u00e9di\u00e9e au covoiturage \u00e0 \u00e9t\u00e9 cr\u00e9\u00e9e, pour permettre aux participants \u00e0 la rencontre de proposer ou demander un covoiturage :<\/p>\n<p><a href=\"https:\/\/covoiturageretraite.wordpress.com\/retraite-domaine-de-milhas\/\" target=\"_blank\" rel=\"noopener\">https:\/\/covoiturageretraite.wordpress.com\/retraite-domaine-de-milhas\/<\/a>\u00a0<\/p>\n<p>[\/et_pb_text][et_pb_text _builder_version=\u00a0\u00bb4.20.0&Prime; _module_preset=\u00a0\u00bb0076d6eb-5595-4dd1-a096-31982f9ed001&Prime; text_font=\u00a0\u00bb||||||||\u00a0\u00bb custom_margin=\u00a0\u00bb8px||30px|||\u00a0\u00bb global_colors_info=\u00a0\u00bb{}\u00a0\u00bb]<\/p>\n<p><span style=\"font-size: x-large; color: rgba(0, 0, 0, 0.6);\"><strong>Frais d&rsquo;inscription<\/strong><\/span><\/p>\n<p><strong>Les frais d&rsquo;inscription se composent d&rsquo;un paiement pour la retraite, vers\u00e9 \u00e0 l&rsquo;association Livha fond\u00e9e par Quentin, et d&rsquo;un paiement pour le logement et la pension compl\u00e8te vers\u00e9 au domaine de Milhas<\/strong>, o\u00f9 se d\u00e9roule l&rsquo;\u00e9v\u00e9nement. Il est requis de s&rsquo;acquitter des 2 paiements pour pouvoir participer \u00e0 la retraite (il n&rsquo;est pas possible de participer sans loger et se nourrir sur place).\u00a0<\/p>\n<p><span style=\"font-size: x-large;\"><strong><\/strong><\/span><\/p>\n<p><span style=\"font-size: x-large; color: rgba(0, 0, 0, 0.6);\"><strong>1) <span style=\"font-size: large;\">Tarif pour la retraite<\/span><\/strong><\/span><\/p>\n<p>Afin de permettre au plus grand nombre de participer, tout en respectant un \u00e9quilibre au regard de la valeur qui est offert lors de cet \u00e9v\u00e9nement et ce qui est mis en place pour le rendre possible, il est propos\u00e9 \u00e0 chacun de choisir parmi plusieurs montants.\u00a0<\/p>\n<p>&#8211; Une <strong>participation normale<\/strong>, permettant d&rsquo;organiser ce type de retraite : <strong>350\u20ac (+tva), soit 420\u20ac ttc<\/strong> avec la tva fran\u00e7aise incluse.<\/p>\n<p>ou<\/p>\n<p>&#8211; Une <strong>participation bienfaiteur<\/strong>, qui permet de d\u00e9velopper de nouvelles activit\u00e9s \u00e0 l&rsquo;avenir : <strong>500\u20ac ou plus (+tva), soit 600\u20ac ttc<\/strong> ou plus avec la tva fran\u00e7aise incluse.<\/p>\n<p><span style=\"text-decoration: underline;\">En cas de difficult\u00e9 financi\u00e8re<\/span>, il vous est possible de faire une demande afin de pouvoir verser une participation d&rsquo;un montant inf\u00e9rieur, en indiquant votre situation, ainsi nous pourrons voir si cela est possible et si cela peut \u00eatre \u00e9quilibr\u00e9. Vous pouvez nous contacter \u00e0 ce sujet \u00e0 l&rsquo;adresse <a href=\"mailto:contact@livha.org\">contact@livha.org<\/a>\u00a0<\/p>\n<p><em>Tous les fonds sont vers\u00e9s \u00e0 l&rsquo;association sans but lucratif LIVHA afin de soutenir et d\u00e9velopper ses activit\u00e9s tels que la diffusion de ces enseignements et d&rsquo;autres projets d&rsquo;harmonie et de rassemblement tel que l&rsquo;acquisition d&rsquo;une terre d&rsquo;accueil et la cr\u00e9ation d&rsquo;un \u00e9co-village au Portugal.<\/em><\/p>\n<p><em><\/em><\/p>\n<p><span style=\"font-size: x-large;\"><strong>2) <span style=\"font-size: large;\">Tarif pour le logement et pension compl\u00e8te<\/span><\/strong><\/span><\/p>\n<p>Le tarif pour le logement et la pension compl\u00e8te est de 80\u20ac ttc par jour tout inclus : 7 nuit\u00e9es sur place et 7 pensions compl\u00e8tes en nourriture v\u00e9g\u00e9tarienne de qualit\u00e9. Le montant total du logement et pension compl\u00e8te est donc de 560\u20ac ttc, \u00e0 verser sur place \u00e0 votre arriv\u00e9e (versement en esp\u00e8ces ou par ch\u00e8que).\u00a0<\/p>\n<p>10\u20ac par personne pour l&rsquo;ensemble du s\u00e9jour sont \u00e9galement compt\u00e9s pour louer la salle d&rsquo;enseignement.<\/p>\n<p>Le montant total vers\u00e9 au domaine de Milhas pour la semaine est donc de <strong>570\u20ac ttc.\u00a0<\/strong>\u00a0<\/p>\n<p>Remarque : l&rsquo;int\u00e9gralit\u00e9 du montant pour le logement et la pension compl\u00e8te sera encaiss\u00e9e sur place \u00e0 votre arriv\u00e9e (paiement en esp\u00e8ces ou par ch\u00e8que), il n&rsquo;est pas possible de proposer des conditions de paiements particuli\u00e8res.<\/p>\n<p>&nbsp;<\/p>\n<p>[\/et_pb_text][et_pb_text _builder_version=\u00a0\u00bb4.20.0&Prime; _module_preset=\u00a0\u00bb0076d6eb-5595-4dd1-a096-31982f9ed001&Prime; text_font=\u00a0\u00bb||||||||\u00a0\u00bb custom_margin=\u00a0\u00bb49px||1px|||\u00a0\u00bb global_colors_info=\u00a0\u00bb{}\u00a0\u00bb]<\/p>\n<p style=\"text-align: center;\"><span style=\"font-size: x-large; color: rgba(12, 105, 175, 0.98);\"><strong>INSCRIPTION<\/strong><\/span><\/p>\n<p>Pour effectuer votre inscription \u00e0 la retraite, il vous est demand\u00e9 d&rsquo;effectuer le versement de votre participation normale ou bienfaiteur <span style=\"text-decoration: underline;\"><strong>avant le 11 juin<\/strong><\/span>. Le second versement aupr\u00e8s du domaine de Milhas pour le logement et la pension compl\u00e8te s&rsquo;effectue sur place \u00e0 votre arriv\u00e9e.<\/p>\n<p><strong><span style=\"font-size: x-large;\">1)<\/span> Verser les frais de participation \u00e0 la retraite\u00a0<\/strong> : s\u00e9lectionnez le montant ci-dessous, vous recevrez confirmation de votre inscription par email.<\/p>\n<p><em>Remarque : vous aurez besoin de vous connecter \u00e0 votre mylivha (ou en cr\u00e9er un) pour effectuer le paiement. En cas de difficult\u00e9, n&rsquo;h\u00e9sitez pas \u00e0 nous contacter.<\/em><\/p>\n<p><em><\/em><\/p>\n<p>[\/et_pb_text][\/et_pb_column][\/et_pb_row][et_pb_row column_structure=\u00a0\u00bb1_2,1_2&Prime; use_custom_gutter=\u00a0\u00bbon\u00a0\u00bb gutter_width=\u00a0\u00bb1&Prime; _builder_version=\u00a0\u00bb4.20.0&Prime; _module_preset=\u00a0\u00bbdefault\u00a0\u00bb width=\u00a0\u00bb90%\u00a0\u00bb max_width=\u00a0\u00bb800px\u00a0\u00bb custom_padding=\u00a0\u00bb4px||10px|||\u00a0\u00bb global_colors_info=\u00a0\u00bb{}\u00a0\u00bb][et_pb_column type=\u00a0\u00bb1_2&Prime; _builder_version=\u00a0\u00bb4.16&Prime; _module_preset=\u00a0\u00bbdefault\u00a0\u00bb global_colors_info=\u00a0\u00bb{}\u00a0\u00bb][et_pb_button button_url=\u00a0\u00bbhttps:\/\/my.livha.org\/fr\/produit\/retraite-du-26-au-3-juillet-2023-participation-normale\/\u00a0\u00bb button_text=\u00a0\u00bbParticipation normale : 350\u20ac (+tva)\u00a0\u00bb _builder_version=\u00a0\u00bb4.20.2&Prime; _module_preset=\u00a0\u00bb338654b8-6d66-4edc-a105-71a60fbf35b7&Prime; button_text_size=\u00a0\u00bb14px\u00a0\u00bb button_bg_color_gradient_stops=\u00a0\u00bb#dcb253 0%|#db9900 100%\u00a0\u00bb button_bg_color_gradient_start=\u00a0\u00bb#dcb253&Prime; button_bg_color_gradient_end=\u00a0\u00bb#db9900&Prime; button_border_radius=\u00a0\u00bb3px\u00a0\u00bb button_letter_spacing=\u00a0\u00bb2px\u00a0\u00bb button_font=\u00a0\u00bbBelleza|700||on|||||\u00a0\u00bb custom_margin=\u00a0\u00bb10px|50px|15px|50px|false|false\u00a0\u00bb custom_padding=\u00a0\u00bb10px|25px|10px|25px|true|true\u00a0\u00bb button_letter_spacing_hover=\u00a0\u00bb2px\u00a0\u00bb locked=\u00a0\u00bboff\u00a0\u00bb global_colors_info=\u00a0\u00bb{}\u00a0\u00bb button_one_text_size__hover_enabled=\u00a0\u00bboff\u00a0\u00bb button_two_text_size__hover_enabled=\u00a0\u00bboff\u00a0\u00bb button_one_text_color__hover_enabled=\u00a0\u00bboff\u00a0\u00bb button_two_text_color__hover_enabled=\u00a0\u00bboff\u00a0\u00bb button_one_border_width__hover_enabled=\u00a0\u00bboff\u00a0\u00bb button_two_border_width__hover_enabled=\u00a0\u00bboff\u00a0\u00bb button_one_border_color__hover_enabled=\u00a0\u00bboff\u00a0\u00bb button_two_border_color__hover_enabled=\u00a0\u00bboff\u00a0\u00bb button_one_border_radius__hover_enabled=\u00a0\u00bboff\u00a0\u00bb button_two_border_radius__hover_enabled=\u00a0\u00bboff\u00a0\u00bb button_one_letter_spacing__hover_enabled=\u00a0\u00bboff\u00a0\u00bb button_two_letter_spacing__hover_enabled=\u00a0\u00bboff\u00a0\u00bb button_one_bg_color__hover_enabled=\u00a0\u00bboff\u00a0\u00bb button_two_bg_color__hover_enabled=\u00a0\u00bboff\u00a0\u00bb button_bg_color_gradient_end__hover=\u00a0\u00bb#dcb253&Prime; button_bg_use_color_gradient__hover=\u00a0\u00bbon\u00a0\u00bb button_bg_color_gradient_start__hover=\u00a0\u00bb#db9900&Prime; button_bg_color__hover_enabled=\u00a0\u00bbon|desktop\u00a0\u00bb button_letter_spacing__hover=\u00a0\u00bb2px\u00a0\u00bb button_bg_color_gradient_stops__hover=\u00a0\u00bb#db9900 0%|#dcb253 100%\u00a0\u00bb][\/et_pb_button][\/et_pb_column][et_pb_column type=\u00a0\u00bb1_2&Prime; _builder_version=\u00a0\u00bb4.16&Prime; _module_preset=\u00a0\u00bbdefault\u00a0\u00bb global_colors_info=\u00a0\u00bb{}\u00a0\u00bb][et_pb_button button_url=\u00a0\u00bbhttps:\/\/my.livha.org\/fr\/produit\/retraite-du-26-juin-au-3-juillet-2023-participation-bienfaiteur\/\u00a0\u00bb button_text=\u00a0\u00bbParticipation bienfaiteur : 500\u20ac ou + (+tva)\u00a0\u00bb _builder_version=\u00a0\u00bb4.20.2&Prime; _module_preset=\u00a0\u00bb338654b8-6d66-4edc-a105-71a60fbf35b7&Prime; button_text_size=\u00a0\u00bb14px\u00a0\u00bb button_bg_color_gradient_stops=\u00a0\u00bb#dcb253 0%|#db9900 100%\u00a0\u00bb button_bg_color_gradient_start=\u00a0\u00bb#dcb253&Prime; button_bg_color_gradient_end=\u00a0\u00bb#db9900&Prime; button_border_radius=\u00a0\u00bb3px\u00a0\u00bb button_letter_spacing=\u00a0\u00bb2px\u00a0\u00bb button_font=\u00a0\u00bbBelleza|700||on|||||\u00a0\u00bb custom_margin=\u00a0\u00bb10px|50px|15px|50px|false|false\u00a0\u00bb custom_padding=\u00a0\u00bb10px|25px|10px|25px|true|true\u00a0\u00bb button_letter_spacing_hover=\u00a0\u00bb2px\u00a0\u00bb locked=\u00a0\u00bboff\u00a0\u00bb global_colors_info=\u00a0\u00bb{}\u00a0\u00bb button_one_text_size__hover_enabled=\u00a0\u00bboff\u00a0\u00bb button_two_text_size__hover_enabled=\u00a0\u00bboff\u00a0\u00bb button_one_text_color__hover_enabled=\u00a0\u00bboff\u00a0\u00bb button_two_text_color__hover_enabled=\u00a0\u00bboff\u00a0\u00bb button_one_border_width__hover_enabled=\u00a0\u00bboff\u00a0\u00bb button_two_border_width__hover_enabled=\u00a0\u00bboff\u00a0\u00bb button_one_border_color__hover_enabled=\u00a0\u00bboff\u00a0\u00bb button_two_border_color__hover_enabled=\u00a0\u00bboff\u00a0\u00bb button_one_border_radius__hover_enabled=\u00a0\u00bboff\u00a0\u00bb button_two_border_radius__hover_enabled=\u00a0\u00bboff\u00a0\u00bb button_one_letter_spacing__hover_enabled=\u00a0\u00bboff\u00a0\u00bb button_two_letter_spacing__hover_enabled=\u00a0\u00bboff\u00a0\u00bb button_one_bg_color__hover_enabled=\u00a0\u00bboff\u00a0\u00bb button_two_bg_color__hover_enabled=\u00a0\u00bboff\u00a0\u00bb button_bg_color_gradient_end__hover=\u00a0\u00bb#dcb253&Prime; button_bg_use_color_gradient__hover=\u00a0\u00bbon\u00a0\u00bb button_bg_color_gradient_start__hover=\u00a0\u00bb#db9900&Prime; button_bg_color__hover_enabled=\u00a0\u00bbon|desktop\u00a0\u00bb button_letter_spacing__hover=\u00a0\u00bb2px\u00a0\u00bb button_bg_color_gradient_stops__hover=\u00a0\u00bb#db9900 0%|#dcb253 100%\u00a0\u00bb][\/et_pb_button][\/et_pb_column][\/et_pb_row][et_pb_row _builder_version=\u00a0\u00bb4.20.0&Prime; _module_preset=\u00a0\u00bbdefault\u00a0\u00bb max_width=\u00a0\u00bb940px\u00a0\u00bb custom_padding=\u00a0\u00bb3px|||||\u00a0\u00bb global_colors_info=\u00a0\u00bb{}\u00a0\u00bb][et_pb_column type=\u00a0\u00bb4_4&Prime; _builder_version=\u00a0\u00bb4.20.0&Prime; _module_preset=\u00a0\u00bbdefault\u00a0\u00bb global_colors_info=\u00a0\u00bb{}\u00a0\u00bb][et_pb_text _builder_version=\u00a0\u00bb4.16&Prime; _module_preset=\u00a0\u00bb0076d6eb-5595-4dd1-a096-31982f9ed001&Prime; text_font=\u00a0\u00bb||||||||\u00a0\u00bb custom_margin=\u00a0\u00bb||1px|||\u00a0\u00bb custom_padding=\u00a0\u00bb||18px|||\u00a0\u00bb global_colors_info=\u00a0\u00bb{}\u00a0\u00bb]<\/p>\n<p><em><span style=\"text-decoration: underline;\">En cas de difficult\u00e9 financi\u00e8re<\/span>, il vous est possible de faire une demande afin de pouvoir verser une participation d&rsquo;un montant inf\u00e9rieur, en indiquant votre situation, ainsi nous pourrons voir si cela est possible et si cela peut \u00eatre \u00e9quilibr\u00e9. Vous pouvez nous contacter \u00e0 ce sujet \u00e0 l&rsquo;adresse <a href=\"mailto:contact@livha.org\">contact@livha.org<\/a><\/em><\/p>\n<p><strong>Conditions d&rsquo;annulation<\/strong> : Avant le 11 juin, un remboursement de 90% de votre participation aux frais de la retraite est possible. Au-del\u00e0 du 11 juin, le remboursement n&rsquo;est plus possible.<\/p>\n<p><em><\/em><\/p>\n<p>[\/et_pb_text][et_pb_text _builder_version=\u00a0\u00bb4.20.0&Prime; _module_preset=\u00a0\u00bb0076d6eb-5595-4dd1-a096-31982f9ed001&Prime; text_font=\u00a0\u00bb||||||||\u00a0\u00bb global_colors_info=\u00a0\u00bb{}\u00a0\u00bb]<\/p>\n<p><strong><span style=\"font-size: x-large;\">2)<\/span> Verser le montant du logement et de la pension compl\u00e8te. Ce second versement est \u00e0 effectuer <span style=\"text-decoration: underline;\">sur place lors de votre arriv\u00e9e<\/span><\/strong>. Le montant est de <span style=\"text-decoration: underline;\"><strong>570\u20ac ttc et est \u00e0 verser en esp\u00e8ces ou par ch\u00e8que<\/strong><\/span> aupr\u00e8s du domaine de Milhas.<\/p>\n<p>\u00a0<span style=\"font-size: 16px;\">\u00a0<\/span><\/p>\n<p>[\/et_pb_text][et_pb_image src=\u00a0\u00bbhttps:\/\/livha.org\/wp-content\/uploads\/2022\/04\/events-67.jpg\u00a0\u00bb title_text=\u00a0\u00bbevents (67)\u00a0\u00bb _builder_version=\u00a0\u00bb4.20.2&Prime; _module_preset=\u00a0\u00bbdefault\u00a0\u00bb width=\u00a0\u00bb50%\u00a0\u00bb module_alignment=\u00a0\u00bbcenter\u00a0\u00bb global_colors_info=\u00a0\u00bb{}\u00a0\u00bb][\/et_pb_image][et_pb_text _builder_version=\u00a0\u00bb4.20.0&Prime; _module_preset=\u00a0\u00bb0076d6eb-5595-4dd1-a096-31982f9ed001&Prime; text_font=\u00a0\u00bb||||||||\u00a0\u00bb global_colors_info=\u00a0\u00bb{}\u00a0\u00bb]<\/p>\n<p>&nbsp;<\/p>\n<p>Dans la joie de se retrouver tr\u00e8s bient\u00f4t pour ces moments au-del\u00e0 des mots &lt;3<\/p>\n<p>L&rsquo;\u00e9quipe de Livha.<\/p>\n<p>&nbsp;<\/p>\n<p style=\"text-align: center;\"><strong>Si vous avez une question, vous pouvez nous \u00e9crire via le <a href=\"https:\/\/livha.org\/fr\/contact\/\">formulaire de contact<\/a><\/strong><\/p>\n<p>&nbsp;<\/p>\n<p>[\/et_pb_text][\/et_pb_column][\/et_pb_row][\/et_pb_section]<\/p>\n","protected":false},"excerpt":{"rendered":"<p>Grande retraite en silence avec Quentin disneur\u00a0 &#8211; du 26 juin au 3 juillet 2023 -Bonjour \u00e0 tous, C&rsquo;est avec joie que nous vous proposons de vivre ensemble une retraite en pr\u00e9sentiel pr\u00e8s de Toulouse, au domaine de Milhas, du lundi 26 juin au lundi 3 juillet. Vous trouverez tous les d\u00e9tails concernant cet \u00e9v\u00e9nement ci-dessous et les informations concernant l&rsquo;inscription en bas de cette page.\u00a0\u00a0Quelques mots de Quentin \u00e0 propos de cette retraite Salutation \u00e0 chaque Un, Je salue la Lumi\u00e8re que tu es. C&rsquo;est avec une grande joie que je viens aujourd&rsquo;hui t&rsquo;annoncer que nous avons d\u00e9cid\u00e9 d&rsquo;organiser une grande retraite en Silence en France, durant une semaine. Elle se d\u00e9roulera dans un \u00e9crin de verdure du sud ouest, propice \u00e0 la contemplation, la m\u00e9ditation et aux retrouvailles int\u00e9rieures. Comme de nombreux \u00eatres qui me suivent peuvent en t\u00e9moigner, ce genre de retraite est un moment unique, profond\u00e9ment vivant et hors du temps, dans lequel tout est mis en place (d&rsquo;abord vibratoirement) pour que tu puisses te retrouver dans ce que tu es vraiment, dans l&rsquo;essentiel, et laisser cela \u00e9clore au fond de toi et prendre toute la place en le corps. Bien plus que des mots qui [&hellip;]<\/p>\n","protected":false},"author":1,"featured_media":0,"parent":0,"menu_order":0,"comment_status":"closed","ping_status":"closed","template":"","meta":{"_et_pb_use_builder":"on","_et_pb_old_content":"","_et_gb_content_width":"","footnotes":""},"class_list":["post-235787","page","type-page","status-publish","hentry"],"_links":{"self":[{"href":"https:\/\/livha.org\/fr\/wp-json\/wp\/v2\/pages\/235787","targetHints":{"allow":["GET"]}}],"collection":[{"href":"https:\/\/livha.org\/fr\/wp-json\/wp\/v2\/pages"}],"about":[{"href":"https:\/\/livha.org\/fr\/wp-json\/wp\/v2\/types\/page"}],"author":[{"embeddable":true,"href":"https:\/\/livha.org\/fr\/wp-json\/wp\/v2\/users\/1"}],"replies":[{"embeddable":true,"href":"https:\/\/livha.org\/fr\/wp-json\/wp\/v2\/comments?post=235787"}],"version-history":[{"count":46,"href":"https:\/\/livha.org\/fr\/wp-json\/wp\/v2\/pages\/235787\/revisions"}],"predecessor-version":[{"id":235993,"href":"https:\/\/livha.org\/fr\/wp-json\/wp\/v2\/pages\/235787\/revisions\/235993"}],"wp:attachment":[{"href":"https:\/\/livha.org\/fr\/wp-json\/wp\/v2\/media?parent=235787"}],"curies":[{"name":"wp","href":"https:\/\/api.w.org\/{rel}","templated":true}]}}