{"id":236153,"date":"2023-09-04T16:37:21","date_gmt":"2023-09-04T14:37:21","guid":{"rendered":"https:\/\/livha.org\/?page_id=236153"},"modified":"2023-09-11T20:52:07","modified_gmt":"2023-09-11T18:52:07","slug":"rencontre-avec-meriam-du-6-au-8-octobre-2023","status":"publish","type":"page","link":"https:\/\/livha.org\/fr\/rencontre-avec-meriam-du-6-au-8-octobre-2023\/","title":{"rendered":"Rencontre en ligne avec Meriam &#8211; weekend du 6 au 8 octobre 2023"},"content":{"rendered":"<p>[et_pb_section fb_built=\u00a0\u00bb1&Prime; _builder_version=\u00a0\u00bb4.16&Prime; _module_preset=\u00a0\u00bbdefault\u00a0\u00bb custom_padding=\u00a0\u00bb41px||89px|||\u00a0\u00bb top_divider_style=\u00a0\u00bbwave2&Prime; top_divider_color=\u00a0\u00bbrgba(127,203,219,0.3)\u00a0\u00bb top_divider_height=\u00a0\u00bb40px\u00a0\u00bb top_divider_flip=\u00a0\u00bbhorizontal|vertical\u00a0\u00bb bottom_divider_style=\u00a0\u00bbwave2&Prime; bottom_divider_color=\u00a0\u00bbrgba(127,203,219,0.3)\u00a0\u00bb bottom_divider_height=\u00a0\u00bb40px\u00a0\u00bb bottom_divider_flip=\u00a0\u00bbhorizontal\u00a0\u00bb global_colors_info=\u00a0\u00bb{}\u00a0\u00bb][et_pb_row _builder_version=\u00a0\u00bb4.22.0&Prime; _module_preset=\u00a0\u00bbdefault\u00a0\u00bb width=\u00a0\u00bb70%\u00a0\u00bb max_width=\u00a0\u00bb940px\u00a0\u00bb custom_padding=\u00a0\u00bb||10px|||\u00a0\u00bb global_colors_info=\u00a0\u00bb{}\u00a0\u00bb][et_pb_column type=\u00a0\u00bb4_4&Prime; _builder_version=\u00a0\u00bb4.16&Prime; _module_preset=\u00a0\u00bbdefault\u00a0\u00bb global_colors_info=\u00a0\u00bb{}\u00a0\u00bb][et_pb_text _builder_version=\u00a0\u00bb4.17.3&Prime; text_font=\u00a0\u00bbPoppins||||||||\u00a0\u00bb link_font=\u00a0\u00bbChivo||||||||\u00a0\u00bb header_font=\u00a0\u00bb||||||||\u00a0\u00bb header_3_font=\u00a0\u00bbBelleza|700||on|||||\u00a0\u00bb header_3_text_align=\u00a0\u00bbcenter\u00a0\u00bb header_3_text_color=\u00a0\u00bb#2b2b2b\u00a0\u00bb header_3_font_size=\u00a0\u00bb26px\u00a0\u00bb header_3_letter_spacing=\u00a0\u00bb2px\u00a0\u00bb header_3_line_height=\u00a0\u00bb2em\u00a0\u00bb min_height=\u00a0\u00bb33px\u00a0\u00bb custom_margin=\u00a0\u00bb-25px||5px||false|false\u00a0\u00bb custom_padding=\u00a0\u00bb||0px|||\u00a0\u00bb animation_style=\u00a0\u00bbnone\u00a0\u00bb header_font_size_tablet=\u00a0\u00bb25px\u00a0\u00bb header_font_size_phone=\u00a0\u00bb\u00a0\u00bb header_font_size_last_edited=\u00a0\u00bbon|phone\u00a0\u00bb header_3_font_size_tablet=\u00a0\u00bb24px\u00a0\u00bb header_3_font_size_phone=\u00a0\u00bb22px\u00a0\u00bb header_3_font_size_last_edited=\u00a0\u00bbon|desktop\u00a0\u00bb global_colors_info=\u00a0\u00bb{}\u00a0\u00bb]<\/p>\n<h3><\/h3>\n<h3><\/h3>\n<h3><em><\/em><\/h3>\n<h3>rencontre par internet avec Meriam<\/h3>\n<h3><em><\/em>\u2013 6 au 8 octobre 2023 &#8211;<\/h3>\n<h3><em><\/em><\/h3>\n<h3><em><\/em><\/h3>\n<p>[\/et_pb_text][et_pb_image src=\u00a0\u00bbhttps:\/\/livha.org\/wp-content\/uploads\/2023\/09\/event-corps-energie-soin.jpg\u00a0\u00bb title_text=\u00a0\u00bbevent &#8211; corps, energie, soin\u00a0\u00bb align=\u00a0\u00bbcenter\u00a0\u00bb _builder_version=\u00a0\u00bb4.22.0&Prime; _module_preset=\u00a0\u00bbdefault\u00a0\u00bb width=\u00a0\u00bb64%\u00a0\u00bb width_tablet=\u00a0\u00bb100%\u00a0\u00bb width_phone=\u00a0\u00bb100%\u00a0\u00bb width_last_edited=\u00a0\u00bbon|desktop\u00a0\u00bb global_colors_info=\u00a0\u00bb{}\u00a0\u00bb][\/et_pb_image][et_pb_text _builder_version=\u00a0\u00bb4.16&Prime; _module_preset=\u00a0\u00bbdefault\u00a0\u00bb text_font_size=\u00a0\u00bb16px\u00a0\u00bb custom_margin=\u00a0\u00bb||35px|||\u00a0\u00bb global_colors_info=\u00a0\u00bb{}\u00a0\u00bb]<\/p>\n<p style=\"text-align: center;\"><strong>Vous trouverez sur cette page les d\u00e9tails concernant la rencontre que vous pourrez suivre par internet depuis votre ordinateur, tablette ou smartphone. La rencontre aura lieu en direct du 6 octobre soir au 8 octobre 2023.<\/strong><\/p>\n<p style=\"text-align: center;\"><strong>En bas de la page se situe le lien pour vous y inscrire si vous le souhaitez.<\/strong><\/p>\n<p>[\/et_pb_text][et_pb_text _builder_version=\u00a0\u00bb4.16&Prime; _module_preset=\u00a0\u00bb0076d6eb-5595-4dd1-a096-31982f9ed001&Prime; text_font=\u00a0\u00bb||||||||\u00a0\u00bb custom_padding=\u00a0\u00bb1px||0px|||\u00a0\u00bb inline_fonts=\u00a0\u00bbAbhaya Libre\u00a0\u00bb global_colors_info=\u00a0\u00bb{}\u00a0\u00bb]<\/p>\n<p><em>Fr\u00e8res et s\u0153urs de la communion,<\/em><\/p>\n<p><em>Je souhaite que tout aille pour le mieux dans vos vies et qu\u2019il y ait de la joie.<\/em><\/p>\n<p><em>Je vous \u00e9cris aujourd\u2019hui pour vous annoncer une nouvelle rencontre. Cette rencontre marque pour moi un d\u00e9but de cycle de partages et je le commence avec vous. Vous qui suivez les enseignements que donne Quentin et qui \u00eates dans une d\u00e9marche d\u2019ouverture.<\/em><\/p>\n<p><em>Je dirai que j\u2019ai une fa\u00e7on diff\u00e9rente de parler de la m\u00eame chose. Il est souvent int\u00e9ressant de voir les choses depuis un nouvel angle pour activer ou r\u00e9activer des portes qui sont pr\u00eates \u00e0 s\u2019ouvrir ou se r\u00e9ouvrir. D\u2019une mani\u00e8re unique et avec un langage qui m\u2019est propre, j\u2019essaie de faire passer au mieux la lumi\u00e8re et la connaissance. Diff\u00e9remment de Quentin, cela rejoint et enrichit l\u2019enseignement d\u2019une touche f\u00e9minine qui permet de d\u00e9velopper une nouvelle palette de couleurs.<\/em><\/p>\n<p><em>La rencontre sera rythm\u00e9e de partages, de certains temps de silence naturels, de r\u00e9ponses aux questions et des soins pourraient aussi se poser naturellement dans ces \u00e9nergies.<\/em><\/p>\n<p><em>Cela sera partag\u00e9 dans le vivant et \u00e0 partir de ma propre exp\u00e9rience. L\u2019id\u00e9e n\u2019est pas de r\u00e9veiller votre intellect mais de rester dans la simplicit\u00e9, je ram\u00e8nerai toujours \u00e0 l\u2019essentiel tout en essayant de r\u00e9pondre au plus juste.<\/em><\/p>\n<p><em>Nous ferons un voyage ensemble \u00e0 travers les corps et l\u2019\u00e9nergie, cela se d\u00e9veloppera jusqu\u2019aux soins. Nous parlerons des diff\u00e9rents corps reli\u00e9s aux centres \u00e9nerg\u00e9tiques, du corps physique incarn\u00e9 qui est reli\u00e9 \u00e0 la Terre et au Soleil. Du subtil au plus concret et du concret au plus subtil, l\u2019id\u00e9e est de bien comprendre les diff\u00e9rents plans pour pouvoir plus facilement les int\u00e9grer dans son quotidien et de connaitre diff\u00e9rentes sources d\u2019\u00e9nergies qui peuvent nous accompagner dans les actions de tous les jours.\u00a0<\/em><\/p>\n<p><em>Je sais que ce domaine en int\u00e9resse plusieurs d\u2019entre vous et j\u2019ai d\u00e9j\u00e0 re\u00e7u quelques questions sur ce sujet par le pass\u00e9. Si vous avez des questions qui vous viennent en rapport avec le corps, les \u00e9nergies ou les soins, vous pouvez me les envoyer avant la rencontre \u00e0 cette adresse : <a href=\"mailto:meriam@livha.org\">meriam@livha.org<\/a> et j\u2019essaierai d\u2019y r\u00e9pondre au mieux lors de cet \u00e9v\u00e8nement.<\/em><\/p>\n<p><em>Je vous remercie de permettre cette belle rencontre et je suis heureuse de partager cela avec vous.<\/em><\/p>\n<p><em>Si vous \u00eates appel\u00e9s \u00e0 y participer, le lien d&rsquo;inscription se situe en bas de cette page.<\/em><\/p>\n<p><em>De tout coeur<\/em><\/p>\n<p><em>Meriam<\/em><\/p>\n<p style=\"text-align: center;\">\u00a0***************************************<\/p>\n<p>[\/et_pb_text][et_pb_text _builder_version=\u00a0\u00bb4.16&Prime; _module_preset=\u00a0\u00bb0076d6eb-5595-4dd1-a096-31982f9ed001&Prime; text_font=\u00a0\u00bb||||||||\u00a0\u00bb inline_fonts=\u00a0\u00bbAbhaya Libre\u00a0\u00bb global_colors_info=\u00a0\u00bb{}\u00a0\u00bb]<\/p>\n<p><strong><\/strong><\/p>\n<p><span style=\"font-size: large;\"><strong>Programme :<\/strong><\/span><\/p>\n<p>Tous les horaires sont indiqu\u00e9s \u00e0 l\u2019heure fran\u00e7aise.<\/p>\n<ul>\n<li><strong>Vendredi 6 soir : de 20h30 \u00e0 21h30<\/strong><\/li>\n<li><strong>Samedi 7 et dimanche 8 : de 10h00 \u00e0 12:30 et de 15h00 \u00e0 18h30<\/strong><\/li>\n<\/ul>\n<p style=\"font-weight: 400;\"><strong>Vous aurez acc\u00e8s \u00e0 la rediffusion vid\u00e9o apr\u00e8s chaque partage et vous conserverez l\u2019acc\u00e8s apr\u00e8s l\u2019\u00e9v\u00e9nement<\/strong>. Vous pouvez donc visionner en d\u00e9cal\u00e9 un partage donn\u00e9. Vous aurez acc\u00e8s \u00e0 l\u2019enregistrement audio de tous les partages une fois l\u2019\u00e9v\u00e9nement termin\u00e9.<\/p>\n<p style=\"font-weight: 400;\"><strong>Comment acc\u00e9der \u00e0 l\u2019\u00e9v\u00e8nement ?<\/strong><span>\u00a0<\/span>Une fois votre inscription compl\u00e9t\u00e9e, vous recevrez par email peu avant l\u2019\u00e9v\u00e8nement\u00a0le lien d\u2019acc\u00e8s pour y assister. Pour assister au direct, vous pouvez utiliser id\u00e9alement un ordinateur ou une tablette, cependant un t\u00e9l\u00e9phone\u00a0avec connexion internet peut \u00e9galement fonctionner. Le logiciel Zoom est requis pour acc\u00e9der \u00e0 la diffusion en direct (Liens de t\u00e9l\u00e9chargement de zoom : version<span>\u00a0<\/span><a href=\"https:\/\/zoom.us\/download\" rel=\"noopener\" target=\"_blank\">windows<\/a>, version<span>\u00a0<\/span><a href=\"https:\/\/play.google.com\/store\/apps\/details?id=us.zoom.videomeetings\" rel=\"noopener\" target=\"_blank\">android<\/a>, version<span>\u00a0<\/span><a href=\"https:\/\/itunes.apple.com\/us\/app\/id546505307\" rel=\"noopener\" target=\"_blank\">iphone\/ipad<\/a>\u00a0)<\/p>\n<p>&nbsp;<\/p>\n<p><span style=\"font-size: large;\"><strong>Participation financi\u00e8re :\u00a0<\/strong><\/span><\/p>\n<p>La contribution demand\u00e9e pour acc\u00e9der \u00e0 cet \u00e9v\u00e8nement est <strong>enti\u00e8rement vers\u00e9e \u00e0 l\u2019association \u00e0 but non lucratif espagnole \u00ab ALEPH \u00bb<\/strong>. Cette participation aide financi\u00e8rement le centre en Espagne et permet aux activit\u00e9s de s\u2019y d\u00e9velopper.<\/p>\n<p style=\"font-weight: 400;\">Nous souhaitons que cela soit le plus abordable possible et en ce sens, nous proposons 3 niveaux de participation, que nous consid\u00e9rons comme \u00e9tant juste et \u00e9quilibr\u00e9 par rapport \u00e0 ce qui est propos\u00e9. Sachant qu\u2019il s\u2019agit d\u2019un contexte d\u00e9licat o\u00f9 certaines personnes peuvent vivre des difficult\u00e9s financi\u00e8res, si malgr\u00e9 ces 3 propositions, vous rencontrez des difficult\u00e9s particuli\u00e8res qui vous emp\u00eacheraient de vous inscrire, bien que vous ressentiez un appel intense \u00e0 y participer, vous pouvez nous contacter afin que nous puissions trouver une solution ensemble.<\/p>\n<p style=\"font-weight: 400;\"><span><strong>L\u2019association espagnole passe par Paypal pour les inscriptions d\u2019\u00e9v\u00e8nement.<\/strong> <strong>Si vous ne souhaitez pas passer par le moyen de paiement Paypal, il est possible d&rsquo;effectuer un virement SEPA, dans ce cas, veuillez vous r\u00e9f\u00e9rer aux informations donn\u00e9es ci-dessous.<\/strong> Si vous effectuez l&rsquo;inscription via l&rsquo;un des boutons ci-dessous, un email de confirmation vous sera envoy\u00e9 avec un certain d\u00e9lai car nous v\u00e9rifions cela manuellement.<\/span><span style=\"font-size: 16px;\">\u00a0<\/span><\/p>\n<p>[\/et_pb_text][\/et_pb_column][\/et_pb_row][et_pb_row column_structure=\u00a0\u00bb1_3,1_3,1_3&Prime; use_custom_gutter=\u00a0\u00bbon\u00a0\u00bb gutter_width=\u00a0\u00bb2&Prime; _builder_version=\u00a0\u00bb4.16&Prime; _module_preset=\u00a0\u00bbdefault\u00a0\u00bb width=\u00a0\u00bb90%\u00a0\u00bb max_width=\u00a0\u00bb1200px\u00a0\u00bb custom_padding=\u00a0\u00bb27px||10px|||\u00a0\u00bb global_colors_info=\u00a0\u00bb{}\u00a0\u00bb][et_pb_column type=\u00a0\u00bb1_3&Prime; _builder_version=\u00a0\u00bb4.16&Prime; _module_preset=\u00a0\u00bbdefault\u00a0\u00bb global_colors_info=\u00a0\u00bb{}\u00a0\u00bb][et_pb_cta title=\u00a0\u00bbParticipation normale\u00a0\u00bb button_url=\u00a0\u00bbhttps:\/\/www.paypal.com\/donate\/?hosted_button_id=H3XFYRZC3JDJG\u00a0\u00bb button_text=\u00a0\u00bbParticipation normale : 180\u20ac\u00a0\u00bb _builder_version=\u00a0\u00bb4.22.0&Prime; _module_preset=\u00a0\u00bbdefault\u00a0\u00bb header_font=\u00a0\u00bbBelleza||||||||\u00a0\u00bb header_text_color=\u00a0\u00bb#12487a\u00a0\u00bb body_text_color=\u00a0\u00bb#494949&Prime; body_font_size=\u00a0\u00bb15px\u00a0\u00bb background_color=\u00a0\u00bbRGBA(0,0,0,0)\u00a0\u00bb use_background_color_gradient=\u00a0\u00bbon\u00a0\u00bb background_color_gradient_stops=\u00a0\u00bbrgba(255,255,255,0.58) 0%|#cee2e8 100%\u00a0\u00bb background_color_gradient_start=\u00a0\u00bbrgba(255,255,255,0.58)\u00a0\u00bb background_color_gradient_end=\u00a0\u00bb#cee2e8&Prime; custom_button=\u00a0\u00bbon\u00a0\u00bb button_text_size=\u00a0\u00bb15px\u00a0\u00bb button_text_color=\u00a0\u00bb#fff5e8&Prime; button_bg_use_color_gradient=\u00a0\u00bbon\u00a0\u00bb button_bg_color_gradient_stops=\u00a0\u00bb#dcb253 0%|#db9900 100%\u00a0\u00bb button_bg_color_gradient_start=\u00a0\u00bb#dcb253&Prime; button_bg_color_gradient_end=\u00a0\u00bb#db9900&Prime; button_border_width=\u00a0\u00bb0px\u00a0\u00bb button_letter_spacing=\u00a0\u00bb2px\u00a0\u00bb button_font=\u00a0\u00bbBelleza|700||on|||||\u00a0\u00bb button_use_icon=\u00a0\u00bboff\u00a0\u00bb button_alignment=\u00a0\u00bbcenter\u00a0\u00bb button_custom_padding=\u00a0\u00bb6px|15px|6px|15px|false|false\u00a0\u00bb button_alignment_tablet=\u00a0\u00bb\u00a0\u00bb button_alignment_phone=\u00a0\u00bbcenter\u00a0\u00bb button_alignment_last_edited=\u00a0\u00bbon|phone\u00a0\u00bb border_radii=\u00a0\u00bbon|21px|21px|21px|21px\u00a0\u00bb border_width_all=\u00a0\u00bb1px\u00a0\u00bb border_color_all=\u00a0\u00bbrgba(138,211,247,0.46)\u00a0\u00bb button_text_shadow_style=\u00a0\u00bbpreset3&Prime; box_shadow_style=\u00a0\u00bbpreset1&Prime; box_shadow_style_button=\u00a0\u00bbpreset1&Prime; global_colors_info=\u00a0\u00bb{}\u00a0\u00bb button_bg_color__hover_enabled=\u00a0\u00bbon|hover\u00a0\u00bb]<\/p>\n<p>Lien pour montant \u00ab\u00a0participation normale\u00a0\u00bb. Vous arriverez sur une page paypal car votre participation est destin\u00e9e \u00e0 l&rsquo;association Aleph en Espagne. Une fois le paiement valid\u00e9, votre inscription sera enregistr\u00e9e.<\/p>\n<p>[\/et_pb_cta][\/et_pb_column][et_pb_column type=\u00a0\u00bb1_3&Prime; _builder_version=\u00a0\u00bb4.16&Prime; _module_preset=\u00a0\u00bbdefault\u00a0\u00bb global_colors_info=\u00a0\u00bb{}\u00a0\u00bb][et_pb_cta title=\u00a0\u00bbParticipation bienfaiteur\u00a0\u00bb button_url=\u00a0\u00bbhttps:\/\/www.paypal.com\/donate\/?hosted_button_id=H3XFYRZC3JDJG\u00a0\u00bb button_text=\u00a0\u00bbParticipation Bienfaiteur : 250\u20ac\u00a0\u00bb _builder_version=\u00a0\u00bb4.22.0&Prime; _module_preset=\u00a0\u00bbdefault\u00a0\u00bb header_font=\u00a0\u00bbBelleza||||||||\u00a0\u00bb header_text_color=\u00a0\u00bb#12487a\u00a0\u00bb body_text_color=\u00a0\u00bb#494949&Prime; body_font_size=\u00a0\u00bb15px\u00a0\u00bb background_color=\u00a0\u00bbRGBA(0,0,0,0)\u00a0\u00bb use_background_color_gradient=\u00a0\u00bbon\u00a0\u00bb background_color_gradient_stops=\u00a0\u00bbrgba(255,255,255,0.58) 0%|#cee2e8 100%\u00a0\u00bb background_color_gradient_start=\u00a0\u00bbrgba(255,255,255,0.58)\u00a0\u00bb background_color_gradient_end=\u00a0\u00bb#cee2e8&Prime; custom_button=\u00a0\u00bbon\u00a0\u00bb button_text_size=\u00a0\u00bb15px\u00a0\u00bb button_text_color=\u00a0\u00bb#fff5e8&Prime; button_bg_use_color_gradient=\u00a0\u00bbon\u00a0\u00bb button_bg_color_gradient_stops=\u00a0\u00bb#dcb253 0%|#db9900 100%\u00a0\u00bb button_bg_color_gradient_start=\u00a0\u00bb#dcb253&Prime; button_bg_color_gradient_end=\u00a0\u00bb#db9900&Prime; button_border_width=\u00a0\u00bb0px\u00a0\u00bb button_letter_spacing=\u00a0\u00bb2px\u00a0\u00bb button_font=\u00a0\u00bbBelleza|700||on|||||\u00a0\u00bb button_use_icon=\u00a0\u00bboff\u00a0\u00bb button_alignment=\u00a0\u00bbcenter\u00a0\u00bb button_custom_padding=\u00a0\u00bb6px|15px|6px|15px|false|false\u00a0\u00bb button_alignment_tablet=\u00a0\u00bb\u00a0\u00bb button_alignment_phone=\u00a0\u00bbcenter\u00a0\u00bb button_alignment_last_edited=\u00a0\u00bbon|phone\u00a0\u00bb border_radii=\u00a0\u00bbon|21px|21px|21px|21px\u00a0\u00bb border_width_all=\u00a0\u00bb1px\u00a0\u00bb border_color_all=\u00a0\u00bbrgba(138,211,247,0.46)\u00a0\u00bb button_text_shadow_style=\u00a0\u00bbpreset3&Prime; box_shadow_style=\u00a0\u00bbpreset1&Prime; box_shadow_style_button=\u00a0\u00bbpreset1&Prime; global_colors_info=\u00a0\u00bb{}\u00a0\u00bb button_bg_color__hover_enabled=\u00a0\u00bbon|hover\u00a0\u00bb]<\/p>\n<p>Lien pour montant \u00ab\u00a0participation bienfaiteur\u00a0\u00bb. Vous arriverez sur une page paypal car votre participation est destin\u00e9e \u00e0 l&rsquo;association Aleph en Espagne. Une fois le paiement valid\u00e9, votre inscription sera enregistr\u00e9e.<\/p>\n<p>[\/et_pb_cta][\/et_pb_column][et_pb_column type=\u00a0\u00bb1_3&Prime; _builder_version=\u00a0\u00bb4.16&Prime; _module_preset=\u00a0\u00bbdefault\u00a0\u00bb global_colors_info=\u00a0\u00bb{}\u00a0\u00bb][et_pb_cta title=\u00a0\u00bbParticipation en cas de difficult\u00e9 financi\u00e8re\u00a0\u00bb button_url=\u00a0\u00bbhttps:\/\/www.paypal.com\/donate\/?hosted_button_id=H3XFYRZC3JDJG\u00a0\u00bb button_text=\u00a0\u00bbParticipation diff. finan. : 120\u20ac\u00a0\u00bb _builder_version=\u00a0\u00bb4.22.0&Prime; _module_preset=\u00a0\u00bbdefault\u00a0\u00bb header_font=\u00a0\u00bbBelleza||||||||\u00a0\u00bb header_text_color=\u00a0\u00bb#12487a\u00a0\u00bb body_text_color=\u00a0\u00bb#494949&Prime; body_font_size=\u00a0\u00bb15px\u00a0\u00bb background_color=\u00a0\u00bbRGBA(0,0,0,0)\u00a0\u00bb use_background_color_gradient=\u00a0\u00bbon\u00a0\u00bb background_color_gradient_stops=\u00a0\u00bbrgba(255,255,255,0.58) 0%|#cee2e8 100%\u00a0\u00bb background_color_gradient_start=\u00a0\u00bbrgba(255,255,255,0.58)\u00a0\u00bb background_color_gradient_end=\u00a0\u00bb#cee2e8&Prime; custom_button=\u00a0\u00bbon\u00a0\u00bb button_text_size=\u00a0\u00bb15px\u00a0\u00bb button_text_color=\u00a0\u00bb#fff5e8&Prime; button_bg_use_color_gradient=\u00a0\u00bbon\u00a0\u00bb button_bg_color_gradient_stops=\u00a0\u00bb#dcb253 0%|#db9900 100%\u00a0\u00bb button_bg_color_gradient_start=\u00a0\u00bb#dcb253&Prime; button_bg_color_gradient_end=\u00a0\u00bb#db9900&Prime; button_border_width=\u00a0\u00bb0px\u00a0\u00bb button_letter_spacing=\u00a0\u00bb2px\u00a0\u00bb button_font=\u00a0\u00bbBelleza|700||on|||||\u00a0\u00bb button_use_icon=\u00a0\u00bboff\u00a0\u00bb button_alignment=\u00a0\u00bbcenter\u00a0\u00bb button_custom_padding=\u00a0\u00bb6px|15px|6px|15px|false|false\u00a0\u00bb button_alignment_tablet=\u00a0\u00bb\u00a0\u00bb button_alignment_phone=\u00a0\u00bbcenter\u00a0\u00bb button_alignment_last_edited=\u00a0\u00bbon|phone\u00a0\u00bb border_radii=\u00a0\u00bbon|21px|21px|21px|21px\u00a0\u00bb border_width_all=\u00a0\u00bb1px\u00a0\u00bb border_color_all=\u00a0\u00bbrgba(138,211,247,0.46)\u00a0\u00bb button_text_shadow_style=\u00a0\u00bbpreset3&Prime; box_shadow_style=\u00a0\u00bbpreset1&Prime; box_shadow_style_button=\u00a0\u00bbpreset1&Prime; global_colors_info=\u00a0\u00bb{}\u00a0\u00bb button_bg_color__hover_enabled=\u00a0\u00bbon|hover\u00a0\u00bb]<\/p>\n<p>Lien pour montant \u00ab\u00a0participation en cas de difficult\u00e9 financi\u00e8re\u00a0\u00bb. Vous arriverez sur une page paypal car votre participation est destin\u00e9e \u00e0 l&rsquo;association Aleph en Espagne. Une fois le paiement valid\u00e9, votre inscription sera enregistr\u00e9e.<\/p>\n<p>[\/et_pb_cta][\/et_pb_column][\/et_pb_row][et_pb_row _builder_version=\u00a0\u00bb4.22.0&Prime; _module_preset=\u00a0\u00bbdefault\u00a0\u00bb global_colors_info=\u00a0\u00bb{}\u00a0\u00bb][et_pb_column type=\u00a0\u00bb4_4&Prime; _builder_version=\u00a0\u00bb4.22.0&Prime; _module_preset=\u00a0\u00bbdefault\u00a0\u00bb global_colors_info=\u00a0\u00bb{}\u00a0\u00bb][et_pb_text _builder_version=\u00a0\u00bb4.22.0&Prime; _module_preset=\u00a0\u00bbdefault\u00a0\u00bb global_colors_info=\u00a0\u00bb{}\u00a0\u00bb]<\/p>\n<p>Si vous pr\u00e9f\u00e9rez effectuer un virement SEPA et ne pas passer par le moyen de paiement Paypal. cela est possible. Merci de veiller dans ce cas \u00e0 bien <strong>utiliser le compte espagnol de l&rsquo;association Aleph. Si vous ne disposez pas des coordonn\u00e9es bancaires du compte d&rsquo;Aleph, vous pouvez nous \u00e9crire \u00e0 l&rsquo;adresse <a href=\"mailto:contact@livha.org\">contact@livha.org<\/a> et nous vous les enverrons.<\/strong><span style=\"font-size: 14px;\">\u00a0<\/span><\/p>\n<p>[\/et_pb_text][\/et_pb_column][\/et_pb_row][et_pb_row use_custom_gutter=\u00a0\u00bbon\u00a0\u00bb gutter_width=\u00a0\u00bb2&Prime; _builder_version=\u00a0\u00bb4.16&Prime; _module_preset=\u00a0\u00bbdefault\u00a0\u00bb width=\u00a0\u00bb90%\u00a0\u00bb max_width=\u00a0\u00bb1200px\u00a0\u00bb global_colors_info=\u00a0\u00bb{}\u00a0\u00bb][et_pb_column type=\u00a0\u00bb4_4&Prime; _builder_version=\u00a0\u00bb4.16&Prime; _module_preset=\u00a0\u00bbdefault\u00a0\u00bb global_colors_info=\u00a0\u00bb{}\u00a0\u00bb][et_pb_text _builder_version=\u00a0\u00bb4.16&Prime; _module_preset=\u00a0\u00bbdefault\u00a0\u00bb text_font_size=\u00a0\u00bb15px\u00a0\u00bb global_colors_info=\u00a0\u00bb{}\u00a0\u00bb]<\/p>\n<p style=\"text-align: justify;\"><em><strong>Informations concernant les aspects m\u00e9dicaux (sant\u00e9 mentale et physique) :<\/strong><\/em><\/p>\n<p style=\"text-align: justify;\"><em>En m&rsquo;inscrivant, j&rsquo;indique avoir pris connaissance des recommandations concernant les aspects m\u00e9dicaux (sant\u00e9 mentale et physique). Cet \u00e9v\u00e8nement int\u00e8gre des pratiques favorisant des introspections (via par exemple la m\u00e9ditation), et entrainant parfois des remises en question. Ce type de pratiques n&rsquo;est pas forc\u00e9ment adapt\u00e9 \u00e0 tous, celles-ci pouvant d\u00e9boucher sur la r\u00e9v\u00e9lation de couches psychiques parfois jusque-l\u00e0 insconscientes en l&rsquo;\u00eatre, processus pouvant dans certains cas \u00eatre exp\u00e9riment\u00e9 de mani\u00e8re intense ou inconfortable. Ces pratiques ne remplacent pas une th\u00e9rapie, et dans le cas o\u00f9 vous auriez connu des difficult\u00e9s d&rsquo;ordre psychique par le pass\u00e9, nous vous invitons \u00e0 v\u00e9rifier aupr\u00e8s de votre m\u00e9decin ou d&rsquo;un sp\u00e9cialiste que ce type de d\u00e9marche est adapt\u00e9 \u00e0 votre situation.<\/em><\/p>\n<p>[\/et_pb_text][\/et_pb_column][\/et_pb_row][\/et_pb_section]<\/p>\n","protected":false},"excerpt":{"rendered":"<p>rencontre par internet avec Meriam \u2013 6 au 8 octobre 2023 &#8211; Vous trouverez sur cette page les d\u00e9tails concernant la rencontre que vous pourrez suivre par internet depuis votre ordinateur, tablette ou smartphone. La rencontre aura lieu en direct du 6 octobre soir au 8 octobre 2023. En bas de la page se situe le lien pour vous y inscrire si vous le souhaitez.Fr\u00e8res et s\u0153urs de la communion, Je souhaite que tout aille pour le mieux dans vos vies et qu\u2019il y ait de la joie. Je vous \u00e9cris aujourd\u2019hui pour vous annoncer une nouvelle rencontre. Cette rencontre marque pour moi un d\u00e9but de cycle de partages et je le commence avec vous. Vous qui suivez les enseignements que donne Quentin et qui \u00eates dans une d\u00e9marche d\u2019ouverture. Je dirai que j\u2019ai une fa\u00e7on diff\u00e9rente de parler de la m\u00eame chose. Il est souvent int\u00e9ressant de voir les choses depuis un nouvel angle pour activer ou r\u00e9activer des portes qui sont pr\u00eates \u00e0 s\u2019ouvrir ou se r\u00e9ouvrir. D\u2019une mani\u00e8re unique et avec un langage qui m\u2019est propre, j\u2019essaie de faire passer au mieux la lumi\u00e8re et la connaissance. Diff\u00e9remment de Quentin, cela rejoint et enrichit l\u2019enseignement d\u2019une touche [&hellip;]<\/p>\n","protected":false},"author":1,"featured_media":0,"parent":0,"menu_order":0,"comment_status":"closed","ping_status":"closed","template":"","meta":{"_et_pb_use_builder":"on","_et_pb_old_content":"","_et_gb_content_width":"","footnotes":""},"class_list":["post-236153","page","type-page","status-publish","hentry"],"_links":{"self":[{"href":"https:\/\/livha.org\/fr\/wp-json\/wp\/v2\/pages\/236153","targetHints":{"allow":["GET"]}}],"collection":[{"href":"https:\/\/livha.org\/fr\/wp-json\/wp\/v2\/pages"}],"about":[{"href":"https:\/\/livha.org\/fr\/wp-json\/wp\/v2\/types\/page"}],"author":[{"embeddable":true,"href":"https:\/\/livha.org\/fr\/wp-json\/wp\/v2\/users\/1"}],"replies":[{"embeddable":true,"href":"https:\/\/livha.org\/fr\/wp-json\/wp\/v2\/comments?post=236153"}],"version-history":[{"count":16,"href":"https:\/\/livha.org\/fr\/wp-json\/wp\/v2\/pages\/236153\/revisions"}],"predecessor-version":[{"id":236398,"href":"https:\/\/livha.org\/fr\/wp-json\/wp\/v2\/pages\/236153\/revisions\/236398"}],"wp:attachment":[{"href":"https:\/\/livha.org\/fr\/wp-json\/wp\/v2\/media?parent=236153"}],"curies":[{"name":"wp","href":"https:\/\/api.w.org\/{rel}","templated":true}]}}