{"id":236789,"date":"2024-09-19T16:10:01","date_gmt":"2024-09-19T14:10:01","guid":{"rendered":"https:\/\/livha.org\/?page_id=236789"},"modified":"2025-07-23T11:13:24","modified_gmt":"2025-07-23T09:13:24","slug":"livre-dor","status":"publish","type":"page","link":"https:\/\/livha.org\/fr\/livre-dor\/","title":{"rendered":"Livre d&rsquo;Or"},"content":{"rendered":"<p>[et_pb_section fb_built=\u00a0\u00bb1&Prime; _builder_version=\u00a0\u00bb4.16&Prime; _module_preset=\u00a0\u00bbdefault\u00a0\u00bb custom_padding=\u00a0\u00bb41px|||||\u00a0\u00bb top_divider_style=\u00a0\u00bbwave2&Prime; top_divider_color=\u00a0\u00bbrgba(127,203,219,0.3)\u00a0\u00bb top_divider_height=\u00a0\u00bb40px\u00a0\u00bb top_divider_flip=\u00a0\u00bbhorizontal|vertical\u00a0\u00bb bottom_divider_style=\u00a0\u00bbwave2&Prime; bottom_divider_color=\u00a0\u00bbrgba(127,203,219,0.3)\u00a0\u00bb bottom_divider_height=\u00a0\u00bb40px\u00a0\u00bb bottom_divider_flip=\u00a0\u00bbhorizontal\u00a0\u00bb global_colors_info=\u00a0\u00bb{}\u00a0\u00bb][et_pb_row _builder_version=\u00a0\u00bb4.16&Prime; _module_preset=\u00a0\u00bbdefault\u00a0\u00bb max_width=\u00a0\u00bb940px\u00a0\u00bb global_colors_info=\u00a0\u00bb{}\u00a0\u00bb][et_pb_column type=\u00a0\u00bb4_4&Prime; _builder_version=\u00a0\u00bb4.16&Prime; _module_preset=\u00a0\u00bbdefault\u00a0\u00bb global_colors_info=\u00a0\u00bb{}\u00a0\u00bb][et_pb_image src=\u00a0\u00bbhttps:\/\/livha.org\/wp-content\/uploads\/2024\/09\/livredor.png\u00a0\u00bb alt=\u00a0\u00bb\u00e0 propos de livha\u00a0\u00bb title_text=\u00a0\u00bblivredor\u00a0\u00bb align=\u00a0\u00bbcenter\u00a0\u00bb _builder_version=\u00a0\u00bb4.27.0&Prime; _module_preset=\u00a0\u00bbdefault\u00a0\u00bb width=\u00a0\u00bb50%\u00a0\u00bb border_radii=\u00a0\u00bbon|2px|2px|2px|2px\u00a0\u00bb global_colors_info=\u00a0\u00bb{}\u00a0\u00bb][\/et_pb_image][\/et_pb_column][\/et_pb_row][et_pb_row _builder_version=\u00a0\u00bb4.16&Prime; _module_preset=\u00a0\u00bbdefault\u00a0\u00bb max_width=\u00a0\u00bb800px\u00a0\u00bb custom_padding=\u00a0\u00bb||15px|||\u00a0\u00bb global_colors_info=\u00a0\u00bb{}\u00a0\u00bb][et_pb_column type=\u00a0\u00bb4_4&Prime; _builder_version=\u00a0\u00bb4.16&Prime; _module_preset=\u00a0\u00bbdefault\u00a0\u00bb global_colors_info=\u00a0\u00bb{}\u00a0\u00bb][et_pb_testimonial portrait_url=\u00a0\u00bbhttps:\/\/livha.org\/wp-content\/uploads\/2024\/09\/livredor-avatarsilouhette.png\u00a0\u00bb quote_icon_color=\u00a0\u00bb#bca257&Prime; portrait_width=\u00a0\u00bb75px\u00a0\u00bb portrait_height=\u00a0\u00bb75px\u00a0\u00bb _builder_version=\u00a0\u00bb4.27.0&Prime; _module_preset=\u00a0\u00bbdefault\u00a0\u00bb body_text_color=\u00a0\u00bb#3d2619&Prime; body_font_size=\u00a0\u00bb16px\u00a0\u00bb author_font_size=\u00a0\u00bb16px\u00a0\u00bb author_line_height=\u00a0\u00bb1em\u00a0\u00bb position_font_size=\u00a0\u00bb16px\u00a0\u00bb background_color=\u00a0\u00bb#fff9ef\u00a0\u00bb custom_margin=\u00a0\u00bb||50px||false|false\u00a0\u00bb global_colors_info=\u00a0\u00bb{}\u00a0\u00bb]<\/p>\n<p>Bonjour Quentin,<\/p>\n<p>Merci. c&rsquo;\u00e9tait une premi\u00e8re, premi\u00e8re rencontre et premi\u00e8re retraite&#8230;<\/p>\n<p>Je n&rsquo;imaginais pas que \u00e7a pouvait-\u00eatre aussi beau et fort.<\/p>\n<p>Aucun mot n&rsquo;existe pour d\u00e9crire ce qui a \u00e9t\u00e9 senti si intens\u00e9ment dans le corps.<\/p>\n<p>Comme une immense \u00e9nergie tr\u00e8s agr\u00e9able qui inonde, qui submerge, qui enveloppe.<\/p>\n<p>Une vague d&rsquo;amour qui d\u00e9ferle. M\u00e9lange de Puissance et de Gr\u00e2ce.<\/p>\n<p>L&rsquo;enseignement, les m\u00e9ditations, les marches, le silence, l&rsquo;invitation \u00e0 ralentir&#8230; tout \u00e9tait rassemblement. La sensation de n&rsquo;\u00eatre qu&rsquo;un ensemble.<\/p>\n<p>Je me suis sentie au bon endroit au point de ne pas vouloir rentrer&#8230; Aujourd&rsquo;hui j&rsquo;essaye d&rsquo;\u00eatre dans le monde sans \u00eatre du monde.<\/p>\n<p>J&rsquo;invite chaque Etre \u00e0 vivre cette exp\u00e9rience tr\u00e8s nourrissante. C&rsquo;\u00e9tait Magique.<\/p>\n<p>( j&rsquo;en ai encore les larmes aux yeux ).<\/p>\n<p>Je te remercie Quentin de m&rsquo;avoir offert ces pr\u00e9cieux moments.<\/p>\n<p>Je remercie chaque Etre d&rsquo;avoir particip\u00e9 \u00e0 cette semaine inoubliable.<\/p>\n<p>Je remercie les propri\u00e9taires ainsi que le personnel du domaine de Lembrun pour ce lieu propice au ressourcement et pour leur d\u00e9licieuse cuisine.<\/p>\n<p>Au plaisir de te revoir<\/p>\n<p>Aur\u00e9lie M.<\/p>\n<p>[\/et_pb_testimonial][et_pb_testimonial portrait_url=\u00a0\u00bbhttps:\/\/livha.org\/wp-content\/uploads\/2024\/09\/livredor-avatarsilouhette.png\u00a0\u00bb quote_icon_color=\u00a0\u00bb#bca257&Prime; portrait_width=\u00a0\u00bb75px\u00a0\u00bb portrait_height=\u00a0\u00bb75px\u00a0\u00bb _builder_version=\u00a0\u00bb4.27.0&Prime; _module_preset=\u00a0\u00bbdefault\u00a0\u00bb body_text_color=\u00a0\u00bb#3d2619&Prime; body_font_size=\u00a0\u00bb16px\u00a0\u00bb author_font_size=\u00a0\u00bb16px\u00a0\u00bb author_line_height=\u00a0\u00bb1em\u00a0\u00bb position_font_size=\u00a0\u00bb16px\u00a0\u00bb background_color=\u00a0\u00bb#fff9ef\u00a0\u00bb custom_margin=\u00a0\u00bb||50px||false|false\u00a0\u00bb global_colors_info=\u00a0\u00bb{}\u00a0\u00bb]<\/p>\n<p>J\u2019ai v\u00e9cu cette retraite comme une profonde reconnexion \u00e0 mon \u00eatre, dans les espaces les plus intimes et aussi connect\u00e9e \u00e0 la vastitude.<\/p>\n<p>Il y a une saveur int\u00e9rieure une douceur, un toucher qui se vit \u00e0 chaque instant encore et encore.<\/p>\n<p>Merci pour cette profonde invitation sans cesse renouvel\u00e9e \u00e0 d\u00e9ployer mes ailes.<\/p>\n<p>Au-del\u00e0 du temps et de l&rsquo;espace, la paix int\u00e9rieure se go\u00fbte.<\/p>\n<p>Merci Quentin d\u2019\u00catre.<\/p>\n<p>Nathalie<\/p>\n<p>[\/et_pb_testimonial][et_pb_testimonial portrait_url=\u00a0\u00bbhttps:\/\/livha.org\/wp-content\/uploads\/2024\/09\/livredor-avatarsilouhette.png\u00a0\u00bb quote_icon_color=\u00a0\u00bb#bca257&Prime; portrait_width=\u00a0\u00bb75px\u00a0\u00bb portrait_height=\u00a0\u00bb75px\u00a0\u00bb _builder_version=\u00a0\u00bb4.27.0&Prime; _module_preset=\u00a0\u00bbdefault\u00a0\u00bb body_text_color=\u00a0\u00bb#3d2619&Prime; body_font_size=\u00a0\u00bb16px\u00a0\u00bb author_font_size=\u00a0\u00bb16px\u00a0\u00bb author_line_height=\u00a0\u00bb1em\u00a0\u00bb position_font_size=\u00a0\u00bb16px\u00a0\u00bb background_color=\u00a0\u00bb#fff9ef\u00a0\u00bb custom_margin=\u00a0\u00bb||50px||false|false\u00a0\u00bb global_colors_info=\u00a0\u00bb{}\u00a0\u00bb]Pour moi,  la toile de fond de cette retraite a \u00e9t\u00e9 une certaine pl\u00e9nitude qui m&rsquo;a accompagn\u00e9e tout le long, avec plus ou moins d&rsquo;intensit\u00e9. Le dernier soir, dans mon lit, soudain elle m&rsquo;a envahie totalement et des larmes ont commenc\u00e9 \u00e0 couler, des larmes de gratitude&#8230; Merci<\/p>\n<p>V\u00e9ronique T.[\/et_pb_testimonial][et_pb_testimonial portrait_url=\u00a0\u00bbhttps:\/\/livha.org\/wp-content\/uploads\/2024\/09\/livredor-avatarsilouhette.png\u00a0\u00bb quote_icon_color=\u00a0\u00bb#bca257&Prime; portrait_width=\u00a0\u00bb75px\u00a0\u00bb portrait_height=\u00a0\u00bb75px\u00a0\u00bb _builder_version=\u00a0\u00bb4.27.0&Prime; _module_preset=\u00a0\u00bbdefault\u00a0\u00bb body_text_color=\u00a0\u00bb#3d2619&Prime; body_font_size=\u00a0\u00bb16px\u00a0\u00bb author_font_size=\u00a0\u00bb16px\u00a0\u00bb author_line_height=\u00a0\u00bb1em\u00a0\u00bb position_font_size=\u00a0\u00bb16px\u00a0\u00bb background_color=\u00a0\u00bb#fff9ef\u00a0\u00bb custom_margin=\u00a0\u00bb||50px||false|false\u00a0\u00bb global_colors_info=\u00a0\u00bb{}\u00a0\u00bb]<\/p>\n<p>Cher Quentin,<\/p>\n<p>J&rsquo;ai pass\u00e9 une semaine de gr\u00e2ce.<br \/>J&rsquo;aspirais de tout mon c\u0153ur et de toute mon \u00e2me \u00e0 vivre une exp\u00e9rience telle celle que tu nous a propos\u00e9e. Cette exp\u00e9rience d&rsquo;enseignements et de partages a confort\u00e9, \u00e0 bien des \u00e9gards, ce que je ressens, ce que je vis. Tu as mis les mots pr\u00e9cis sur des perceptions et cela a renforc\u00e9 la confiance en moi.<\/p>\n<p>Et que dire du silence! J&rsquo;aime tant le silence!<br \/>Il est si riche , si reposant, si doux et si fort.<br \/>Il laisse la place \u00e0 l&rsquo;Essentiel, la Pr\u00e9sence. J&rsquo;ai l&rsquo;impression de ressentir l&rsquo;Univers en moi et chaque cellule de mon corps vibre \u00e0 l&rsquo;unisson avec la Vie. Partager avec tous ces \u00eatres pr\u00e9sents, fr\u00e8res et s\u0153urs, a \u00e9t\u00e9 un moment merveilleux.<\/p>\n<p>Quentin, du plus profond de mon c\u0153ur et de toute mon \u00e2me, je te remercie pour ce que tu as initi\u00e9; je b\u00e9nis la vie de m&rsquo;avoir mise sur ton chemin. Qu&rsquo;elle te b\u00e9nisse pour l&rsquo;amour qui rayonne de toi.<\/p>\n<p>Marie-Claire<\/p>\n<p>[\/et_pb_testimonial][et_pb_testimonial portrait_url=\u00a0\u00bbhttps:\/\/livha.org\/wp-content\/uploads\/2024\/09\/livredor-avatarsilouhette-homme.png\u00a0\u00bb quote_icon_color=\u00a0\u00bb#bca257&Prime; portrait_width=\u00a0\u00bb75px\u00a0\u00bb portrait_height=\u00a0\u00bb75px\u00a0\u00bb _builder_version=\u00a0\u00bb4.27.0&Prime; _module_preset=\u00a0\u00bbdefault\u00a0\u00bb body_text_color=\u00a0\u00bb#3d2619&Prime; body_font_size=\u00a0\u00bb16px\u00a0\u00bb author_font_size=\u00a0\u00bb16px\u00a0\u00bb author_line_height=\u00a0\u00bb1em\u00a0\u00bb position_font_size=\u00a0\u00bb16px\u00a0\u00bb background_color=\u00a0\u00bb#fff9ef\u00a0\u00bb custom_margin=\u00a0\u00bb||50px||false|false\u00a0\u00bb global_colors_info=\u00a0\u00bb{}\u00a0\u00bb]<\/p>\n<p>Cher Quentin,<\/p>\n<p>Cette exp\u00e9rience du silence m&rsquo;a fait comprendre tr\u00e8s vite qu&rsquo;il y a quantit\u00e9 de mots inutiles. Mais au fait qui parle ?<br \/>Notre mental avec ses raisonnements de toutes sortes, notre \u00e9go avec ses jugements incessants ou notre \u00c2me ?<\/p>\n<p>J&rsquo;ai pris conscience que j&rsquo;accordais bien peu de place \u00e0 ce que voulait me faire ressentir mon \u00e2me. Je marchai donc \u00e0 l&rsquo;envers, inversement proportionnel \u00e0 un un fonctionnement bas\u00e9 sur mon int\u00e9rieur, mon coeur. C&rsquo;est donc v\u00e9ritablement cela se mettre dans son coeur&#8230;<\/p>\n<p>Cette retraite m&rsquo;a permis de ralentir, \u00ab\u00a0Etre\u00a0\u00bb plus dans le pr\u00e9sent. Non pas avaler ses aliments mais \u00ab\u00a0nourrir\u00a0\u00bb son corps donc ses cellules et en conscience et de ce fait manger moins&#8230; et je sais de quoi je parle. 20 ans de diab\u00e8te avec 3 m\u00e9dicaments \u00ab\u00a0\u00e0 vie\u00a0\u00bb selon mon diab\u00e9tologue. Aujourd&rsquo;hui avec 20 kgs en moins et une grosse bataille j&rsquo;ai supprim\u00e9 tous m\u00e9dicaments, tout va bien&#8230; avec une grande prise de conscience au cours de cette semaine.<\/p>\n<p>\u00c9norme exp\u00e9rience d&rsquo;int\u00e9riorisation et quand on a go\u00fbt\u00e9 \u00e0 ces moments de grande paix int\u00e9rieure, \u00e0 la reliance \u00e0 ces \u00e9nergies divines, le retour \u00e0 la vie d&rsquo;avant n&rsquo;est plus possible.<br \/>Prise de conscience que la vie est un grand jeu, un miroir o\u00f9 l&rsquo;on voit ce qu&rsquo;il y a \u00e0 \u00ab\u00a0l&rsquo;int\u00e9rieur \u00a0\u00bb de soi en voyant le comportement des autres, de quoi plonger dans une grande humilit\u00e9.<br \/>Mais oui, tout \u00e7a je le savais, c&rsquo;\u00e9tait d\u00e9j\u00e0 au fond de moi, mais quand on met la Conscience dessus je me sens tout juste un peu plus \u00ab\u00a0\u00e9veill\u00e9\u00a0\u00bb.<\/p>\n<p>\u00c9norme gratitude de t&rsquo;avoir rencontr\u00e9 mon cher Quentin.<\/p>\n<p>A bient\u00f4t pour de nouvelles aventures<\/p>\n<p>Bernard<\/p>\n<p>[\/et_pb_testimonial][et_pb_testimonial portrait_url=\u00a0\u00bbhttps:\/\/livha.org\/wp-content\/uploads\/2024\/09\/livredor-avatarsilouhette.png\u00a0\u00bb quote_icon_color=\u00a0\u00bb#bca257&Prime; portrait_width=\u00a0\u00bb75px\u00a0\u00bb portrait_height=\u00a0\u00bb75px\u00a0\u00bb _builder_version=\u00a0\u00bb4.27.0&Prime; _module_preset=\u00a0\u00bbdefault\u00a0\u00bb body_text_color=\u00a0\u00bb#3d2619&Prime; body_font_size=\u00a0\u00bb16px\u00a0\u00bb author_font_size=\u00a0\u00bb16px\u00a0\u00bb author_line_height=\u00a0\u00bb1em\u00a0\u00bb position_font_size=\u00a0\u00bb16px\u00a0\u00bb background_color=\u00a0\u00bb#fff9ef\u00a0\u00bb custom_margin=\u00a0\u00bb||50px||false|false\u00a0\u00bb global_colors_info=\u00a0\u00bb{}\u00a0\u00bb]Je marine dans l&rsquo;\u00e9nergie et les mots et l&rsquo;espace entre et dans les mots entendus lors de cette retraite, je garde le message \u00ab\u00a0tout va bien\u00a0\u00bb qui me fait beaucoup de bien, ainsi que \u00ab\u00a0si c&rsquo;est compliqu\u00e9 c&rsquo;est mental\u00a0\u00bb et \u00ab\u00a0faire un pas de c\u00f4t\u00e9\u00a0\u00bb lorsqu&rsquo;on se sent bloqu\u00e9 dans une situation. La phrase \u00ab\u00a0avant d&rsquo;\u00eatre ta soeur elle est une soeur\u00a0\u00bb a beaucoup r\u00e9sonn\u00e9, d&rsquo;autant que ma soeur a d\u00e9boul\u00e9 sans pr\u00e9venir samedi pendant la pause de midi ! La petite phrase &lsquo;la solitude n&rsquo;est pas l&rsquo;isolement&rsquo; est tr\u00e8s pr\u00e9sente en moi \u00e9galement.<\/p>\n<p>Je te remercie d&rsquo;avoir offert ton temps, toutes ces explications et v\u00e9rit\u00e9s, et ton \u00e9nergie lors de cette retraite. Merci de r\u00e9pondre \u00e0 toutes les questions m\u00eame si elles ne sont pas pioch\u00e9es. Merci infiniment pour la c\u00e9r\u00e9monie de l&rsquo;Eucharistie.<br \/>\nMerci pour la marche avec la Pr\u00e9sence que je me surprends \u00e0 reprendre de temps en temps.<\/p>\n<p>Je te remercie de tout mon c\u0153ur, et je remercie tous les fr\u00e8res et s\u0153urs pr\u00e9sents et en unit\u00e9 sur ce chemin.<\/p>\n<p>Abrazo virtuel<\/p>\n<p>Aline[\/et_pb_testimonial][et_pb_testimonial portrait_url=\u00a0\u00bbhttps:\/\/livha.org\/wp-content\/uploads\/2024\/09\/livredor-avatarsilouhette.png\u00a0\u00bb quote_icon_color=\u00a0\u00bb#bca257&Prime; portrait_width=\u00a0\u00bb75px\u00a0\u00bb portrait_height=\u00a0\u00bb75px\u00a0\u00bb _builder_version=\u00a0\u00bb4.27.0&Prime; _module_preset=\u00a0\u00bbdefault\u00a0\u00bb body_text_color=\u00a0\u00bb#3d2619&Prime; body_font_size=\u00a0\u00bb16px\u00a0\u00bb author_font_size=\u00a0\u00bb16px\u00a0\u00bb author_line_height=\u00a0\u00bb1em\u00a0\u00bb position_font_size=\u00a0\u00bb16px\u00a0\u00bb background_color=\u00a0\u00bb#fff9ef\u00a0\u00bb custom_margin=\u00a0\u00bb||50px||false|false\u00a0\u00bb global_colors_info=\u00a0\u00bb{}\u00a0\u00bb]<\/p>\n<p>Bonjour Quentin,<\/p>\n<p>Voici mon partage concernant comment a \u00e9t\u00e9 v\u00e9cue cette retraite.<\/p>\n<p>Merci pour cette belle retraite dans ce beau lieu avec toutes ces belles personnes.<br \/>Pour moi cette retraite a commenc\u00e9 par la joie de retrouver des \u00eatres que je connais, et de rencontrer aussi des nouveaux participants pour d\u00e9couvrir leur parcours, leur sensibilit\u00e9. J&rsquo;ai trouv\u00e9 le lieu vraiment bien choisi et appropri\u00e9 pour vivre une retraite, o\u00f9 les g\u00e9rants nous ont accueilli avec c\u0153ur pour que cette retraite se passe le mieux possible.<\/p>\n<p>Dans tout cet environnement propice, o\u00f9 on se sent embrass\u00e9 et en confiance, on peut se laisser guider par Quentin \u00e0 aller naturellement dans la pr\u00e9sence, dans notre espace du c\u0153ur o\u00f9 se go\u00fbte \u00e0 la fois le silence, des enseignements qui apportent des r\u00e9ponses \u00e0 nos questions et des compr\u00e9hensions essentielles pour chacun. Dans cette danse spontan\u00e9e des \u00e9changes, je me suis sentie nourrie et en joie de voir vibrer les autres. On se retrouve dans un espace o\u00f9 la v\u00e9rit\u00e9 est v\u00e9cue et peut \u00eatre respirer \u00e0 chaque moment, chacun selon sa propre exp\u00e9rience et dans ce qui est important pour lui de comprendre ou de ressentir.<\/p>\n<p>Je suis rentr\u00e9e chez moi avec un sentiment de plein et tellement reconnaissante pour tant de beaut\u00e9 v\u00e9cue ensemble, et qui se vit encore car cet espace \u00e0 laquelle Quentin souhaite nous \u00ab\u00a0rappeler\u00a0\u00bb est toujours pr\u00e9sent en nous et se d\u00e9voile, \u00e0 chaque fois avec plus de subtilit\u00e9 et de d&rsquo;ampleur dans le quotidien.<\/p>\n<p>De tout coeur<br \/>Aur\u00e9lie P.<\/p>\n<p>[\/et_pb_testimonial][et_pb_testimonial portrait_url=\u00a0\u00bbhttps:\/\/livha.org\/wp-content\/uploads\/2024\/09\/livredor-avatarsilouhette.png\u00a0\u00bb quote_icon_color=\u00a0\u00bb#bca257&Prime; portrait_width=\u00a0\u00bb75px\u00a0\u00bb portrait_height=\u00a0\u00bb75px\u00a0\u00bb _builder_version=\u00a0\u00bb4.27.0&Prime; _module_preset=\u00a0\u00bbdefault\u00a0\u00bb body_text_color=\u00a0\u00bb#3d2619&Prime; body_font_size=\u00a0\u00bb16px\u00a0\u00bb author_font_size=\u00a0\u00bb16px\u00a0\u00bb author_line_height=\u00a0\u00bb1em\u00a0\u00bb position_font_size=\u00a0\u00bb16px\u00a0\u00bb background_color=\u00a0\u00bb#fff9ef\u00a0\u00bb custom_margin=\u00a0\u00bb||50px||false|false\u00a0\u00bb global_colors_info=\u00a0\u00bb{}\u00a0\u00bb]<\/p>\n<p>\u00c0 chaque moment de la retraite tous les \u00e9l\u00e9ments apport\u00e9s par l&rsquo;enseignement, la Pr\u00e9sence et l&rsquo;\u00e9nergie, les partages, les musiques&#8230; \u00e9taient vivants, vibrants et ont permis l&rsquo;\u00e9closion int\u00e9rieure d&rsquo;\u00e9vidences, non per\u00e7ues comme souffrantes mais simplement \u00e9videntes.<\/p>\n<p>\u00c0 partir de cette \u00e9closion int\u00e9rieure tout a pu \u00eatre vu et remis en place dans l&rsquo;ordre vivant unitaire sans aucune difficult\u00e9, dans le non agir.<\/p>\n<p>Tout ce qui a pu \u00e9clore a \u00e9t\u00e9 embrass\u00e9 par l&rsquo;Amour.<\/p>\n<p>Sylvie<\/p>\n<p>[\/et_pb_testimonial][et_pb_testimonial portrait_url=\u00a0\u00bbhttps:\/\/livha.org\/wp-content\/uploads\/2024\/09\/livredor-avatarsilouhette.png\u00a0\u00bb quote_icon_color=\u00a0\u00bb#bca257&Prime; portrait_width=\u00a0\u00bb75px\u00a0\u00bb portrait_height=\u00a0\u00bb75px\u00a0\u00bb _builder_version=\u00a0\u00bb4.27.0&Prime; _module_preset=\u00a0\u00bbdefault\u00a0\u00bb body_text_color=\u00a0\u00bb#3d2619&Prime; body_font_size=\u00a0\u00bb16px\u00a0\u00bb author_font_size=\u00a0\u00bb16px\u00a0\u00bb author_line_height=\u00a0\u00bb1em\u00a0\u00bb position_font_size=\u00a0\u00bb16px\u00a0\u00bb background_color=\u00a0\u00bb#fff9ef\u00a0\u00bb custom_margin=\u00a0\u00bb||50px||false|false\u00a0\u00bb global_colors_info=\u00a0\u00bb{}\u00a0\u00bb]<\/p>\n<p>Bonjour Quentin,<\/p>\n<p>Je souhaite ajouter un autre aspect ressenti lors de la retraite, l&rsquo;ancrage.<br \/>Juste avant la c\u00e9r\u00e9monie du \u00ab\u00a0go\u00fbth\u00e9\u00a0\u00bb, tu nous as expliqu\u00e9 comment cela allait se d\u00e9rouler.<br \/>Assise sur la chaise, j&rsquo;ai senti mon corps se dilater et prendre tous l&rsquo;espace de la salle, au sol, quelque chose de solide, stable, comme un roc.<br \/>Puis nous sommes all\u00e9s dehors pour former un cercle.<br \/>L&rsquo;\u00e9vidence est que je me pose par terre, ce qui s&rsquo;est pass\u00e9 et l\u00e0, j&rsquo;ai senti mon corps se m\u00e9langer \u00e0 la terre, dans les profondeurs.<br \/>C&rsquo;est tr\u00e8s beau, je sens la respiration de la terre, comme des ondulations.<br \/>Le cercle devient feu, un cercle de feu, sans se consumer.<br \/>Ensuite Quentin se place au centre du cercle comme une forme de catalyseur lumineux qui relie le ciel et la terre.<br \/>Et dans le ciel, au-dessus du cercle un vaisseau est l\u00e0, pr\u00e9sence furtive \/ subtile mais bien l\u00e0.<br \/>Apr\u00e8s les enfants connect\u00e9s au 1er jour sont revenus, jouant dans le cercle sur cette terre vibrante, la Joie d&rsquo;un ancrage profond reli\u00e9 au ciel en passant par le centre du c\u0153ur.<br \/>Merci Quentin.<\/p>\n<p>De tout c\u0153ur.<br \/>Myl\u00e8ne<\/p>\n<p>[\/et_pb_testimonial][et_pb_testimonial portrait_url=\u00a0\u00bbhttps:\/\/livha.org\/wp-content\/uploads\/2024\/09\/livredor-avatarsilouhette-homme.png\u00a0\u00bb quote_icon_color=\u00a0\u00bb#bca257&Prime; portrait_width=\u00a0\u00bb75px\u00a0\u00bb portrait_height=\u00a0\u00bb75px\u00a0\u00bb _builder_version=\u00a0\u00bb4.27.0&Prime; _module_preset=\u00a0\u00bbdefault\u00a0\u00bb body_text_color=\u00a0\u00bb#3d2619&Prime; body_font_size=\u00a0\u00bb16px\u00a0\u00bb author_font_size=\u00a0\u00bb16px\u00a0\u00bb author_line_height=\u00a0\u00bb1em\u00a0\u00bb position_font_size=\u00a0\u00bb16px\u00a0\u00bb background_color=\u00a0\u00bb#fff9ef\u00a0\u00bb custom_margin=\u00a0\u00bb||50px||false|false\u00a0\u00bb global_colors_info=\u00a0\u00bb{}\u00a0\u00bb]<\/p>\n<p>Bonjour et merci encore pour la retraite.<\/p>\n<p>Voil\u00e0 les mots de mon v\u00e9cu :<\/p>\n<p>\u00ab\u00a0Quand on parle du pr\u00e9sent, cela est parfois compr\u00e9hensible pour moi, et parfois moins. Le fait que le pass\u00e9 et futur n&rsquo;existe pas est quelque chose que j&rsquo;ai maintes fois entendu, et que j&rsquo;essaie moi-m\u00eame de pratiquer et transmettre. Cette fois, au cours de cette retraite aupr\u00e8s de Quentin, je l&rsquo;ai pleinement v\u00e9cu.<\/p>\n<p>Cette certitude de vivre dans un continuum unique, celui du moment pr\u00e9sent, celui de la Pr\u00e9sence, existant en tout temps, tout lieu, au-del\u00e0 du mental et de la dualit\u00e9 que nous prenons souvent pour la seule r\u00e9alit\u00e9.<\/p>\n<p>Alors merci Quentin, ainsi qu&rsquo;\u00e0 toute l&rsquo;\u00e9quipe autant physique que spirituelle, d&rsquo;avoir permis de cr\u00e9er cet espace de paix pendant une semaine compl\u00e8te. La profondeur des enseignements ainsi que leur simplicit\u00e9 ont fait grandir ma foi, et m&rsquo;ont rappel\u00e9 comment acc\u00e9der \u00e0 la Pr\u00e9sence en moi. Je vois aujourd&rsquo;hui avec encore davantage de clart\u00e9 que cette Pr\u00e9sence est le c\u0153ur de toute chose, toute recherche, toute question. Ce que j&rsquo;ai ressenti durant cette retraite \u00e9tait si beau que cela ne fait aucun doute maintenant, et je suis en joie \u00e0 l&rsquo;id\u00e9e de continuer de cultiver cet espace en moi.\u00a0\u00bb<\/p>\n<p>Belle journ\u00e9e \u00e0 tous.<br \/>Youval<\/p>\n<p>[\/et_pb_testimonial][et_pb_testimonial portrait_url=\u00a0\u00bbhttps:\/\/livha.org\/wp-content\/uploads\/2024\/09\/livredor-avatarsilouhette.png\u00a0\u00bb quote_icon_color=\u00a0\u00bb#bca257&Prime; portrait_width=\u00a0\u00bb75px\u00a0\u00bb portrait_height=\u00a0\u00bb75px\u00a0\u00bb _builder_version=\u00a0\u00bb4.27.0&Prime; _module_preset=\u00a0\u00bbdefault\u00a0\u00bb body_text_color=\u00a0\u00bb#3d2619&Prime; body_font_size=\u00a0\u00bb16px\u00a0\u00bb author_font_size=\u00a0\u00bb16px\u00a0\u00bb author_line_height=\u00a0\u00bb1em\u00a0\u00bb position_font_size=\u00a0\u00bb16px\u00a0\u00bb background_color=\u00a0\u00bb#fff9ef\u00a0\u00bb custom_margin=\u00a0\u00bb||50px||false|false\u00a0\u00bb global_colors_info=\u00a0\u00bb{}\u00a0\u00bb]Je vais essayer d&rsquo;exprimer en mots ce que j&rsquo;ai v\u00e9cu lors de cette retraite.<\/p>\n<p>D&rsquo;abord, lors de cette retraite, j&rsquo;ai ressenti beaucoup de douceur et de profondeur \u00e0 l&rsquo;\u00e9coute de ton enseignement.<br \/>\nJ&rsquo;ai appr\u00e9ci\u00e9 ton \u00e9coute lors des partages et le fait que tu laisses les gens r\u00e9agir dans le Vivant.<br \/>\nLes choses \u00e9taient fluides.<\/p>\n<p>En ce qui me concerne, les musiques me font toucher du doigt la joie, l&rsquo;Unit\u00e9.<br \/>\nLes \u00e9changes aussi entre les participants \u00e9taient riches, dans le silence mais aussi dans les embrassades le dernier jour.<\/p>\n<p>Je sais que le dernier soir, ton enseignement a provoqu\u00e9 dans mon corps des rots assez puissants et assez longtemps.<br \/>\nJ&rsquo;attribue cela \u00e0 un nettoyage.<br \/>\nJe ne saurai donner plus d&rsquo;explications.<br \/>\nJe sais mais je ne saurai dire comment , que cette retraite a ouvert un peu plus mon Coeur.<\/p>\n<p>Merci pour ce que tu es.<br \/>\nMerci pour ta patience.<\/p>\n<p>De tout coeur,<\/p>\n<p>Marie S.[\/et_pb_testimonial][et_pb_testimonial portrait_url=\u00a0\u00bbhttps:\/\/livha.org\/wp-content\/uploads\/2024\/09\/livredor-avatarsilouhette.png\u00a0\u00bb quote_icon_color=\u00a0\u00bb#bca257&Prime; portrait_width=\u00a0\u00bb75px\u00a0\u00bb portrait_height=\u00a0\u00bb75px\u00a0\u00bb _builder_version=\u00a0\u00bb4.27.0&Prime; _module_preset=\u00a0\u00bbdefault\u00a0\u00bb body_text_color=\u00a0\u00bb#3d2619&Prime; body_font_size=\u00a0\u00bb16px\u00a0\u00bb author_font_size=\u00a0\u00bb16px\u00a0\u00bb author_line_height=\u00a0\u00bb1em\u00a0\u00bb position_font_size=\u00a0\u00bb16px\u00a0\u00bb background_color=\u00a0\u00bb#fff9ef\u00a0\u00bb custom_margin=\u00a0\u00bb||50px||false|false\u00a0\u00bb global_colors_info=\u00a0\u00bb{}\u00a0\u00bb]<\/p>\n<p>Cher Quentin,<\/p>\n<p>Cela fait d\u00e9j\u00e0 3 semaines que la retraite s\u2019est termin\u00e9e, physiquement, mais pas en Esprit.<\/p>\n<p>Il me suffit de me connecter \u00e0 la Lumi\u00e8re, au Soleil, \u00e0 la chaleur de cette semaine, pour revivre au Pr\u00e9sent tout ce que nous avons partag\u00e9 et l\u2019Amour dans lequel nous avons baign\u00e9.<\/p>\n<p>Ce fut pour moi un chemin progressif avec des compr\u00e9hensions, des visions et des prises de conscience qui m\u2019a permis une profonde int\u00e9riorisation. Plus cela se dilatait dans la douceur, plus je me structurais. Naissait en moi une Pr\u00e9sence nouvelle. Et cela se poursuit. Je laisse cette Pr\u00e9sence d\u00e9ployer ses ailes. C\u2019est comme les pr\u00e9mices d\u2019un mariage heureux avec \u2013m\u00eame si c\u2019est timide en moi- le go\u00fbt de l\u2019extase. Cela se vit ainsi. Et penser aux \u00catres en Communion intensifie la douceur et la simplicit\u00e9 de ce mouvement de Vie.<\/p>\n<p>Merci \u00e0 Toi Quentin et \u00e0 chaque \u00catre sur cette Voie de Lumi\u00e8re et d\u2019Amour.<\/p>\n<p>Nadine T. \ud83c\udf39<\/p>\n<p>[\/et_pb_testimonial][et_pb_testimonial portrait_url=\u00a0\u00bbhttps:\/\/livha.org\/wp-content\/uploads\/2024\/09\/livredor-avatarsilouhette.png\u00a0\u00bb quote_icon_color=\u00a0\u00bb#bca257&Prime; portrait_width=\u00a0\u00bb75px\u00a0\u00bb portrait_height=\u00a0\u00bb75px\u00a0\u00bb _builder_version=\u00a0\u00bb4.27.0&Prime; _module_preset=\u00a0\u00bbdefault\u00a0\u00bb body_text_color=\u00a0\u00bb#3d2619&Prime; body_font_size=\u00a0\u00bb16px\u00a0\u00bb author_font_size=\u00a0\u00bb16px\u00a0\u00bb author_line_height=\u00a0\u00bb1em\u00a0\u00bb position_font_size=\u00a0\u00bb16px\u00a0\u00bb background_color=\u00a0\u00bb#fff9ef\u00a0\u00bb custom_margin=\u00a0\u00bb||50px||false|false\u00a0\u00bb global_colors_info=\u00a0\u00bb{}\u00a0\u00bb]<\/p>\n<p>Bonjour Quentin,<\/p>\n<p>Ce petit message pour vous faire un retour apr\u00e8s la retraite.<br \/>Ce fut tr\u00e8s fort pour moi : j&rsquo;ai eu comme un gros coup de fatigue pendant 3-4 jours apr\u00e8s, avec des maux de t\u00eate (au-dessus de la t\u00eate) et les yeux qui se fermaient tous seuls&#8230; impossible de faire quoique ce soit (mon syst\u00e8me nerveux saturait \u00e0 la moindre tentative que je tentais de faire au niveau professionnel&#8230; alors je n&rsquo;ai pas insist\u00e9. J&rsquo;ai compris que je devais juste accepter de me poser sans rien faire)&#8230; juste besoin de me reposer et d&rsquo;appr\u00e9cier dans le calme et le silence ce qui \u00e9tait autour de moi&#8230; puis ces effets ce sont l\u00e9g\u00e8rement att\u00e9nu\u00e9s&#8230; depuis je sens toujours une pr\u00e9sence plus grande en moi, plus de calme, plus de recul, davantage besoin de suivre mon rythme, plus tranquille, sans me presser ni me contraindre&#8230;<\/p>\n<p>L&rsquo;enseignement m&rsquo;a \u00e9norm\u00e9ment nourrie, il est venu confirmer plein d&rsquo;intuitions et \u00e9clairer des espaces en moi qui en avaient besoin. Les moments de silence et de m\u00e9ditation ensemble \u00e9taient forts, denses, profonds&#8230; ils sont venus ancrer encore et encore cette pr\u00e9sence en moi.<\/p>\n<p>J&rsquo;ai beaucoup de gratitude pour cette semaine v\u00e9cue ensemble, et je prends la mesure de la chance que j&rsquo;ai de t&rsquo;avoir rencontr\u00e9 Quentin et de pouvoir b\u00e9n\u00e9ficier de tes connaissances et de ta pr\u00e9sence. C&rsquo;est vraiment magnifique. Un grand merci pour tes partages, ta douce, forte et lumineuse pr\u00e9sence et tes enseignements.<\/p>\n<p>J&rsquo;en parle d\u00e9j\u00e0 autour de moi, aux \u00eatres qui sont r\u00e9ceptifs et ouverts \u00e0 reconnaitre la V\u00e9rit\u00e9. C&rsquo;est naturel et simple de parler de ce qui me touche et me fait vibrer&#8230;<br \/>Avec mon compagnon Jean-Jacques nous esp\u00e9rons pouvoir poursuivre ce chemin de connaissance et d&rsquo;ouverture&#8230;<\/p>\n<p>Merci encore \u00e0 vous de permettre tout cela&#8230; c&rsquo;est vraiment inestimable de pouvoir le vivre.<br \/>A bient\u00f4t,<br \/>Sinc\u00e8rement,<br \/>Annaig<\/p>\n<p>[\/et_pb_testimonial][et_pb_testimonial portrait_url=\u00a0\u00bbhttps:\/\/livha.org\/wp-content\/uploads\/2024\/09\/livredor-avatarsilouhette.png\u00a0\u00bb quote_icon_color=\u00a0\u00bb#bca257&Prime; portrait_width=\u00a0\u00bb75px\u00a0\u00bb portrait_height=\u00a0\u00bb75px\u00a0\u00bb _builder_version=\u00a0\u00bb4.27.0&Prime; _module_preset=\u00a0\u00bbdefault\u00a0\u00bb body_text_color=\u00a0\u00bb#3d2619&Prime; body_font_size=\u00a0\u00bb16px\u00a0\u00bb author_font_size=\u00a0\u00bb16px\u00a0\u00bb author_line_height=\u00a0\u00bb1em\u00a0\u00bb position_font_size=\u00a0\u00bb16px\u00a0\u00bb background_color=\u00a0\u00bb#fff9ef\u00a0\u00bb custom_margin=\u00a0\u00bb||50px||false|false\u00a0\u00bb global_colors_info=\u00a0\u00bb{}\u00a0\u00bb]Bonjour,<\/p>\n<p>Voici mon partage concernant ce qui a \u00e9t\u00e9 v\u00e9cu pendant la retraite et ce qui se vit maintenant.<br \/>\nJ\u2019ai v\u00e9cu une alternance de moment de gr\u00e2ce, ou l\u2019Amour prend toute la place, ou le corps est respir\u00e9 par cette \u00e9nergie Une et j\u2019ai aussi v\u00e9cu et rencontr\u00e9 dans une intensit\u00e9 extr\u00eame des sch\u00e9mas de r\u00e9sistance, du jugement, le mental qui s\u2019emballe.<\/p>\n<p>Je me suis sentie appel\u00e9e \u00e0 faire cette retraite et j\u2019ai conscience que ces processus permettent de rencontrer au plus pr\u00e8s les parts d\u2019ombre et de les embrasser.  Cela se fait m\u00eame si le mental commente et juge avec force.<\/p>\n<p>Je peux partager cela apr\u00e8s quelques jours car il m\u2019a fallu un peu de temps pour constater ce qui s\u2019installe. Je vit avec plus de calme, je sens que la duret\u00e9 et le jugement vis-\u00e0-vis de moi-m\u00eame est remplac\u00e9 par l\u2019expression de qui je suis. Je ressens plus l\u2019Amour et cela se vit avec moi et au travers de mes relations.<\/p>\n<p>Je ressens beaucoup de gratitude pour ce qui se vit.<br \/>\nIl m\u2019est plus facile de Voir que chacUn est l\u2019expression de l\u2019Un et d\u2019accepter les exp\u00e9riences qui sont v\u00e9cues.<\/p>\n<p>MERCI QUENTIN, MERCI CHACUN<\/p>\n<p>Marion[\/et_pb_testimonial][et_pb_testimonial portrait_url=\u00a0\u00bbhttps:\/\/livha.org\/wp-content\/uploads\/2024\/09\/livredor-avatarsilouhette.png\u00a0\u00bb quote_icon_color=\u00a0\u00bb#bca257&Prime; portrait_width=\u00a0\u00bb75px\u00a0\u00bb portrait_height=\u00a0\u00bb75px\u00a0\u00bb _builder_version=\u00a0\u00bb4.27.0&Prime; _module_preset=\u00a0\u00bbdefault\u00a0\u00bb body_text_color=\u00a0\u00bb#3d2619&Prime; body_font_size=\u00a0\u00bb16px\u00a0\u00bb author_font_size=\u00a0\u00bb16px\u00a0\u00bb author_line_height=\u00a0\u00bb1em\u00a0\u00bb position_font_size=\u00a0\u00bb16px\u00a0\u00bb background_color=\u00a0\u00bb#fff9ef\u00a0\u00bb custom_margin=\u00a0\u00bb||50px||false|false\u00a0\u00bb global_colors_info=\u00a0\u00bb{}\u00a0\u00bb]<\/p>\n<p>D\u00e9j\u00e0 15 jours que cette tr\u00e8s belle retraite au bord du Lot s&rsquo;est termin\u00e9e, en tout cas dans cette r\u00e9alit\u00e9 incarn\u00e9e (Je me relie r\u00e9guli\u00e8rement \u00e0 cette belle \u00e9nergie)<\/p>\n<p>Je suis arriv\u00e9e d\u00e9tendue et en joie de te retrouver au Domaine de Lembrun, sans attente pr\u00e9cise, juste l&rsquo;en-vie de go\u00fbter le pr\u00e9sent en compagnie d&rsquo;Etres sur le m\u00eame chemin que moi. [&#8230;]<\/p>\n<p>J&rsquo;ai compris que ma valeur c&rsquo;est en r\u00e9sum\u00e9 et en d\u00e9tails : je suis! J&rsquo;apprends \u00e0 ne pas me d\u00e9finir \u00e0 travers le faire mais dans l&rsquo;Etre. Quel all\u00e8gement! Au plus ma r\u00e9conciliation int\u00e9rieure s&rsquo;accomplit, au plus mon coeur s&rsquo;ouvre. Et c&rsquo;est bon et joyeux.<\/p>\n<p>J&rsquo;apprends aussi \u00e0 regarder mon mental qui s&rsquo;agite et se disperse parfois&#8230; et j&rsquo;accueille mes \u00e9motions qui ne font que passer. Je fais feu de tout bois pour exp\u00e9rimenter, comprendre, l\u00e2cher, grandir, m&rsquo;ex-panser. A propos, j&rsquo;ai \u00e9t\u00e9 touch\u00e9e par ta phrase \u00a0\u00bb la paix mentale n&rsquo;est pas la paix du coeur\u00a0\u00bb&#8230; J&rsquo;avoue penser que j&rsquo;aurais tendance \u00e0 arriver \u00e0 trouver la 1ere mais \u00e0 encore \u00eatre loin de la seconde, ce qui est peut-\u00eatre encore un dur jugement \u00e0 mon \u00e9gard&#8230;<\/p>\n<p>J&rsquo;ai souri de constater que toi ou les participants r\u00e9pondiez r\u00e9guli\u00e8rement aux questions qui se prom\u00e8nent en moi. Quelques musiques m&rsquo;ont profond\u00e9ment emmen\u00e9e l\u00e0 o\u00f9 tout est calme amour et volupt\u00e9. Et aussi quelques moments particuliers comme le grand cercle apr\u00e8s la marche m\u00e9ditative ou bien le go\u00fbter b\u00e9ni par tes soins.<br \/>J&rsquo;ai bien s\u00fbr eu quelques aventures humaines avec mon mental, moi dans un groupe, c&rsquo;est toujours un po\u00e8me.<br \/>J&rsquo;ai d\u00e9pass\u00e9 ma peur de nager dans le Lot et aussi de t&rsquo;adresser ma question \u00ab\u00a0package\u00a0\u00bb\ud83d\ude09<\/p>\n<p>En \u00e9coutant les t\u00e9moignages de certains, j&rsquo;ai d\u00e9pass\u00e9 la comparaison en accueillant pleinement mon chemin particulier. Je pense que chacun vit son voyage au coeur du coeur \u00e0 sa fa\u00e7on , aux couleurs de ses sens. Je ne \u00ab\u00a0vois\u00a0\u00bb pas ou pas encore des \u00e9nergies d\u00e9border de partout, je n&rsquo;entends pas de voix mais je \u00ab\u00a0sens\u00a0\u00bb sans pouvoir expliquer et je ressens une profonde \u00e9vidence d&rsquo;\u00eatre cr\u00e9atrice et oeuvre d&rsquo;art divin. [&#8230;]<\/p>\n<p>Je viens de passer quelques ann\u00e9es relativement repli\u00e9e dans ma grotte et apr\u00e8s cette retraite, je ressens le besoin de recr\u00e9er du lien dans ces belles \u00e9nergies. [&#8230;] L&rsquo;id\u00e9e de cr\u00e9er un groupe de pri\u00e8re\/m\u00e9ditation ou de rejoindre un tel groupe me plait assez.<\/p>\n<p>Catherine V.<\/p>\n<p>[\/et_pb_testimonial][et_pb_testimonial portrait_url=\u00a0\u00bbhttps:\/\/livha.org\/wp-content\/uploads\/2024\/09\/livredor-avatarsilouhette.png\u00a0\u00bb quote_icon_color=\u00a0\u00bb#bca257&Prime; portrait_width=\u00a0\u00bb75px\u00a0\u00bb portrait_height=\u00a0\u00bb75px\u00a0\u00bb _builder_version=\u00a0\u00bb4.27.0&Prime; _module_preset=\u00a0\u00bbdefault\u00a0\u00bb body_text_color=\u00a0\u00bb#3d2619&Prime; body_font_size=\u00a0\u00bb16px\u00a0\u00bb author_font_size=\u00a0\u00bb16px\u00a0\u00bb author_line_height=\u00a0\u00bb1em\u00a0\u00bb position_font_size=\u00a0\u00bb16px\u00a0\u00bb background_color=\u00a0\u00bb#fff9ef\u00a0\u00bb custom_margin=\u00a0\u00bb||50px||false|false\u00a0\u00bb global_colors_info=\u00a0\u00bb{}\u00a0\u00bb]Coucou \u00e0 toi, Quentin, et \u00e0 toute ton \u00e9quipe,<br \/>\nJe n&rsquo;avais jamais v\u00e9cu de retraite avec d&rsquo;autres \u00eatres qui ont le m\u00eame appel. <\/p>\n<p>Cette retraite avec tous ces \u00eatres magnifiques, avec toi, \u00e9tait&#8230; Sublime. Je ne suis pas s\u00fbre qu&rsquo;il y ait un mot pour d\u00e9crire cela ; cela se laisse go\u00fbter et vibrer en soi, et les mots ne sont pas assez forts, pas assez beaux. <\/p>\n<p>C&rsquo;\u00e9tait merveilleux de ressentir cette reliance, cette communion entre chacun, cet amour, cette possibilit\u00e9 de se d\u00e9poser \u00e0 chaque pas ensemble, c&rsquo;est juste magique. C&rsquo;est tr\u00e8s puissant, toutes ces \u00e9nergies, cet amour.<\/p>\n<p>Merci d&rsquo;avoir permis cela, tu es un guide incroyable. <\/p>\n<p>Je suis rentr\u00e9e, j&rsquo;\u00e9tais nourrie, et cela d\u00e9bordait. J&rsquo;ai pu partager ces \u00e9nergies avec mon compagnon, Hassane, qui, sans avoir v\u00e9cu la retraite, a ressenti la puissance de l&rsquo;\u00e9nergie qui s&rsquo;en est diffus\u00e9e.<\/p>\n<p>Pendant la retraite, j&rsquo;ai eu plusieurs visions : j&rsquo;ai vu plusieurs animaux, un aigle, un lion, une chouette. Cela m&rsquo;arrive r\u00e9guli\u00e8rement en m\u00e9ditation d&rsquo;\u00eatre accompagn\u00e9e par l&rsquo;esprit de certains animaux.<br \/>\nMais \u00e0 un certain moment, pendant un de tes enseignements, j&rsquo;avais les yeux ouverts et j&rsquo;ai vu des cercles, des ondes, comme quand on jette un caillou dans l&rsquo;eau, et le symbole de l&rsquo;\u00e9toile \u00e0 six branches est apparu au centre. J&rsquo;ai ressenti tr\u00e8s fort l&rsquo;\u00e9nergie de mon c\u0153ur en ce moment et l&rsquo;ai senti tout au long de la retraite et maintenant encore. <\/p>\n<p>Je suis tellement reconnaissante d&rsquo;avoir pu vivre ce partage. C&rsquo;est tellement beau, doux, c&rsquo;est une onde d&rsquo;amour.<\/p>\n<p>Certains \u00eatres ont particip\u00e9 pour mon anniversaire, afin que je puisse venir. Quel cadeau merveilleux, tellement vivant, le plus beau des cadeaux.<\/p>\n<p>J&rsquo;aimerais aussi te partager que le live du 20 avril, o\u00f9 tu as r\u00e9pondu \u00e0 la question que j&rsquo;avais d\u00e9pos\u00e9e en commentaire par rapport \u00e0 des vagues intenses de lumi\u00e8re qui cr\u00e9aient de temps en temps des fermetures chez moi au niveau physique, m&rsquo;a beaucoup aid\u00e9e. Pendant ce live, j&rsquo;ai \u00e9t\u00e9 en m\u00e9ditation tout le long, et je me suis d\u00e9pos\u00e9e et d\u00e9tendue dans ces mouvements intenses. Tout mon corps s&rsquo;est mis \u00e0 trembler, et j&rsquo;ai ressenti beaucoup d&rsquo;alignement en moi. Apr\u00e8s cela, j&rsquo;ai eu beaucoup plus de clart\u00e9 et de paix dans les activit\u00e9s que je mets en place.<br \/>\nEt je n&rsquo;ai plus vraiment eu de moments o\u00f9 c&rsquo;\u00e9tait intense au point d&rsquo;\u00eatre d\u00e9sagr\u00e9able. Les mouvements d&rsquo;\u00e9nergie se font de mani\u00e8re plus fluide et douce.<\/p>\n<p>Merci infiniment pour ton aide pr\u00e9cieuse, pour cette retraite et tous les partages qui sont d&rsquo;une richesse immense. <\/p>\n<p>N&rsquo;h\u00e9sitez pas, si vous avez besoin de quelque chose \u00e0 Bruxelles, c&rsquo;est avec beaucoup de joie que je vous aiderai.<\/p>\n<p>Avec beaucoup de gratitude, d&rsquo;amour. <\/p>\n<p>Esther \ud83c\udf1f\ud83d\udc96[\/et_pb_testimonial][\/et_pb_column][\/et_pb_row][\/et_pb_section]<\/p>\n","protected":false},"excerpt":{"rendered":"<p>Bonjour Quentin, Merci. c&rsquo;\u00e9tait une premi\u00e8re, premi\u00e8re rencontre et premi\u00e8re retraite&#8230; Je n&rsquo;imaginais pas que \u00e7a pouvait-\u00eatre aussi beau et fort. Aucun mot n&rsquo;existe pour d\u00e9crire ce qui a \u00e9t\u00e9 senti si intens\u00e9ment dans le corps. Comme une immense \u00e9nergie tr\u00e8s agr\u00e9able qui inonde, qui submerge, qui enveloppe. Une vague d&rsquo;amour qui d\u00e9ferle. M\u00e9lange de Puissance et de Gr\u00e2ce. L&rsquo;enseignement, les m\u00e9ditations, les marches, le silence, l&rsquo;invitation \u00e0 ralentir&#8230; tout \u00e9tait rassemblement. La sensation de n&rsquo;\u00eatre qu&rsquo;un ensemble. Je me suis sentie au bon endroit au point de ne pas vouloir rentrer&#8230; Aujourd&rsquo;hui j&rsquo;essaye d&rsquo;\u00eatre dans le monde sans \u00eatre du monde. J&rsquo;invite chaque Etre \u00e0 vivre cette exp\u00e9rience tr\u00e8s nourrissante. C&rsquo;\u00e9tait Magique. ( j&rsquo;en ai encore les larmes aux yeux ). Je te remercie Quentin de m&rsquo;avoir offert ces pr\u00e9cieux moments. Je remercie chaque Etre d&rsquo;avoir particip\u00e9 \u00e0 cette semaine inoubliable. Je remercie les propri\u00e9taires ainsi que le personnel du domaine de Lembrun pour ce lieu propice au ressourcement et pour leur d\u00e9licieuse cuisine. Au plaisir de te revoir Aur\u00e9lie M.J\u2019ai v\u00e9cu cette retraite comme une profonde reconnexion \u00e0 mon \u00eatre, dans les espaces les plus intimes et aussi connect\u00e9e \u00e0 la vastitude. Il y a une saveur int\u00e9rieure [&hellip;]<\/p>\n","protected":false},"author":1,"featured_media":0,"parent":0,"menu_order":0,"comment_status":"closed","ping_status":"closed","template":"","meta":{"_et_pb_use_builder":"on","_et_pb_old_content":"","_et_gb_content_width":"","footnotes":""},"class_list":["post-236789","page","type-page","status-publish","hentry"],"_links":{"self":[{"href":"https:\/\/livha.org\/fr\/wp-json\/wp\/v2\/pages\/236789","targetHints":{"allow":["GET"]}}],"collection":[{"href":"https:\/\/livha.org\/fr\/wp-json\/wp\/v2\/pages"}],"about":[{"href":"https:\/\/livha.org\/fr\/wp-json\/wp\/v2\/types\/page"}],"author":[{"embeddable":true,"href":"https:\/\/livha.org\/fr\/wp-json\/wp\/v2\/users\/1"}],"replies":[{"embeddable":true,"href":"https:\/\/livha.org\/fr\/wp-json\/wp\/v2\/comments?post=236789"}],"version-history":[{"count":33,"href":"https:\/\/livha.org\/fr\/wp-json\/wp\/v2\/pages\/236789\/revisions"}],"predecessor-version":[{"id":237338,"href":"https:\/\/livha.org\/fr\/wp-json\/wp\/v2\/pages\/236789\/revisions\/237338"}],"wp:attachment":[{"href":"https:\/\/livha.org\/fr\/wp-json\/wp\/v2\/media?parent=236789"}],"curies":[{"name":"wp","href":"https:\/\/api.w.org\/{rel}","templated":true}]}}