{"id":237036,"date":"2025-04-09T11:03:16","date_gmt":"2025-04-09T09:03:16","guid":{"rendered":"https:\/\/livha.org\/?page_id=237036"},"modified":"2025-07-28T12:13:51","modified_gmt":"2025-07-28T10:13:51","slug":"retraite-avec-quentin-25-au-31-aout-2025","status":"publish","type":"page","link":"https:\/\/livha.org\/fr\/retraite-avec-quentin-25-au-31-aout-2025\/","title":{"rendered":"Retraite avec Quentin &#8211; du 25 au 31 ao\u00fbt 2025"},"content":{"rendered":"<p>[et_pb_section fb_built=\u00a0\u00bb1&Prime; _builder_version=\u00a0\u00bb4.16&Prime; _module_preset=\u00a0\u00bbdefault\u00a0\u00bb custom_padding=\u00a0\u00bb41px|||||\u00a0\u00bb top_divider_style=\u00a0\u00bbwave2&Prime; top_divider_color=\u00a0\u00bbrgba(127,203,219,0.3)\u00a0\u00bb top_divider_height=\u00a0\u00bb40px\u00a0\u00bb top_divider_flip=\u00a0\u00bbhorizontal|vertical\u00a0\u00bb bottom_divider_style=\u00a0\u00bbwave2&Prime; bottom_divider_color=\u00a0\u00bbrgba(127,203,219,0.3)\u00a0\u00bb bottom_divider_height=\u00a0\u00bb40px\u00a0\u00bb bottom_divider_flip=\u00a0\u00bbhorizontal\u00a0\u00bb global_colors_info=\u00a0\u00bb{}\u00a0\u00bb][et_pb_row _builder_version=\u00a0\u00bb4.16&Prime; _module_preset=\u00a0\u00bbdefault\u00a0\u00bb max_width=\u00a0\u00bb940px\u00a0\u00bb custom_padding=\u00a0\u00bb||10px|||\u00a0\u00bb global_colors_info=\u00a0\u00bb{}\u00a0\u00bb][et_pb_column type=\u00a0\u00bb4_4&Prime; _builder_version=\u00a0\u00bb4.16&Prime; _module_preset=\u00a0\u00bbdefault\u00a0\u00bb global_colors_info=\u00a0\u00bb{}\u00a0\u00bb][et_pb_text _builder_version=\u00a0\u00bb4.16&Prime; text_font=\u00a0\u00bbPoppins||||||||\u00a0\u00bb link_font=\u00a0\u00bbChivo||||||||\u00a0\u00bb header_font=\u00a0\u00bb||||||||\u00a0\u00bb header_3_font=\u00a0\u00bbBelleza|700||on|||||\u00a0\u00bb header_3_text_align=\u00a0\u00bbcenter\u00a0\u00bb header_3_text_color=\u00a0\u00bb#2b2b2b\u00a0\u00bb header_3_font_size=\u00a0\u00bb26px\u00a0\u00bb header_3_letter_spacing=\u00a0\u00bb2px\u00a0\u00bb header_3_line_height=\u00a0\u00bb2em\u00a0\u00bb min_height=\u00a0\u00bb33px\u00a0\u00bb custom_margin=\u00a0\u00bb-25px||5px||false|false\u00a0\u00bb custom_padding=\u00a0\u00bb||0px|||\u00a0\u00bb animation_style=\u00a0\u00bbnone\u00a0\u00bb header_font_size_tablet=\u00a0\u00bb25px\u00a0\u00bb header_font_size_phone=\u00a0\u00bb\u00a0\u00bb header_font_size_last_edited=\u00a0\u00bbon|phone\u00a0\u00bb header_3_font_size_tablet=\u00a0\u00bb24px\u00a0\u00bb header_3_font_size_phone=\u00a0\u00bb22px\u00a0\u00bb header_3_font_size_last_edited=\u00a0\u00bbon|desktop\u00a0\u00bb global_colors_info=\u00a0\u00bb{}\u00a0\u00bb]<\/p>\n<h3>Grande retraite avec Quentin disneur\u00a0<\/h3>\n<h3>&#8211; du 25 au 31 AO\u00fbt 2025 &#8211;<\/h3>\n<p>[\/et_pb_text][et_pb_video src=\u00a0\u00bbhttps:\/\/vimeo.com\/1074866398\/57f6bd9696?share=copy\u00a0\u00bb play_icon_color=\u00a0\u00bb#a8e0e0&Prime; _builder_version=\u00a0\u00bb4.27.4&Prime; _module_preset=\u00a0\u00bbdefault\u00a0\u00bb global_colors_info=\u00a0\u00bb{}\u00a0\u00bb][\/et_pb_video][et_pb_text _builder_version=\u00a0\u00bb4.27.4&Prime; _module_preset=\u00a0\u00bb0076d6eb-5595-4dd1-a096-31982f9ed001&Prime; text_font=\u00a0\u00bb||||||||\u00a0\u00bb global_colors_info=\u00a0\u00bb{}\u00a0\u00bb]<\/p>\n<p style=\"text-align: center;\"><span style=\"font-size: large;\">Voici quelques retours de participants suite \u00e0 la retraite de l&rsquo;ann\u00e9e pass\u00e9e :<\/span><\/p>\n<p style=\"text-align: center;\"><em><span style=\"font-size: large;\">(cliquez sur les fl\u00eaches &lt; &gt; pour les parcourir)\u00a0<\/span><\/em><\/p>\n<p>[\/et_pb_text][dsm_card_carousel centered_slides=\u00a0\u00bbon\u00a0\u00bb slide_to_show=\u00a0\u00bb1&Prime; speed=\u00a0\u00bb800&Prime; autoplay_speed=\u00a0\u00bb22000&Prime; pause_on_hover=\u00a0\u00bbon\u00a0\u00bb equal_height=\u00a0\u00bbon\u00a0\u00bb layout=\u00a0\u00bbinline\u00a0\u00bb arrow_size=\u00a0\u00bb58px\u00a0\u00bb _builder_version=\u00a0\u00bb4.27.4&Prime; _module_preset=\u00a0\u00bbdefault\u00a0\u00bb background_enable_color=\u00a0\u00bboff\u00a0\u00bb global_colors_info=\u00a0\u00bb{}\u00a0\u00bb][dsm_card_carousel_child image_as_background=\u00a0\u00bboff\u00a0\u00bb badge_text=\u00a0\u00bbBadget Text\u00a0\u00bb button_url_new_window=\u00a0\u00bb1&Prime; _builder_version=\u00a0\u00bb4.27.4&Prime; _module_preset=\u00a0\u00bbdefault\u00a0\u00bb body_font_size=\u00a0\u00bb15px\u00a0\u00bb background_color=\u00a0\u00bb#fef9f0&Prime; background_enable_color=\u00a0\u00bbon\u00a0\u00bb border_radii=\u00a0\u00bbon|20px|20px|20px|20px\u00a0\u00bb global_colors_info=\u00a0\u00bb{}\u00a0\u00bb parent_button=\u00a0\u00bboff\u00a0\u00bb parent_header_level=\u00a0\u00bbh4&Prime;]<\/p>\n<p><span><span style=\"font-size: 25px;\">\u00ab<\/span> <\/span>Cher Quentin,<\/p>\n<p>J\u2019ai pass\u00e9 une semaine de gr\u00e2ce.<br \/>J\u2019aspirais de tout mon c\u0153ur et de toute mon \u00e2me \u00e0 vivre une exp\u00e9rience telle celle que tu nous a propos\u00e9e. Cette exp\u00e9rience d\u2019enseignements et de partages a confort\u00e9, \u00e0 bien des \u00e9gards, ce que je ressens, ce que je vis. Tu as mis les mots pr\u00e9cis sur des perceptions et cela a renforc\u00e9 la confiance en moi.<\/p>\n<p>Et que dire du silence! J\u2019aime tant le silence!<br \/>Il est si riche , si reposant, si doux et si fort.<br \/>Il laisse la place \u00e0 l\u2019Essentiel, la Pr\u00e9sence. J\u2019ai l\u2019impression de ressentir l\u2019Univers en moi et chaque cellule de mon corps vibre \u00e0 l\u2019unisson avec la Vie. Partager avec tous ces \u00eatres pr\u00e9sents, fr\u00e8res et s\u0153urs, a \u00e9t\u00e9 un moment merveilleux.<\/p>\n<p>Quentin, du plus profond de mon c\u0153ur et de toute mon \u00e2me, je te remercie pour ce que tu as initi\u00e9; je b\u00e9nis la vie de m\u2019avoir mise sur ton chemin. Qu\u2019elle te b\u00e9nisse pour l\u2019amour qui rayonne de toi.<span> <span style=\"font-size: 25px;\">\u00bb<\/span><\/span><\/p>\n<p>Marie-Claire<\/p>\n<p>[\/dsm_card_carousel_child][dsm_card_carousel_child image_as_background=\u00a0\u00bboff\u00a0\u00bb badge_text=\u00a0\u00bbBadget Text\u00a0\u00bb button_url_new_window=\u00a0\u00bb1&Prime; _builder_version=\u00a0\u00bb4.27.4&Prime; _module_preset=\u00a0\u00bbdefault\u00a0\u00bb body_font_size=\u00a0\u00bb15px\u00a0\u00bb background_color=\u00a0\u00bb#fef9f0&Prime; background_enable_color=\u00a0\u00bbon\u00a0\u00bb border_radii=\u00a0\u00bbon|20px|20px|20px|20px\u00a0\u00bb global_colors_info=\u00a0\u00bb{}\u00a0\u00bb parent_button=\u00a0\u00bboff\u00a0\u00bb parent_header_level=\u00a0\u00bbh4&Prime;]<\/p>\n<p><span><span style=\"font-size: 25px;\">\u00ab <\/span><\/span>Bonjour et merci encore pour la retraite.<\/p>\n<p>Quand on parle du pr\u00e9sent, cela est parfois compr\u00e9hensible pour moi, et parfois moins. Le fait que le pass\u00e9 et futur n\u2019existe pas est quelque chose que j\u2019ai maintes fois entendu, et que j\u2019essaie moi-m\u00eame de pratiquer et transmettre. Cette fois, au cours de cette retraite aupr\u00e8s de Quentin, je l\u2019ai pleinement v\u00e9cu.<\/p>\n<p>Cette certitude de vivre dans un continuum unique, celui du moment pr\u00e9sent, celui de la Pr\u00e9sence, existant en tout temps, tout lieu, au-del\u00e0 du mental et de la dualit\u00e9 que nous prenons souvent pour la seule r\u00e9alit\u00e9.<\/p>\n<p>Alors merci Quentin, ainsi qu\u2019\u00e0 toute l\u2019\u00e9quipe autant physique que spirituelle, d\u2019avoir permis de cr\u00e9er cet espace de paix pendant une semaine compl\u00e8te. La profondeur des enseignements ainsi que leur simplicit\u00e9 ont fait grandir ma foi, et m\u2019ont rappel\u00e9 comment acc\u00e9der \u00e0 la Pr\u00e9sence en moi. Je vois aujourd\u2019hui avec encore davantage de clart\u00e9 que cette Pr\u00e9sence est le c\u0153ur de toute chose, toute recherche, toute question. Ce que j\u2019ai ressenti durant cette retraite \u00e9tait si beau que cela ne fait aucun doute maintenant, et je suis en joie \u00e0 l\u2019id\u00e9e de continuer de cultiver cet espace en moi. <span style=\"font-size: 25px;\">\u00bb<\/span><\/p>\n<p>Youval<\/p>\n<p>[\/dsm_card_carousel_child][dsm_card_carousel_child image_as_background=\u00a0\u00bboff\u00a0\u00bb badge_text=\u00a0\u00bbBadget Text\u00a0\u00bb button_url_new_window=\u00a0\u00bb1&Prime; _builder_version=\u00a0\u00bb4.27.4&Prime; _module_preset=\u00a0\u00bbdefault\u00a0\u00bb body_font_size=\u00a0\u00bb15px\u00a0\u00bb background_color=\u00a0\u00bb#fef9f0&Prime; background_enable_color=\u00a0\u00bbon\u00a0\u00bb border_radii=\u00a0\u00bbon|20px|20px|20px|20px\u00a0\u00bb global_colors_info=\u00a0\u00bb{}\u00a0\u00bb parent_button=\u00a0\u00bboff\u00a0\u00bb parent_header_level=\u00a0\u00bbh4&Prime;]<\/p>\n<p><span><span style=\"font-size: 25px;\">\u00ab\u00a0<\/span><\/span>Cette retraite avec tous ces \u00eatres magnifiques, avec toi, \u00e9tait\u2026 Sublime. Je ne suis pas s\u00fbre qu\u2019il y ait un mot pour d\u00e9crire cela ; cela se laisse go\u00fbter et vibrer en soi, et les mots ne sont pas assez forts, pas assez beaux.<\/p>\n<p>C\u2019\u00e9tait merveilleux de ressentir cette reliance, cette communion entre chacun, cet amour, cette possibilit\u00e9 de se d\u00e9poser \u00e0 chaque pas ensemble, c\u2019est juste magique. C\u2019est tr\u00e8s puissant, toutes ces \u00e9nergies, cet amour.\u00a0<\/p>\n<p><span>Merci d\u2019avoir permis cela, tu es un guide incroyable.<\/span><\/p>\n<p>Je suis rentr\u00e9e, j\u2019\u00e9tais nourrie, et cela d\u00e9bordait. J\u2019ai pu partager ces \u00e9nergies avec mon compagnon, Hassane, qui, sans avoir v\u00e9cu la retraite, a ressenti la puissance de l\u2019\u00e9nergie qui s\u2019en est diffus\u00e9e. [&#8230;]<\/p>\n<p>Je suis tellement reconnaissante d\u2019avoir pu vivre ce partage. C\u2019est tellement beau, doux, c\u2019est une onde d\u2019amour. [&#8230;]<\/p>\n<p>Merci infiniment pour ton aide pr\u00e9cieuse, pour cette retraite et tous les partages qui sont d\u2019une richesse immense. <span><span style=\"font-size: 25px;\"><\/span><\/span><span style=\"font-size: 25px;\">\u00bb<\/span><\/p>\n<p>Esther \ud83c\udf1f\ud83d\udc96<\/p>\n<p>[\/dsm_card_carousel_child][dsm_card_carousel_child image_as_background=\u00a0\u00bboff\u00a0\u00bb badge_text=\u00a0\u00bbBadget Text\u00a0\u00bb button_url_new_window=\u00a0\u00bb1&Prime; _builder_version=\u00a0\u00bb4.27.4&Prime; _module_preset=\u00a0\u00bbdefault\u00a0\u00bb body_font_size=\u00a0\u00bb15px\u00a0\u00bb background_color=\u00a0\u00bb#fef9f0&Prime; background_enable_color=\u00a0\u00bbon\u00a0\u00bb border_radii=\u00a0\u00bbon|20px|20px|20px|20px\u00a0\u00bb global_colors_info=\u00a0\u00bb{}\u00a0\u00bb parent_button=\u00a0\u00bboff\u00a0\u00bb parent_header_level=\u00a0\u00bbh4&Prime;]<\/p>\n<p><span><span style=\"font-size: 25px;\">\u00ab <\/span><\/span>\u00a0L\u2019enseignement m\u2019a \u00e9norm\u00e9ment nourrie, il est venu confirmer plein d\u2019intuitions et \u00e9clairer des espaces en moi qui en avaient besoin. Les moments de silence et de m\u00e9ditation ensemble \u00e9taient forts, denses, profonds\u2026 ils sont venus ancrer encore et encore cette pr\u00e9sence en moi.<\/p>\n<p>J\u2019ai beaucoup de gratitude pour cette semaine v\u00e9cue ensemble, et je prends la mesure de la chance que j\u2019ai de t\u2019avoir rencontr\u00e9 Quentin et de pouvoir b\u00e9n\u00e9ficier de tes connaissances et de ta pr\u00e9sence. C\u2019est vraiment magnifique. Un grand merci pour tes partages, ta douce, forte et lumineuse pr\u00e9sence et tes enseignements. [&#8230;]<\/p>\n<p>Merci encore \u00e0 vous de permettre tout cela\u2026 c\u2019est vraiment inestimable de pouvoir le vivre. <span style=\"font-size: 25px;\">\u00bb<\/span><\/p>\n<p>Annaig<\/p>\n<p>&nbsp;<\/p>\n<p>[\/dsm_card_carousel_child][dsm_card_carousel_child image_as_background=\u00a0\u00bboff\u00a0\u00bb badge_text=\u00a0\u00bbBadget Text\u00a0\u00bb button_url_new_window=\u00a0\u00bb1&Prime; _builder_version=\u00a0\u00bb4.27.4&Prime; _module_preset=\u00a0\u00bbdefault\u00a0\u00bb body_font_size=\u00a0\u00bb15px\u00a0\u00bb background_color=\u00a0\u00bb#fef9f0&Prime; background_enable_color=\u00a0\u00bbon\u00a0\u00bb border_radii=\u00a0\u00bbon|20px|20px|20px|20px\u00a0\u00bb global_colors_info=\u00a0\u00bb{}\u00a0\u00bb parent_button=\u00a0\u00bboff\u00a0\u00bb parent_header_level=\u00a0\u00bbh4&Prime;]<\/p>\n<p><span><span style=\"font-size: 25px;\">\u00ab<\/span> Pour moi, la toile de fond de cette retraite a \u00e9t\u00e9 une certaine pl\u00e9nitude qui m\u2019a accompagn\u00e9e tout le long, avec plus ou moins d\u2019intensit\u00e9. Le dernier soir, dans mon lit, soudain elle m\u2019a envahie totalement et des larmes ont commenc\u00e9 \u00e0 couler, des larmes de gratitude\u2026 Merci <span style=\"font-size: 25px;\">\u00bb<\/span><\/span><\/p>\n<p>V\u00e9ronique T.<\/p>\n<p>[\/dsm_card_carousel_child][dsm_card_carousel_child image_as_background=\u00a0\u00bboff\u00a0\u00bb badge_text=\u00a0\u00bbBadget Text\u00a0\u00bb button_url_new_window=\u00a0\u00bb1&Prime; _builder_version=\u00a0\u00bb4.27.4&Prime; _module_preset=\u00a0\u00bbdefault\u00a0\u00bb body_font_size=\u00a0\u00bb15px\u00a0\u00bb background_color=\u00a0\u00bb#fef9f0&Prime; background_enable_color=\u00a0\u00bbon\u00a0\u00bb border_radii=\u00a0\u00bbon|20px|20px|20px|20px\u00a0\u00bb global_colors_info=\u00a0\u00bb{}\u00a0\u00bb parent_button=\u00a0\u00bboff\u00a0\u00bb parent_header_level=\u00a0\u00bbh4&Prime;]<\/p>\n<p><span><span style=\"font-size: 25px;\">\u00ab<\/span> <\/span>J\u2019ai v\u00e9cu cette retraite comme une profonde reconnexion \u00e0 mon \u00eatre, dans les espaces les plus intimes et aussi connect\u00e9e \u00e0 la vastitude.<\/p>\n<p>Il y a une saveur int\u00e9rieure une douceur, un toucher qui se vit \u00e0 chaque instant encore et encore.<\/p>\n<p>Merci pour cette profonde invitation sans cesse renouvel\u00e9e \u00e0 d\u00e9ployer mes ailes.<\/p>\n<p>Au-del\u00e0 du temps et de l\u2019espace, la paix int\u00e9rieure se go\u00fbte.<\/p>\n<p>Merci Quentin d\u2019\u00catre. <span> <span style=\"font-size: 25px;\">\u00bb<\/span><\/span><\/p>\n<p>Nathalie<\/p>\n<p>[\/dsm_card_carousel_child][dsm_card_carousel_child image_as_background=\u00a0\u00bboff\u00a0\u00bb badge_text=\u00a0\u00bbBadget Text\u00a0\u00bb button_url_new_window=\u00a0\u00bb1&Prime; _builder_version=\u00a0\u00bb4.27.4&Prime; _module_preset=\u00a0\u00bbdefault\u00a0\u00bb body_font_size=\u00a0\u00bb15px\u00a0\u00bb background_color=\u00a0\u00bb#fef9f0&Prime; background_enable_color=\u00a0\u00bbon\u00a0\u00bb border_radii=\u00a0\u00bbon|20px|20px|20px|20px\u00a0\u00bb global_colors_info=\u00a0\u00bb{}\u00a0\u00bb parent_button=\u00a0\u00bboff\u00a0\u00bb parent_header_level=\u00a0\u00bbh4&Prime;]<\/p>\n<p><span><span style=\"font-size: 25px;\">\u00ab\u00a0<\/span><\/span>Cher Quentin,<\/p>\n<p>Cela fait d\u00e9j\u00e0 3 semaines que la retraite s\u2019est termin\u00e9e, physiquement, mais pas en Esprit.<\/p>\n<p>Il me suffit de me connecter \u00e0 la Lumi\u00e8re, au Soleil, \u00e0 la chaleur de cette semaine, pour revivre au Pr\u00e9sent tout ce que nous avons partag\u00e9 et l\u2019Amour dans lequel nous avons baign\u00e9.<\/p>\n<p>Ce fut pour moi un chemin progressif avec des compr\u00e9hensions, des visions et des prises de conscience qui m\u2019a permis une profonde int\u00e9riorisation. Plus cela se dilatait dans la douceur, plus je me structurais. Naissait en moi une Pr\u00e9sence nouvelle. Et cela se poursuit. Je laisse cette Pr\u00e9sence d\u00e9ployer ses ailes. C\u2019est comme les pr\u00e9mices d\u2019un mariage heureux avec \u2013m\u00eame si c\u2019est timide en moi- le go\u00fbt de l\u2019extase. Cela se vit ainsi. Et penser aux \u00catres en Communion intensifie la douceur et la simplicit\u00e9 de ce mouvement de Vie.<\/p>\n<p>Merci \u00e0 Toi Quentin et \u00e0 chaque \u00catre sur cette Voie de Lumi\u00e8re et d\u2019Amour. <span style=\"font-size: 25px;\">\u00bb<\/span><\/p>\n<p>Nadine T. \ud83c\udf39<\/p>\n<p>[\/dsm_card_carousel_child][\/dsm_card_carousel][et_pb_text _builder_version=\u00a0\u00bb4.16&Prime; _module_preset=\u00a0\u00bb0076d6eb-5595-4dd1-a096-31982f9ed001&Prime; text_font=\u00a0\u00bb||||||||\u00a0\u00bb global_colors_info=\u00a0\u00bb{}\u00a0\u00bb]<\/p>\n<p>Bonjour \u00e0 tous,<\/p>\n<p>C&rsquo;est avec joie que nous vous proposons de vivre ensemble une retraite en pr\u00e9sentiel pr\u00e8s d&rsquo;Agen, au domaine de Lembrun, du lundi 25 ao\u00fbt au dimanche 31 ao\u00fbt. Vous trouverez tous les d\u00e9tails concernant cet \u00e9v\u00e9nement ci-dessous et les informations concernant l&rsquo;<strong>inscription en bas de cette page<\/strong>.\u00a0\u00a0<\/p>\n<p>[\/et_pb_text][et_pb_text _builder_version=\u00a0\u00bb4.16&Prime; _module_preset=\u00a0\u00bb0076d6eb-5595-4dd1-a096-31982f9ed001&Prime; text_font=\u00a0\u00bb||||||||\u00a0\u00bb global_colors_info=\u00a0\u00bb{}\u00a0\u00bb]<\/p>\n<p><span style=\"font-size: x-large;\"><strong>Programme de la retraite<\/strong><\/span><\/p>\n<p>Les diff\u00e9rentes sessions seront rythm\u00e9es de partages, d&rsquo;enseignements, de moments de r\u00e9ponses aux questions, de p\u00e9riodes de m\u00e9ditation, ainsi que de moments en nature dans les environs tr\u00e8s proches si le temps le permet.\u00a0<\/p>\n<p>Le d\u00e9roulement se fera dans le vivant, permettant \u00e0 chacun de s&rsquo;immerger dans un climat favorisant le ressourcement, l&rsquo;introspection, le partage et de d\u00e9voiler la beaut\u00e9 qui r\u00e9side d\u00e9j\u00e0 en chacun.\u00a0<\/p>\n<p><span>Cette retraite se d\u00e9roulera en \u00ab\u00a0semi-silence\u00a0\u00bb. Cela veut dire qu&rsquo;il y aura un temps d&rsquo;au moins une demi journ\u00e9e \u00e0 une journ\u00e9e sans silence, en d\u00e9but et fin de retraite, afin que les \u00eatres puissent faire connaissance entre eux, et offrir ainsi un espace fraternel bienveillant, lumineux et dans le coeur, pour chaque\u00a0UN. Ensuite, une descente dans le silence commencera, pour mieux entendre le silence int\u00e9rieur qui r\u00e9side dans le coeur, et d&rsquo;o\u00f9 part l&rsquo;\u00e9tincelle divine.<\/span><\/p>\n<p><strong>Voici le d\u00e9roulement d&rsquo;une journ\u00e9e de retraite <\/strong>(pourra \u00eatre adapt\u00e9 selon ce qui est senti adapt\u00e9 sur le moment)<strong> :\u00a0\u00a0<\/strong><\/p>\n<p>Petit-d\u00e9jeuner : 7h45 \u00e0 8h45<\/p>\n<p>Session du matin : de 9h15 \u00e0 12h00<\/p>\n<p>Repas du midi : 12h30 \u00e0 13h30<\/p>\n<p>Session de l&rsquo;apr\u00e8s-midi : au cas par cas<\/p>\n<p>Repas du soir : 19h \u00e0 20h<\/p>\n<p>Session du soir : de 20h30 \u00e0 22h<\/p>\n<p><strong>Arriv\u00e9e le 25 ao\u00fbt<\/strong>: l&rsquo;arriv\u00e9e sur les lieux le lundi 25 ao\u00fbt peut se faire d\u00e8s 14h. L&rsquo;ouverture de l&rsquo;enregistrement sur place et l&rsquo;acc\u00e8s aux chambres a lieu entre 14h00 et 18h. L&rsquo;apr\u00e8s-midi du jour d&rsquo;arriv\u00e9e est laiss\u00e9 libre afin de permettre une installation pour chacun selon son heure d&rsquo;arriv\u00e9e, et est propice pour s&rsquo;impr\u00e9gner des \u00e9nergies du lieu. Le diner est pr\u00e9vu \u00e0 18h30, et sera suivi d&rsquo;une premi\u00e8re session le soir, qui ouvre la retraite.\u00a0\u00a0<\/p>\n<div><\/div>\n<div><\/div>\n<div><\/div>\n<div><\/div>\n<div><\/div>\n<p><strong><\/strong><\/p>\n<p><strong>D\u00e9part le 31 ao\u00fbt <\/strong>: Il y aura un dernier partage le 31 ao\u00fbt apr\u00e8s-midi, puis \u00e0 l&rsquo;issue de ce partage, le d\u00e9part se fera le dimanche 31 ao\u00fbt \u00e0 partir de 17h30.\u00a0<\/p>\n<p>&nbsp;<\/p>\n<p>[\/et_pb_text][et_pb_text _builder_version=\u00a0\u00bb4.24.2&Prime; _module_preset=\u00a0\u00bb0076d6eb-5595-4dd1-a096-31982f9ed001&Prime; text_font=\u00a0\u00bb||||||||\u00a0\u00bb global_colors_info=\u00a0\u00bb{}\u00a0\u00bb]<\/p>\n<p><span style=\"font-size: x-large;\"><strong>Le lieu de la retraite : Le Domaine de Lembrun<\/strong><\/span><\/p>\n<p>La retraite va se d\u00e9rouler dans un bel \u00e9crin de nature dans le Lot-et-Garonne, \u00e0 proximit\u00e9 de la rivi\u00e8re Lot, et offre un lieu paisible, propice \u00e0 l&rsquo;approfondissement et ressourcement int\u00e9rieur.<\/p>\n<p>Il s&rsquo;agit d&rsquo;un lieu consacr\u00e9 habituellement \u00e0 l&rsquo;organisation de retraites spirituelles, qui d\u00e9gage de la beaut\u00e9 et une s\u00e9r\u00e9nit\u00e9, au sein duquel un soin est apport\u00e9, que ce soit au niveau des h\u00e9bergements, des diff\u00e9rents espaces communs, et \u00e9galement au niveau de la cuisine v\u00e9g\u00e9tarienne qui est propos\u00e9e.<\/p>\n<p>Vous pouvez faire d\u00e9filer des photos du lieu ci-dessous :<\/p>\n<p>[\/et_pb_text][et_pb_gallery gallery_ids=\u00a0\u00bb236607,236597,236602,236612,236617,236627,236632,236637&Prime; fullwidth=\u00a0\u00bbon\u00a0\u00bb _builder_version=\u00a0\u00bb4.24.2&Prime; _module_preset=\u00a0\u00bbdefault\u00a0\u00bb max_width=\u00a0\u00bb75%\u00a0\u00bb module_alignment=\u00a0\u00bbcenter\u00a0\u00bb custom_padding=\u00a0\u00bb0px||||false|false\u00a0\u00bb border_width_all_image=\u00a0\u00bb2px\u00a0\u00bb border_color_all_image=\u00a0\u00bbRGBA(0,0,0,0)\u00a0\u00bb global_colors_info=\u00a0\u00bb{}\u00a0\u00bb][\/et_pb_gallery][dsm_masonry_gallery gallery_ids=\u00a0\u00bb236637,236632,236617,236627,236602,236597,236607,236612&Prime; columns=\u00a0\u00bb4&Prime; gutter=\u00a0\u00bb9&Prime; use_lightbox=\u00a0\u00bbon\u00a0\u00bb _builder_version=\u00a0\u00bb4.24.2&Prime; _module_preset=\u00a0\u00bbdefault\u00a0\u00bb global_colors_info=\u00a0\u00bb{}\u00a0\u00bb][\/dsm_masonry_gallery][et_pb_text _builder_version=\u00a0\u00bb4.20.0&Prime; _module_preset=\u00a0\u00bb0076d6eb-5595-4dd1-a096-31982f9ed001&Prime; text_font=\u00a0\u00bb||||||||\u00a0\u00bb global_colors_info=\u00a0\u00bb{}\u00a0\u00bb]<\/p>\n<p><span style=\"font-size: x-large;\"><strong>Logement\u00a0<\/strong><\/span><\/p>\n<p>6 nuits sur place sont incluses (premi\u00e8re nuit du 25 au 26 ao\u00fbt, derni\u00e8re nuit du 30 au 31 ao\u00fbt). Diff\u00e9rents types de chambres sont disponibles sur le domaine, en chambres communes ou individuelles, dans plusieurs b\u00e2tisses, ou en lodge et mobilhome. Le tarif d\u00e9pend du type de logement (voir ci-dessous).<\/p>\n<p>Note pratique : Les draps sont fournis, cependant il est n\u00e9cessaire d&rsquo;apporter une serviette de bain.\u00a0<\/p>\n<p><span style=\"font-size: x-large;\"><strong><\/strong><\/span><\/p>\n<p><span style=\"font-size: x-large;\"><strong><\/strong><\/span><\/p>\n<p><span style=\"font-size: x-large;\"><strong>Repas<\/strong><\/span><\/p>\n<p>Tous les repas sont en cuisine v\u00e9g\u00e9tarienne et inclus dans le tarif pension compl\u00e8te (voir ci-dessous). Les menus sont pr\u00e9par\u00e9s avec des aliments de qualit\u00e9 et veillent \u00e0 offrir un bon \u00e9quilibre et des plats savoureux.\u00a0<\/p>\n<p>Si vous \u00eates soumis \u00e0 un r\u00e9gime alimentaire particulier (allergie au gluten, etc), nous vous invitons \u00e0 l&rsquo;indiquer sur le formulaire d&rsquo;inscription.<\/p>\n<p>[\/et_pb_text][et_pb_text _builder_version=\u00a0\u00bb4.24.2&Prime; _module_preset=\u00a0\u00bb0076d6eb-5595-4dd1-a096-31982f9ed001&Prime; text_font=\u00a0\u00bb||||||||\u00a0\u00bb global_colors_info=\u00a0\u00bb{}\u00a0\u00bb]<\/p>\n<p><span style=\"font-size: x-large;\"><strong>Acc\u00e8s et transport<\/strong><\/span><\/p>\n<p>Le lieu de la retraite s&rsquo;appelle le Domaine de Lembrun. il est situ\u00e9 dans le Lot-et-Garonne (47), au sud de la France, entre pr\u00e8s d&rsquo;Agen, sur les bords du Lot.<\/p>\n<p class=\"plain\">L&rsquo;adresse du lieu est la suivante : Domaine de Lembrun, <span>2283 route de lembrun,<\/span> 47110 Le Temple-sur-Lot, France. Pour r\u00e9p\u00e9rer le lieu il est plus facile d&rsquo;utiliser la localisation Google Maps : <a href=\"https:\/\/maps.app.goo.gl\/MFBJqkn2WZEd9Wd3A\" target=\"_blank\" rel=\"noopener\">https:\/\/maps.app.goo.gl\/MFBJqkn2WZEd9Wd3A<\/a><\/p>\n<p>&#8211; <strong>Acc\u00e8s en train<\/strong> : La gare d&rsquo;Agen est situ\u00e9e \u00e0 25km. Il n&rsquo;existe pas de transport en commun depuis Agen vers le lieu de retraite. Cependant, le domaine de Lembrun se propose d&rsquo;aider \u00e0 r\u00e9server un taxi qui pourrait \u00eatre partag\u00e9 entre plusieurs participants (90\u20ac le trajet, \u00e0 diviser entre le nombre de personnes).<\/p>\n<p>&#8211; <strong>Acc\u00e8s en avion <\/strong>: Les a\u00e9roports de Toulouse et de Bordeaux sont tous deux situ\u00e9s \u00e0 1h30 en voiture environ du domaine.<\/p>\n<p>&#8211; <strong>Acc\u00e8s en voiture<\/strong> : Via l&rsquo;autoroute A62 depuis Toulouse ou Bordeaux, puis sorties vers la route d\u00e9partementale pour arriver jusqu&rsquo;au domaine. Le plus simple est de se servir de la localisation Google maps ou similaire : <a href=\"https:\/\/maps.app.goo.gl\/MFBJqkn2WZEd9Wd3A\" target=\"_blank\" rel=\"noopener\">https:\/\/maps.app.goo.gl\/MFBJqkn2WZEd9Wd3A<\/a><\/p>\n<p>&#8211; <strong>Covoiturage<\/strong> : Afin de faciliter la venue sur place, une page d\u00e9di\u00e9e au covoiturage \u00e0 \u00e9t\u00e9 cr\u00e9\u00e9e, pour permettre aux participants \u00e0 la rencontre de proposer ou demander un covoiturage :<\/p>\n<p><a href=\"https:\/\/covoiturageretraite.wordpress.com\/retraite-domaine-de-lembrun-2025\/\" target=\"_blank\" rel=\"noopener\">https:\/\/covoiturageretraite.wordpress.com\/retraite-domaine-de-lembrun-2025\/<\/a><\/p>\n<p>[\/et_pb_text][et_pb_text _builder_version=\u00a0\u00bb4.20.0&Prime; _module_preset=\u00a0\u00bb0076d6eb-5595-4dd1-a096-31982f9ed001&Prime; text_font=\u00a0\u00bb||||||||\u00a0\u00bb custom_margin=\u00a0\u00bb8px||30px|||\u00a0\u00bb global_colors_info=\u00a0\u00bb{}\u00a0\u00bb]<\/p>\n<p><span style=\"font-size: x-large; color: rgba(0, 0, 0, 0.6);\"><strong>Frais d&rsquo;inscription<\/strong><\/span><\/p>\n<p><strong>Les frais d&rsquo;inscription se composent d&rsquo;un paiement pour la retraite, vers\u00e9 \u00e0 l&rsquo;association Livha fond\u00e9e par Quentin, et d&rsquo;un paiement pour le logement et la pension compl\u00e8te vers\u00e9 au domaine de Lembrun<\/strong>, o\u00f9 se d\u00e9roule l&rsquo;\u00e9v\u00e9nement. Il est requis de s&rsquo;acquitter du paiement pour la retraite et d&rsquo;un acompte pour la pension compl\u00e8te pour pouvoir participer \u00e0 la retraite (il n&rsquo;est pas possible de participer sans loger et se nourrir sur place).\u00a0<\/p>\n<p><span style=\"font-size: x-large;\"><strong><\/strong><\/span><\/p>\n<p><span style=\"font-size: x-large; color: rgba(0, 0, 0, 0.6);\"><strong>1) <span style=\"font-size: large;\">Tarif pour la retraite<\/span><\/strong><\/span><\/p>\n<p>Afin de permettre au plus grand nombre de participer, tout en respectant un \u00e9quilibre au regard de la valeur qui est offert lors de cet \u00e9v\u00e9nement et ce qui est mis en place pour le rendre possible, il est propos\u00e9 \u00e0 chacun de choisir parmi plusieurs montants.\u00a0<\/p>\n<p>&#8211; Une <strong>participation normale<\/strong>, permettant d&rsquo;organiser ce type de retraite : <strong>350\u20ac (+tva), soit 420\u20ac ttc<\/strong> avec la tva fran\u00e7aise incluse.<\/p>\n<p>ou<\/p>\n<p>&#8211; Une <strong>participation bienfaiteur<\/strong>, qui permet de d\u00e9velopper de nouvelles activit\u00e9s \u00e0 l&rsquo;avenir : <strong>500\u20ac ou plus (+tva), soit 600\u20ac ttc<\/strong> ou plus avec la tva fran\u00e7aise incluse.<\/p>\n<p><span style=\"text-decoration: underline;\">En cas de difficult\u00e9 financi\u00e8re<\/span>, il vous est possible de faire une demande afin de pouvoir verser une participation d&rsquo;un montant inf\u00e9rieur, en indiquant votre situation, ainsi nous pourrons voir si cela est possible et si cela peut \u00eatre \u00e9quilibr\u00e9. Vous pouvez nous contacter \u00e0 ce sujet \u00e0 l&rsquo;adresse <a href=\"mailto:contact@livha.org\">contact@livha.org<\/a>\u00a0<\/p>\n<p><em>Tous les fonds sont vers\u00e9s \u00e0 l&rsquo;association sans but lucratif LIVHA afin de soutenir et d\u00e9velopper ses activit\u00e9s tels que la diffusion de ces enseignements et d&rsquo;autres projets d&rsquo;harmonie et de rassemblement tel que la cr\u00e9ation d&rsquo;un \u00e9co-lieu au Portugal.<\/em><\/p>\n<p><em><\/em><\/p>\n<p><span style=\"font-size: x-large;\"><strong>2) <span style=\"font-size: large;\">Tarif pour le logement et pension compl\u00e8te<\/span><\/strong><\/span><\/p>\n<p>Le tarif pour le logement et la pension compl\u00e8te d\u00e9pend du type de logement choisi. Voici la liste ci-dessous :\u00a0<\/p>\n<p>[\/et_pb_text][et_pb_image src=\u00a0\u00bbhttps:\/\/livha.org\/wp-content\/uploads\/2025\/04\/liste-tarifs-site-2.png\u00a0\u00bb title_text=\u00a0\u00bbliste-tarifs-site\u00a0\u00bb _builder_version=\u00a0\u00bb4.27.4&Prime; _module_preset=\u00a0\u00bbdefault\u00a0\u00bb width=\u00a0\u00bb600px\u00a0\u00bb custom_margin=\u00a0\u00bb||||false|false\u00a0\u00bb custom_padding=\u00a0\u00bb||||false|false\u00a0\u00bb global_colors_info=\u00a0\u00bb{}\u00a0\u00bb][\/et_pb_image][et_pb_text _builder_version=\u00a0\u00bb4.20.0&Prime; _module_preset=\u00a0\u00bb0076d6eb-5595-4dd1-a096-31982f9ed001&Prime; text_font=\u00a0\u00bb||||||||\u00a0\u00bb custom_margin=\u00a0\u00bb8px||30px|||\u00a0\u00bb global_colors_info=\u00a0\u00bb{}\u00a0\u00bb]<\/p>\n<p>Remarque : Si vous souhaitez partager votre logement avec une personne de votre choix, ou si vous avez une contrainte particuli\u00e8re (difficult\u00e9 pour se d\u00e9placer), merci de l&rsquo;indiquer sur le formulaire d&rsquo;inscription envoy\u00e9 au domaine de Lembrun (voir ci-dessous). Dans les autres cas, la r\u00e9partition dans les chambres se fera par nos soins, en respectant au mieux les besoins particuliers le cas \u00e9ch\u00e9ant.<\/p>\n<p><strong>Pour s&rsquo;inscrire, un acompte de 150\u20ac est demand\u00e9, ainsi que l&rsquo;envoi au domaine de Lembrun d&rsquo;une fiche d&rsquo;inscription remplie.<\/strong> Vous pouvez trouver les d\u00e9tails pour effectuer l&rsquo;inscription ci-dessous.\u00a0 Le reste du montant pour le logement et la pension sera \u00e0 verser sur place \u00e0 votre arriv\u00e9e (versement en esp\u00e8ces, par ch\u00e8que, ou carte bancaire).\u00a0<\/p>\n<p>&nbsp;<\/p>\n<p>[\/et_pb_text][et_pb_text _builder_version=\u00a0\u00bb4.20.0&Prime; _module_preset=\u00a0\u00bb0076d6eb-5595-4dd1-a096-31982f9ed001&Prime; text_font=\u00a0\u00bb||||||||\u00a0\u00bb custom_margin=\u00a0\u00bb49px||1px|||\u00a0\u00bb global_colors_info=\u00a0\u00bb{}\u00a0\u00bb]<\/p>\n<p style=\"text-align: center;\"><span style=\"font-size: x-large; color: rgba(12, 105, 175, 0.98);\"><strong>INSCRIPTION<\/strong><\/span><\/p>\n<p>Pour effectuer votre inscription \u00e0 la retraite, il vous est demand\u00e9 d&rsquo;effectuer le versement de votre participation normale ou bienfaiteur \u00e0 la retraite ainsi que le versement de l&rsquo;acompte de 150\u20ac pour la pension compl\u00e8te <span style=\"text-decoration: underline;\"><strong>avant le 17 ao\u00fbt<\/strong><\/span>. Le second versement aupr\u00e8s du domaine de Lembrun pour le logement et la pension compl\u00e8te s&rsquo;effectue sur place \u00e0 votre arriv\u00e9e.<\/p>\n<p><strong><span style=\"font-size: x-large;\">1)<\/span> Verser les frais de participation \u00e0 la retraite\u00a0<\/strong> : s\u00e9lectionnez le montant ci-dessous, vous recevrez confirmation de votre inscription par email.<\/p>\n<p><em>Remarque : vous aurez besoin de vous connecter \u00e0 votre mylivha (ou en cr\u00e9er un) pour effectuer le paiement. En cas de difficult\u00e9, n&rsquo;h\u00e9sitez pas \u00e0 nous contacter.<\/em><\/p>\n<p><em><\/em><\/p>\n<p>[\/et_pb_text][\/et_pb_column][\/et_pb_row][et_pb_row column_structure=\u00a0\u00bb1_2,1_2&Prime; use_custom_gutter=\u00a0\u00bbon\u00a0\u00bb gutter_width=\u00a0\u00bb1&Prime; _builder_version=\u00a0\u00bb4.20.0&Prime; _module_preset=\u00a0\u00bbdefault\u00a0\u00bb width=\u00a0\u00bb90%\u00a0\u00bb max_width=\u00a0\u00bb800px\u00a0\u00bb custom_padding=\u00a0\u00bb4px||10px|||\u00a0\u00bb global_colors_info=\u00a0\u00bb{}\u00a0\u00bb][et_pb_column type=\u00a0\u00bb1_2&Prime; _builder_version=\u00a0\u00bb4.16&Prime; _module_preset=\u00a0\u00bbdefault\u00a0\u00bb global_colors_info=\u00a0\u00bb{}\u00a0\u00bb][et_pb_button button_url=\u00a0\u00bbhttps:\/\/my.livha.org\/fr\/produit\/retraite-du-25-au-31-aout-2025-participation-normale\/\u00a0\u00bb button_text=\u00a0\u00bbParticipation normale : 350\u20ac (+tva)\u00a0\u00bb _builder_version=\u00a0\u00bb4.27.4&Prime; _module_preset=\u00a0\u00bb338654b8-6d66-4edc-a105-71a60fbf35b7&Prime; button_text_size=\u00a0\u00bb14px\u00a0\u00bb button_bg_color_gradient_stops=\u00a0\u00bb#dcb253 0%|#db9900 100%\u00a0\u00bb button_bg_color_gradient_start=\u00a0\u00bb#dcb253&Prime; button_bg_color_gradient_end=\u00a0\u00bb#db9900&Prime; button_border_radius=\u00a0\u00bb3px\u00a0\u00bb button_letter_spacing=\u00a0\u00bb2px\u00a0\u00bb button_font=\u00a0\u00bbBelleza|700||on|||||\u00a0\u00bb custom_margin=\u00a0\u00bb10px|50px|15px|50px|false|false\u00a0\u00bb custom_padding=\u00a0\u00bb10px|25px|10px|25px|true|true\u00a0\u00bb button_letter_spacing_hover=\u00a0\u00bb2px\u00a0\u00bb locked=\u00a0\u00bboff\u00a0\u00bb global_colors_info=\u00a0\u00bb{}\u00a0\u00bb button_one_text_size__hover_enabled=\u00a0\u00bboff\u00a0\u00bb button_two_text_size__hover_enabled=\u00a0\u00bboff\u00a0\u00bb button_one_text_color__hover_enabled=\u00a0\u00bboff\u00a0\u00bb button_two_text_color__hover_enabled=\u00a0\u00bboff\u00a0\u00bb button_one_border_width__hover_enabled=\u00a0\u00bboff\u00a0\u00bb button_two_border_width__hover_enabled=\u00a0\u00bboff\u00a0\u00bb button_one_border_color__hover_enabled=\u00a0\u00bboff\u00a0\u00bb button_two_border_color__hover_enabled=\u00a0\u00bboff\u00a0\u00bb button_one_border_radius__hover_enabled=\u00a0\u00bboff\u00a0\u00bb button_two_border_radius__hover_enabled=\u00a0\u00bboff\u00a0\u00bb button_one_letter_spacing__hover_enabled=\u00a0\u00bboff\u00a0\u00bb button_two_letter_spacing__hover_enabled=\u00a0\u00bboff\u00a0\u00bb button_one_bg_color__hover_enabled=\u00a0\u00bboff\u00a0\u00bb button_two_bg_color__hover_enabled=\u00a0\u00bboff\u00a0\u00bb button_bg_color_gradient_end__hover=\u00a0\u00bb#dcb253&Prime; button_bg_use_color_gradient__hover=\u00a0\u00bbon\u00a0\u00bb button_bg_color_gradient_start__hover=\u00a0\u00bb#db9900&Prime; button_bg_color__hover_enabled=\u00a0\u00bbon|desktop\u00a0\u00bb button_letter_spacing__hover=\u00a0\u00bb2px\u00a0\u00bb button_bg_color_gradient_stops__hover=\u00a0\u00bb#db9900 0%|#dcb253 100%\u00a0\u00bb][\/et_pb_button][\/et_pb_column][et_pb_column type=\u00a0\u00bb1_2&Prime; _builder_version=\u00a0\u00bb4.16&Prime; _module_preset=\u00a0\u00bbdefault\u00a0\u00bb global_colors_info=\u00a0\u00bb{}\u00a0\u00bb][et_pb_button button_url=\u00a0\u00bbhttps:\/\/my.livha.org\/fr\/produit\/retraite-du-25-au-31-aout-2025-participation-bienfaiteur\/\u00a0\u00bb button_text=\u00a0\u00bbParticipation bienfaiteur : 500\u20ac ou + (+tva)\u00a0\u00bb _builder_version=\u00a0\u00bb4.27.4&Prime; _module_preset=\u00a0\u00bb338654b8-6d66-4edc-a105-71a60fbf35b7&Prime; button_text_size=\u00a0\u00bb14px\u00a0\u00bb button_bg_color_gradient_stops=\u00a0\u00bb#dcb253 0%|#db9900 100%\u00a0\u00bb button_bg_color_gradient_start=\u00a0\u00bb#dcb253&Prime; button_bg_color_gradient_end=\u00a0\u00bb#db9900&Prime; button_border_radius=\u00a0\u00bb3px\u00a0\u00bb button_letter_spacing=\u00a0\u00bb2px\u00a0\u00bb button_font=\u00a0\u00bbBelleza|700||on|||||\u00a0\u00bb custom_margin=\u00a0\u00bb10px|50px|15px|50px|false|false\u00a0\u00bb custom_padding=\u00a0\u00bb10px|25px|10px|25px|true|true\u00a0\u00bb button_letter_spacing_hover=\u00a0\u00bb2px\u00a0\u00bb locked=\u00a0\u00bboff\u00a0\u00bb global_colors_info=\u00a0\u00bb{}\u00a0\u00bb button_one_text_size__hover_enabled=\u00a0\u00bboff\u00a0\u00bb button_two_text_size__hover_enabled=\u00a0\u00bboff\u00a0\u00bb button_one_text_color__hover_enabled=\u00a0\u00bboff\u00a0\u00bb button_two_text_color__hover_enabled=\u00a0\u00bboff\u00a0\u00bb button_one_border_width__hover_enabled=\u00a0\u00bboff\u00a0\u00bb button_two_border_width__hover_enabled=\u00a0\u00bboff\u00a0\u00bb button_one_border_color__hover_enabled=\u00a0\u00bboff\u00a0\u00bb button_two_border_color__hover_enabled=\u00a0\u00bboff\u00a0\u00bb button_one_border_radius__hover_enabled=\u00a0\u00bboff\u00a0\u00bb button_two_border_radius__hover_enabled=\u00a0\u00bboff\u00a0\u00bb button_one_letter_spacing__hover_enabled=\u00a0\u00bboff\u00a0\u00bb button_two_letter_spacing__hover_enabled=\u00a0\u00bboff\u00a0\u00bb button_one_bg_color__hover_enabled=\u00a0\u00bboff\u00a0\u00bb button_two_bg_color__hover_enabled=\u00a0\u00bboff\u00a0\u00bb button_bg_color_gradient_end__hover=\u00a0\u00bb#dcb253&Prime; button_bg_use_color_gradient__hover=\u00a0\u00bbon\u00a0\u00bb button_bg_color_gradient_start__hover=\u00a0\u00bb#db9900&Prime; button_bg_color__hover_enabled=\u00a0\u00bbon|desktop\u00a0\u00bb button_letter_spacing__hover=\u00a0\u00bb2px\u00a0\u00bb button_bg_color_gradient_stops__hover=\u00a0\u00bb#db9900 0%|#dcb253 100%\u00a0\u00bb][\/et_pb_button][\/et_pb_column][\/et_pb_row][et_pb_row _builder_version=\u00a0\u00bb4.20.0&Prime; _module_preset=\u00a0\u00bbdefault\u00a0\u00bb max_width=\u00a0\u00bb940px\u00a0\u00bb custom_padding=\u00a0\u00bb3px|||||\u00a0\u00bb global_colors_info=\u00a0\u00bb{}\u00a0\u00bb][et_pb_column type=\u00a0\u00bb4_4&Prime; _builder_version=\u00a0\u00bb4.20.0&Prime; _module_preset=\u00a0\u00bbdefault\u00a0\u00bb global_colors_info=\u00a0\u00bb{}\u00a0\u00bb][et_pb_text _builder_version=\u00a0\u00bb4.16&Prime; _module_preset=\u00a0\u00bb0076d6eb-5595-4dd1-a096-31982f9ed001&Prime; text_font=\u00a0\u00bb||||||||\u00a0\u00bb custom_margin=\u00a0\u00bb||1px|||\u00a0\u00bb custom_padding=\u00a0\u00bb||18px|||\u00a0\u00bb global_colors_info=\u00a0\u00bb{}\u00a0\u00bb]<\/p>\n<p><em><span style=\"text-decoration: underline;\">En cas de difficult\u00e9 financi\u00e8re<\/span>, il vous est possible de faire une demande afin de pouvoir verser une participation d&rsquo;un montant inf\u00e9rieur, en indiquant votre situation, ainsi nous pourrons voir si cela est possible et si cela peut \u00eatre \u00e9quilibr\u00e9. Vous pouvez nous contacter \u00e0 ce sujet \u00e0 l&rsquo;adresse <a href=\"mailto:contact@livha.org\">contact@livha.org<\/a><\/em><\/p>\n<p><strong>Conditions d&rsquo;annulation<\/strong> : Avant le 17 ao\u00fbt, un remboursement de 90% de votre participation aux frais de la retraite est possible. Au-del\u00e0 du 17 ao\u00fbt, le remboursement n&rsquo;est plus possible.<\/p>\n<p><em><\/em><\/p>\n<p>[\/et_pb_text][et_pb_text _builder_version=\u00a0\u00bb4.25.0&Prime; _module_preset=\u00a0\u00bb0076d6eb-5595-4dd1-a096-31982f9ed001&Prime; text_font=\u00a0\u00bb||||||||\u00a0\u00bb custom_margin=\u00a0\u00bb||3px|||\u00a0\u00bb global_colors_info=\u00a0\u00bb{}\u00a0\u00bb]<\/p>\n<p><strong><span style=\"font-size: x-large;\"><\/span><\/strong><\/p>\n<p><strong><span style=\"font-size: x-large;\">2)<\/span> Verser l&rsquo;acompte de 150\u20ac pour le logement et de la pension compl\u00e8te, et <span style=\"text-decoration: underline;\">envoyer la fiche d&rsquo;inscription remplie au domaine de Lembrun (voir ci-dessous)<\/span>.<\/strong><\/p>\n<p><strong><\/strong><\/p>\n<p><strong>RIB pour le virement de l&rsquo;acampte de 150\u20ac :\u00a0<\/strong><\/p>\n<p>Titulaire du Compte : LA TERCHE<\/p>\n<p>IBAN :\u00a0FR76 1330 6003 8600 0696 5647 863<\/p>\n<p>BIC\/SWIFT : AGRIFRPP833<strong><\/strong><\/p>\n<p>BANQUE : CA Aquitaine<strong><\/strong><\/p>\n<p>Si vous souhaitez verser l&rsquo;acompte <strong>par ch\u00e8que<\/strong>, l&rsquo;ordre \u00e0 indiquer est \u00ab\u00a0SARL La Terche\u00a0\u00bb. L&rsquo;envoi du ch\u00e8que se fait \u00e0 l&rsquo;adresse \u00ab\u00a0Domaine de Lembrun, 2283 route de lembrun 47110 Le Temple s\/lot\u00a0\u00bb, <span style=\"text-decoration: underline;\">accompagn\u00e9 de votre fiche d&rsquo;inscription<\/span> (voir ci-dessous).<\/p>\n<p><strong>&gt; Fiche d&rsquo;Inscription <span style=\"text-decoration: underline;\">\u00e0 compl\u00e9ter et Envoyer par email ou par courrier<\/span> : <\/strong><span style=\"text-decoration: underline;\"><a href=\"https:\/\/livha.org\/wp-content\/uploads\/2025\/04\/fiche_inscription_stage-quentin-disneur2025-3.pdf\"><strong style=\"font-size: 16px; text-align: center;\"><span style=\"font-size: large;\">Lien pour t\u00e9l\u00e9charger la fiche \u00e0 remplir<\/span><\/strong><\/a><\/span><\/p>\n<p><strong>Adresse Email pour l&rsquo;envoi <\/strong>: domainelembrun@gmail.com<strong><\/strong><\/p>\n<p><strong>ou<\/strong><\/p>\n<p><strong>Adresse pour envoi par courrier<\/strong> : Domaine de Lembrun, 2283 route de lembrun 47110 Le Temple s\/lot<\/p>\n<p><strong>Le montant restant pour le logement avec pension compl\u00e8te sera \u00e0 r\u00e9gler <span style=\"text-decoration: underline;\">sur place lors de votre arriv\u00e9e<\/span><\/strong>. Ce montant peut \u00eatre pay\u00e9 en esp\u00e8ces, par ch\u00e8que ou par carte bancaire.<\/p>\n<p style=\"text-align: center;\">&#8212;&#8212;&#8212;&#8212;&#8212;&#8212;&#8212;&#8212;&#8212;&#8212;&#8212;&#8212;&#8212;&#8212;-<\/p>\n<p><em><strong>Informations concernant les aspects m\u00e9dicaux (sant\u00e9 mentale et physique) :<\/strong><\/em><\/p>\n<p><em>En m\u2019inscrivant, j\u2019indique avoir pris connaissance des recommandations concernant les aspects m\u00e9dicaux (sant\u00e9 mentale et physique) : cet \u00e9v\u00e8nement int\u00e8gre des pratiques favorisant des introspections (via par exemple la m\u00e9ditation), et entrainant parfois des remises en question. Ce type de pratiques n\u2019est pas forc\u00e9ment adapt\u00e9 \u00e0 tous, celles-ci pouvant d\u00e9boucher sur la r\u00e9v\u00e9lation de couches psychiques parfois jusque-l\u00e0 insconscientes en l\u2019\u00eatre, processus pouvant dans certains cas \u00eatre exp\u00e9riment\u00e9 de mani\u00e8re intense ou inconfortable. Ces pratiques ne remplacent pas une th\u00e9rapie, et dans le cas o\u00f9 vous auriez connu des difficult\u00e9s d\u2019ordre psychique par le pass\u00e9, nous vous invitons \u00e0 v\u00e9rifier aupr\u00e8s de votre m\u00e9decin ou d\u2019un sp\u00e9cialiste que ce type de d\u00e9marche est adapt\u00e9 \u00e0 votre situation.<\/em><\/p>\n<p>[\/et_pb_text][et_pb_text _builder_version=\u00a0\u00bb4.20.0&Prime; _module_preset=\u00a0\u00bb0076d6eb-5595-4dd1-a096-31982f9ed001&Prime; text_font=\u00a0\u00bb||||||||\u00a0\u00bb global_colors_info=\u00a0\u00bb{}\u00a0\u00bb]<\/p>\n<p style=\"text-align: center;\">&#8212;&#8212;&#8212;&#8212;&#8212;&#8212;&#8212;&#8212;&#8212;&#8212;&#8212;&#8212;&#8212;&#8212;-<\/p>\n<p>Dans la joie de se retrouver tr\u00e8s bient\u00f4t pour ces moments au-del\u00e0 des mots &lt;3<\/p>\n<p>L&rsquo;\u00e9quipe de Livha.<\/p>\n<p>&nbsp;<\/p>\n<p style=\"text-align: center;\"><strong>Si vous avez une question, vous pouvez nous \u00e9crire via le <a href=\"https:\/\/livha.org\/fr\/contact\/\">formulaire de contact<\/a><\/strong><\/p>\n<p>&nbsp;<\/p>\n<p>[\/et_pb_text][et_pb_image src=\u00a0\u00bbhttps:\/\/livha.org\/wp-content\/uploads\/2024\/04\/quentin-disneur-retraite-775&#215;1024.jpg\u00a0\u00bb title_text=\u00a0\u00bbquentin-disneur-retraite\u00a0\u00bb _builder_version=\u00a0\u00bb4.24.2&Prime; _module_preset=\u00a0\u00bbdefault\u00a0\u00bb width=\u00a0\u00bb50%\u00a0\u00bb module_alignment=\u00a0\u00bbcenter\u00a0\u00bb global_colors_info=\u00a0\u00bb{}\u00a0\u00bb][\/et_pb_image][\/et_pb_column][\/et_pb_row][\/et_pb_section]<\/p>\n","protected":false},"excerpt":{"rendered":"<p>Grande retraite avec Quentin disneur\u00a0 &#8211; du 25 au 31 AO\u00fbt 2025 -Voici quelques retours de participants suite \u00e0 la retraite de l&rsquo;ann\u00e9e pass\u00e9e : (cliquez sur les fl\u00eaches &lt; &gt; pour les parcourir)\u00a0<div class=\"et_pb_module dsm_card_carousel dsm_card_carousel_0 dsm_card_carousel_layout_inline  dsm_card_carousel_equal_height dsm_card_carousel_arrow_outside dsm_card_carousel_arrow_mobile_inside\">\n\t\t\t\t\n\t\t\t\t\n\t\t\t\t\n\t\t\t\t\n\t\t\t\t\n\t\t\t\t\n\t\t\t\t<div class=\"et_pb_module_inner\">\n\t\t\t\t\t\n\t\t\t\n\t\t\t<div class=\"swiper-container dsm_card_carousel_wrapper\" dir=\"ltr\" data-params=\"[{&quot;direction&quot;:&quot;horizontal&quot;,&quot;effect&quot;:&quot;default&quot;,&quot;slider_effect_shadows&quot;:false,&quot;slider_effect_coverflow_rotate&quot;:&quot;30&quot;,&quot;slider_effect_coverflow_depth&quot;:&quot;0&quot;,&quot;loop&quot;:true,&quot;infinite_smooth_scrolling&quot;:false,&quot;slide_to_show&quot;:&quot;1&quot;,&quot;slide_to_show_tablet&quot;:&quot;1&quot;,&quot;slide_to_show_phone&quot;:&quot;1&quot;,&quot;slide_to_scroll&quot;:&quot;1&quot;,&quot;slide_to_scroll_tablet&quot;:&quot;1&quot;,&quot;slide_to_scroll_phone&quot;:&quot;1&quot;,&quot;space_between&quot;:&quot;15&quot;,&quot;space_between_tablet&quot;:&quot;15&quot;,&quot;space_between_phone&quot;:&quot;15&quot;,&quot;centered_slides&quot;:true,&quot;multiple_slide_row&quot;:&quot;off&quot;,&quot;slide_row&quot;:&quot;1&quot;,&quot;slide_row_tablet&quot;:&quot;1&quot;,&quot;slide_row_phone&quot;:&quot;1&quot;,&quot;speed&quot;:&quot;800&quot;,&quot;autoplay&quot;:true,&quot;autoplay_speed&quot;:&quot;22000&quot;,&quot;autoplay_viewport&quot;:&quot;80%&quot;,&quot;touch_move&quot;:true,&quot;grab&quot;:true,&quot;pause_on_hover&quot;:true,&quot;mousewheel&quot;:false,&quot;auto_height&quot;:true,&quot;equal_height&quot;:true,&quot;equal_height_tablet&quot;:true,&quot;equal_height_phone&quot;:true}]\">\n\t\t\t<div class=\"swiper-wrapper\"><\/div>\n\t\t\t<\/div><div class=\"swiper-button-prev dsm_card_carousel_arrow\" data-icon=\"4\"><\/div><div class=\"swiper-button-next dsm_card_carousel_arrow\" data-icon=\"5\"><\/div><div class=\"swiper-pagination dsm_card_carousel_pagination\"><\/div>\n\t\t\t\t<\/div>\n\t\t\t<\/div><div class=\"dsm_card_carousel_child dsm_card_carousel_child_0 swiper-slide\">\n\t\t\t\t\n\t\t\t\t\n\t\t\t\t\n\t\t\t\t\n\t\t\t\t\n\t\t\t\t\n\t\t\t\t<div class=\"et_pb_module_inner\">\n\t\t\t\t\t\n\t\t\t\n\t\t\t\n\t\t\t\n\t\t\t\t<\/div>\n\t\t\t<\/div>\u00ab Cher Quentin, J\u2019ai pass\u00e9 une semaine de gr\u00e2ce.J\u2019aspirais de tout mon c\u0153ur et de toute mon \u00e2me \u00e0 vivre une exp\u00e9rience telle celle que tu nous a propos\u00e9e. Cette exp\u00e9rience d\u2019enseignements et de partages a confort\u00e9, \u00e0 bien des \u00e9gards, ce que je ressens, ce que je vis. Tu as mis les mots pr\u00e9cis sur des perceptions et cela a renforc\u00e9 la confiance en moi. Et que dire du silence! J\u2019aime tant le silence!Il est si riche , si reposant, si doux et si fort.Il laisse la place \u00e0 l\u2019Essentiel, la Pr\u00e9sence. J\u2019ai l\u2019impression de ressentir l\u2019Univers en moi et chaque cellule de mon corps vibre \u00e0 l\u2019unisson avec la Vie. Partager avec tous ces \u00eatres pr\u00e9sents, fr\u00e8res et s\u0153urs, a \u00e9t\u00e9 un moment merveilleux. Quentin, du plus profond de mon c\u0153ur et de toute mon \u00e2me, je te remercie pour [&hellip;]<\/p>\n","protected":false},"author":1,"featured_media":0,"parent":0,"menu_order":0,"comment_status":"closed","ping_status":"closed","template":"","meta":{"_et_pb_use_builder":"on","_et_pb_old_content":"","_et_gb_content_width":"","footnotes":""},"class_list":["post-237036","page","type-page","status-publish","hentry"],"_links":{"self":[{"href":"https:\/\/livha.org\/fr\/wp-json\/wp\/v2\/pages\/237036","targetHints":{"allow":["GET"]}}],"collection":[{"href":"https:\/\/livha.org\/fr\/wp-json\/wp\/v2\/pages"}],"about":[{"href":"https:\/\/livha.org\/fr\/wp-json\/wp\/v2\/types\/page"}],"author":[{"embeddable":true,"href":"https:\/\/livha.org\/fr\/wp-json\/wp\/v2\/users\/1"}],"replies":[{"embeddable":true,"href":"https:\/\/livha.org\/fr\/wp-json\/wp\/v2\/comments?post=237036"}],"version-history":[{"count":39,"href":"https:\/\/livha.org\/fr\/wp-json\/wp\/v2\/pages\/237036\/revisions"}],"predecessor-version":[{"id":237344,"href":"https:\/\/livha.org\/fr\/wp-json\/wp\/v2\/pages\/237036\/revisions\/237344"}],"wp:attachment":[{"href":"https:\/\/livha.org\/fr\/wp-json\/wp\/v2\/media?parent=237036"}],"curies":[{"name":"wp","href":"https:\/\/api.w.org\/{rel}","templated":true}]}}