{"id":237135,"date":"2025-04-22T10:07:26","date_gmt":"2025-04-22T08:07:26","guid":{"rendered":"https:\/\/livha.org\/?page_id=237135"},"modified":"2025-07-12T13:25:47","modified_gmt":"2025-07-12T11:25:47","slug":"rencontre-avec-quentin-disneur-19-et-20-juillet-2025-montpellier","status":"publish","type":"page","link":"https:\/\/livha.org\/fr\/rencontre-avec-quentin-disneur-19-et-20-juillet-2025-montpellier\/","title":{"rendered":"Rencontre avec Quentin Disneur &#8211; 19 et 20 juillet 2025 &#8211; Montpellier"},"content":{"rendered":"<p>[et_pb_section fb_built=\u00a0\u00bb1&Prime; admin_label=\u00a0\u00bbServices\u00a0\u00bb module_class=\u00a0\u00bbgradient-overlay\u00a0\u00bb _builder_version=\u00a0\u00bb4.16&Prime; background_color=\u00a0\u00bb#d3eaf2&Prime; background_enable_image=\u00a0\u00bboff\u00a0\u00bb custom_padding=\u00a0\u00bb10px||10px||true|false\u00a0\u00bb top_divider_style=\u00a0\u00bbramp2&Prime; top_divider_color=\u00a0\u00bbrgba(127,202,232,0.4)\u00a0\u00bb top_divider_height=\u00a0\u00bb40px\u00a0\u00bb top_divider_flip=\u00a0\u00bbvertical\u00a0\u00bb bottom_divider_style=\u00a0\u00bbramp2&Prime; bottom_divider_color=\u00a0\u00bbrgba(127,202,232,0.4)\u00a0\u00bb bottom_divider_height=\u00a0\u00bb40px\u00a0\u00bb bottom_divider_flip=\u00a0\u00bbhorizontal\u00a0\u00bb global_colors_info=\u00a0\u00bb{}\u00a0\u00bb][et_pb_row _builder_version=\u00a0\u00bb4.16&Prime; _module_preset=\u00a0\u00bbdefault\u00a0\u00bb custom_padding=\u00a0\u00bb13px||15px|||\u00a0\u00bb global_colors_info=\u00a0\u00bb{}\u00a0\u00bb][et_pb_column type=\u00a0\u00bb4_4&Prime; _builder_version=\u00a0\u00bb4.16&Prime; _module_preset=\u00a0\u00bbdefault\u00a0\u00bb global_colors_info=\u00a0\u00bb{}\u00a0\u00bb][et_pb_text _builder_version=\u00a0\u00bb4.27.4&Prime; _module_preset=\u00a0\u00bbdefault\u00a0\u00bb text_font=\u00a0\u00bbBelleza|700||on|||||\u00a0\u00bb text_text_color=\u00a0\u00bb#0d4b89&Prime; text_font_size=\u00a0\u00bb16px\u00a0\u00bb text_letter_spacing=\u00a0\u00bb2px\u00a0\u00bb custom_margin=\u00a0\u00bb2px|||||\u00a0\u00bb animation_style=\u00a0\u00bbnone\u00a0\u00bb global_colors_info=\u00a0\u00bb{}\u00a0\u00bb]<\/p>\n<p style=\"text-align: center;\">Rencontre en pr\u00e9sentiel<\/p>\n<p>[\/et_pb_text][\/et_pb_column][\/et_pb_row][\/et_pb_section][et_pb_section fb_built=\u00a0\u00bb1&Prime; prev_background_color=\u00a0\u00bb#d3eaf2&Prime; _builder_version=\u00a0\u00bb4.16&Prime; _module_preset=\u00a0\u00bbdefault\u00a0\u00bb custom_margin=\u00a0\u00bb0px||||false|false\u00a0\u00bb custom_padding=\u00a0\u00bb10px||0px|0px|false|false\u00a0\u00bb top_divider_style=\u00a0\u00bbslant2&Prime; top_divider_height=\u00a0\u00bb30px\u00a0\u00bb top_divider_flip=\u00a0\u00bbvertical\u00a0\u00bb global_colors_info=\u00a0\u00bb{}\u00a0\u00bb][et_pb_row _builder_version=\u00a0\u00bb4.16&Prime; _module_preset=\u00a0\u00bbdefault\u00a0\u00bb max_width=\u00a0\u00bb940px\u00a0\u00bb custom_padding=\u00a0\u00bb||9px|||\u00a0\u00bb global_colors_info=\u00a0\u00bb{}\u00a0\u00bb][et_pb_column type=\u00a0\u00bb4_4&Prime; _builder_version=\u00a0\u00bb4.16&Prime; _module_preset=\u00a0\u00bbdefault\u00a0\u00bb global_colors_info=\u00a0\u00bb{}\u00a0\u00bb][et_pb_image src=\u00a0\u00bbhttps:\/\/livha.org\/wp-content\/uploads\/2022\/12\/image-presentation-rencontre-bruxelles.jpg\u00a0\u00bb alt=\u00a0\u00bbcercle de lumi\u00e8re\u00a0\u00bb title_text=\u00a0\u00bbimage-presentation-rencontre-bruxelles\u00a0\u00bb _builder_version=\u00a0\u00bb4.19.3&Prime; _module_preset=\u00a0\u00bbdefault\u00a0\u00bb width=\u00a0\u00bb70%\u00a0\u00bb width_tablet=\u00a0\u00bb70%\u00a0\u00bb width_phone=\u00a0\u00bb100%\u00a0\u00bb width_last_edited=\u00a0\u00bbon|phone\u00a0\u00bb module_alignment=\u00a0\u00bbcenter\u00a0\u00bb border_radii=\u00a0\u00bbon|2px|2px|2px|2px\u00a0\u00bb global_colors_info=\u00a0\u00bb{}\u00a0\u00bb][\/et_pb_image][\/et_pb_column][\/et_pb_row][et_pb_row _builder_version=\u00a0\u00bb4.27.4&Prime; _module_preset=\u00a0\u00bbdefault\u00a0\u00bb width_tablet=\u00a0\u00bb\u00a0\u00bb width_phone=\u00a0\u00bb100%\u00a0\u00bb width_last_edited=\u00a0\u00bbon|phone\u00a0\u00bb max_width=\u00a0\u00bb800px\u00a0\u00bb custom_padding=\u00a0\u00bb7px||0px|||\u00a0\u00bb global_colors_info=\u00a0\u00bb{}\u00a0\u00bb][et_pb_column type=\u00a0\u00bb4_4&Prime; _builder_version=\u00a0\u00bb4.16&Prime; _module_preset=\u00a0\u00bbdefault\u00a0\u00bb global_colors_info=\u00a0\u00bb{}\u00a0\u00bb][et_pb_cta title=\u00a0\u00bbRENCONTRE avec Quentin disneur \u00a0\u00bb button_text=\u00a0\u00bbClics\u00a0\u00bb _builder_version=\u00a0\u00bb4.27.4&Prime; _module_preset=\u00a0\u00bbbde21e63-eb76-4793-8e67-5c0bead1111a\u00a0\u00bb header_text_color=\u00a0\u00bb#1488d1&Prime; header_font_size=\u00a0\u00bb36px\u00a0\u00bb header_letter_spacing=\u00a0\u00bb2px\u00a0\u00bb header_line_height=\u00a0\u00bb1.6em\u00a0\u00bb body_font=\u00a0\u00bbAmethysta||||||||\u00a0\u00bb body_text_color=\u00a0\u00bb#545454&Prime; body_letter_spacing=\u00a0\u00bb1px\u00a0\u00bb body_line_height=\u00a0\u00bb1.5em\u00a0\u00bb custom_margin=\u00a0\u00bb-2px||-13px||false|false\u00a0\u00bb custom_padding=\u00a0\u00bb0px||0px||false|false\u00a0\u00bb animation_style=\u00a0\u00bbnone\u00a0\u00bb header_font_size_tablet=\u00a0\u00bb30px\u00a0\u00bb header_font_size_phone=\u00a0\u00bb25px\u00a0\u00bb header_font_size_last_edited=\u00a0\u00bbon|phone\u00a0\u00bb global_colors_info=\u00a0\u00bb{}\u00a0\u00bb][\/et_pb_cta][et_pb_text _builder_version=\u00a0\u00bb4.27.4&Prime; _module_preset=\u00a0\u00bb0076d6eb-5595-4dd1-a096-31982f9ed001&Prime; text_font=\u00a0\u00bbBelleza|700||on|||||\u00a0\u00bb text_text_color=\u00a0\u00bb#0d4b89&Prime; text_font_size=\u00a0\u00bb26px\u00a0\u00bb text_letter_spacing=\u00a0\u00bb2px\u00a0\u00bb text_line_height=\u00a0\u00bb1.5em\u00a0\u00bb custom_margin=\u00a0\u00bb||14px|||\u00a0\u00bb text_font_size_tablet=\u00a0\u00bb24px\u00a0\u00bb text_font_size_phone=\u00a0\u00bb22px\u00a0\u00bb text_font_size_last_edited=\u00a0\u00bbon|phone\u00a0\u00bb global_colors_info=\u00a0\u00bb{}\u00a0\u00bb]<\/p>\n<p style=\"text-align: center;\">19 et 20 juillet 2025 &#8211; pr\u00e8s de Montpellier<\/p>\n<p>[\/et_pb_text][et_pb_text _builder_version=\u00a0\u00bb4.27.4&Prime; _module_preset=\u00a0\u00bb0076d6eb-5595-4dd1-a096-31982f9ed001&Prime; text_font=\u00a0\u00bbAmethysta||||||||\u00a0\u00bb text_text_color=\u00a0\u00bb#545454&Prime; text_orientation=\u00a0\u00bbleft\u00a0\u00bb custom_margin=\u00a0\u00bb52px||30px||false|false\u00a0\u00bb custom_margin_tablet=\u00a0\u00bb\u00a0\u00bb custom_margin_phone=\u00a0\u00bb||0px||false|false\u00a0\u00bb custom_margin_last_edited=\u00a0\u00bbon|phone\u00a0\u00bb custom_padding=\u00a0\u00bb|20px|0px|20px|false|false\u00a0\u00bb inline_fonts=\u00a0\u00bbBelleza\u00a0\u00bb global_colors_info=\u00a0\u00bb{}\u00a0\u00bb]<\/p>\n<p>Bonjour \u00e0 tous,<\/p>\n<p>C&rsquo;est avec joie que nous vous proposons de vivre ensemble une rencontre en pr\u00e9sentiel \u00e0 l&rsquo;Oasis FontMarie, \u00e0 quelques kilom\u00e8tres de Montpellier, du samedi 19 juillet matin au dimanche 20 juillet en fin d&rsquo;apr\u00e8s-midi. Vous trouverez tous les d\u00e9tails concernant l&rsquo;\u00e9v\u00e9nement ci-dessous et les informations concernant l&rsquo;<strong>inscription en bas de cette page<\/strong>.<\/p>\n<p>[\/et_pb_text][\/et_pb_column][\/et_pb_row][\/et_pb_section][et_pb_section fb_built=\u00a0\u00bb1&Prime; prev_background_color=\u00a0\u00bb#ffffff\u00a0\u00bb next_background_color=\u00a0\u00bb#ffffff\u00a0\u00bb _builder_version=\u00a0\u00bb4.27.4&Prime; _module_preset=\u00a0\u00bbdefault\u00a0\u00bb use_background_color_gradient=\u00a0\u00bbon\u00a0\u00bb background_color_gradient_stops=\u00a0\u00bbrgba(242,251,255,0.94) 0%|#e0f0ff 100%\u00a0\u00bb background_color_gradient_overlays_image=\u00a0\u00bbon\u00a0\u00bb background_color_gradient_start=\u00a0\u00bbrgba(211,223,232,0.8)\u00a0\u00bb background_color_gradient_end=\u00a0\u00bbrgba(157,209,232,0.8)\u00a0\u00bb background_enable_image=\u00a0\u00bboff\u00a0\u00bb background_size=\u00a0\u00bbinitial\u00a0\u00bb background_repeat=\u00a0\u00bbrepeat\u00a0\u00bb custom_padding=\u00a0\u00bb||30px|||\u00a0\u00bb top_divider_style=\u00a0\u00bbwaves2&Prime; top_divider_height=\u00a0\u00bb20px\u00a0\u00bb top_divider_flip=\u00a0\u00bbvertical\u00a0\u00bb bottom_divider_style=\u00a0\u00bbwaves2&Prime; bottom_divider_height=\u00a0\u00bb20px\u00a0\u00bb global_colors_info=\u00a0\u00bb{}\u00a0\u00bb][et_pb_row _builder_version=\u00a0\u00bb4.16&Prime; _module_preset=\u00a0\u00bbdefault\u00a0\u00bb max_width=\u00a0\u00bb750px\u00a0\u00bb custom_padding=\u00a0\u00bb5px||19px|||\u00a0\u00bb global_colors_info=\u00a0\u00bb{}\u00a0\u00bb][et_pb_column type=\u00a0\u00bb4_4&Prime; _builder_version=\u00a0\u00bb4.16&Prime; _module_preset=\u00a0\u00bbdefault\u00a0\u00bb global_colors_info=\u00a0\u00bb{}\u00a0\u00bb][et_pb_text _builder_version=\u00a0\u00bb4.27.4&Prime; _module_preset=\u00a0\u00bb0076d6eb-5595-4dd1-a096-31982f9ed001&Prime; text_font=\u00a0\u00bbAmethysta||||||||\u00a0\u00bb text_text_color=\u00a0\u00bb#545454&Prime; text_font_size=\u00a0\u00bb17px\u00a0\u00bb text_line_height=\u00a0\u00bb1.7em\u00a0\u00bb header_3_font=\u00a0\u00bbBelleza|700|||||||\u00a0\u00bb header_3_text_align=\u00a0\u00bbcenter\u00a0\u00bb header_3_text_color=\u00a0\u00bb#0d4b89&Prime; header_3_font_size=\u00a0\u00bb26px\u00a0\u00bb header_3_letter_spacing=\u00a0\u00bb2px\u00a0\u00bb text_orientation=\u00a0\u00bbcenter\u00a0\u00bb custom_margin=\u00a0\u00bb||-4px|||\u00a0\u00bb header_3_font_size_tablet=\u00a0\u00bb24px\u00a0\u00bb header_3_font_size_phone=\u00a0\u00bb\u00a0\u00bb header_3_font_size_last_edited=\u00a0\u00bbon|tablet\u00a0\u00bb global_colors_info=\u00a0\u00bb{}\u00a0\u00bb]<\/p>\n<h3><span style=\"font-size: x-large;\"><strong>Quelques mots de Quentin \u00e0 propos de cette rencontre<\/strong> :<\/span><\/h3>\n<p>&nbsp;<\/p>\n<p>[\/et_pb_text][et_pb_text _builder_version=\u00a0\u00bb4.16&Prime; _module_preset=\u00a0\u00bb0076d6eb-5595-4dd1-a096-31982f9ed001&Prime; text_font=\u00a0\u00bbAmethysta||||||||\u00a0\u00bb text_text_color=\u00a0\u00bb#0d4b89&Prime; text_font_size=\u00a0\u00bb17px\u00a0\u00bb text_line_height=\u00a0\u00bb1.7em\u00a0\u00bb text_orientation=\u00a0\u00bbleft\u00a0\u00bb custom_margin=\u00a0\u00bb||6px|||\u00a0\u00bb custom_padding=\u00a0\u00bb3px||0px|||\u00a0\u00bb global_colors_info=\u00a0\u00bb{}\u00a0\u00bb]<\/p>\n<p><em>\u00ab\u00a0Chers Fr\u00e8res et Soeurs,<\/em><\/p>\n<p><em>Je salue la Lumi\u00e8re que vous \u00eates.<\/em><\/p>\n<p><em>Aujourd\u2019hui c&rsquo;est avec une grande joie que je vous \u00e9cris pour vous annoncer que nous organisons une nouvelle rencontre pr\u00e8s de Montpellier, le samedi 19 juillet et le dimanche 20 juillet.<\/em><\/p>\n<p><em>C\u2019est l\u2019occasion pour vous \/ nous d\u2019arr\u00eater le temps et de nous retrouver un instant d\u2019\u00e9ternit\u00e9, au c\u0153ur de ce que nous avons toujours \u00e9t\u00e9, de s\u2019y ancrer et red\u00e9couvrir le monde \u00e0 partir de ce regard neuf lorsque le temps reprend.<\/em><\/p>\n<p><em>Ce sera une rencontre dans la profondeur du silence, de cette Lumi\u00e8re indicible, au coeur du Vivant au-dedans de soi. Et en m\u00eame temps, cela se d\u00e9roulera naturellement dans la joie des retrouvailles int\u00e9rieures, de coeur \u00e0 coeur. Si le temps nous le permet, nous pourrons \u00e9galement vivre des moments de contemplation tr\u00e8s riches et nourrissants dans le relation \u00e0 la nature gr\u00e2ce au beau parc que nous aurons \u00e0 disposition.<\/em><\/p>\n<p><em>Cela sera en r\u00e9sonance avec le nouveau cycle, dont les \u00e9nergies invitent \u00e0 tout rassembler, inclure, embrasser en soi, pour unifier le ciel et le terre et donner naissance dans le corps et notre quotidien \u00e0 l&rsquo;\u00catre rayonnant que nous sommes d\u00e9j\u00e0.<\/em><\/p>\n<p><em>D\u2019autres pratiques et enseignements du c\u0153ur vous seront \u00e9galement partag\u00e9s dans le vivant de la rencontre.<\/em><\/p>\n<p><em>Si cela vous appelle quand vous \u00e9coutez votre c\u0153ur en r\u00e9sonance avec ces mots, \u00e9coutez-le, Il vous apportera toujours ce qui est le mieux pour vous.<\/em><\/p>\n<p><em>Merci pour votre d\u00e9marche.<\/em><\/p>\n<p><em>De tout c\u0153ur,<\/em><br \/><em>Quentin<\/em> <em><\/em><em style=\"font-size: 17px;\">\u00bb<\/em><\/p>\n<p>[\/et_pb_text][et_pb_button button_url=\u00a0\u00bbhttps:\/\/livha.org\/fr\/livre-dor\/\u00a0\u00bb url_new_window=\u00a0\u00bbon\u00a0\u00bb button_text=\u00a0\u00bbD\u00e9couvre des t\u00e9moignages de participants sur le livre d&rsquo;or \u00a0\u00bb button_alignment=\u00a0\u00bbcenter\u00a0\u00bb _builder_version=\u00a0\u00bb4.27.4&Prime; _module_preset=\u00a0\u00bbdefault\u00a0\u00bb custom_button=\u00a0\u00bbon\u00a0\u00bb button_text_size=\u00a0\u00bb17px\u00a0\u00bb button_text_color=\u00a0\u00bb#ffffff\u00a0\u00bb button_bg_use_color_gradient=\u00a0\u00bbon\u00a0\u00bb button_bg_color_gradient_stops=\u00a0\u00bb#89b1c6 0%|#4b99c6 100%\u00a0\u00bb button_border_width=\u00a0\u00bb0px\u00a0\u00bb button_border_radius=\u00a0\u00bb21px\u00a0\u00bb button_icon=\u00a0\u00bb&#xe03e;||divi||400&Prime; button_on_hover=\u00a0\u00bboff\u00a0\u00bb custom_padding=\u00a0\u00bb|41px||21px|false|false\u00a0\u00bb box_shadow_style=\u00a0\u00bbpreset3&Prime; box_shadow_color=\u00a0\u00bbrgba(0,0,0,0.21)\u00a0\u00bb global_colors_info=\u00a0\u00bb{}\u00a0\u00bb][\/et_pb_button][\/et_pb_column][\/et_pb_row][\/et_pb_section][et_pb_section fb_built=\u00a0\u00bb1&Prime; _builder_version=\u00a0\u00bb4.16&Prime; _module_preset=\u00a0\u00bbdefault\u00a0\u00bb custom_padding=\u00a0\u00bb46px||19px||false|false\u00a0\u00bb global_colors_info=\u00a0\u00bb{}\u00a0\u00bb][et_pb_row _builder_version=\u00a0\u00bb4.16&Prime; _module_preset=\u00a0\u00bbdefault\u00a0\u00bb background_enable_color=\u00a0\u00bboff\u00a0\u00bb use_background_color_gradient=\u00a0\u00bbon\u00a0\u00bb background_color_gradient_stops=\u00a0\u00bbrgba(247,234,239,0.8) 0%|rgba(247,234,239,0.8) 100%\u00a0\u00bb background_color_gradient_overlays_image=\u00a0\u00bbon\u00a0\u00bb background_color_gradient_start=\u00a0\u00bbrgba(247,234,239,0.8)\u00a0\u00bb background_color_gradient_end=\u00a0\u00bbrgba(247,234,239,0.8)\u00a0\u00bb background_image=\u00a0\u00bbhttps:\/\/livha.org\/wp-content\/uploads\/2021\/03\/gravel.png\u00a0\u00bb background_size=\u00a0\u00bbinitial\u00a0\u00bb background_repeat=\u00a0\u00bbrepeat\u00a0\u00bb max_width=\u00a0\u00bb900px\u00a0\u00bb custom_padding=\u00a0\u00bb15px||9px|||\u00a0\u00bb border_radii=\u00a0\u00bboff|20px|20px||\u00a0\u00bb border_width_all=\u00a0\u00bb1px\u00a0\u00bb border_color_all=\u00a0\u00bbrgba(124,170,188,0.18)\u00a0\u00bb global_colors_info=\u00a0\u00bb{}\u00a0\u00bb][et_pb_column type=\u00a0\u00bb4_4&Prime; _builder_version=\u00a0\u00bb4.16&Prime; _module_preset=\u00a0\u00bbdefault\u00a0\u00bb global_colors_info=\u00a0\u00bb{}\u00a0\u00bb][et_pb_text _builder_version=\u00a0\u00bb4.27.4&Prime; _module_preset=\u00a0\u00bb0076d6eb-5595-4dd1-a096-31982f9ed001&Prime; text_font=\u00a0\u00bbBelleza|700||on|||||\u00a0\u00bb text_text_color=\u00a0\u00bb#545454&Prime; text_font_size=\u00a0\u00bb23px\u00a0\u00bb text_letter_spacing=\u00a0\u00bb2px\u00a0\u00bb text_line_height=\u00a0\u00bb1em\u00a0\u00bb text_orientation=\u00a0\u00bbcenter\u00a0\u00bb custom_margin=\u00a0\u00bb||8px|||\u00a0\u00bb global_colors_info=\u00a0\u00bb{}\u00a0\u00bb]<\/p>\n<p>Programme de la rencontre<\/p>\n<p>[\/et_pb_text][\/et_pb_column][\/et_pb_row][et_pb_row _builder_version=\u00a0\u00bb4.27.4&Prime; _module_preset=\u00a0\u00bbdefault\u00a0\u00bb max_width=\u00a0\u00bb900px\u00a0\u00bb custom_padding=\u00a0\u00bb|20px|7px|20px|false|false\u00a0\u00bb border_width_right=\u00a0\u00bb1px\u00a0\u00bb border_color_right=\u00a0\u00bbrgba(124,170,188,0.5)\u00a0\u00bb border_width_left=\u00a0\u00bb1px\u00a0\u00bb border_color_left=\u00a0\u00bbrgba(124,170,188,0.5)\u00a0\u00bb global_colors_info=\u00a0\u00bb{}\u00a0\u00bb][et_pb_column type=\u00a0\u00bb4_4&Prime; _builder_version=\u00a0\u00bb4.27.4&Prime; _module_preset=\u00a0\u00bbdefault\u00a0\u00bb global_colors_info=\u00a0\u00bb{}\u00a0\u00bb][et_pb_text _builder_version=\u00a0\u00bb4.27.4&Prime; _module_preset=\u00a0\u00bbdefault\u00a0\u00bb text_font=\u00a0\u00bbAmethysta||||||||\u00a0\u00bb text_text_color=\u00a0\u00bb#545454&Prime; text_font_size=\u00a0\u00bb16px\u00a0\u00bb custom_margin=\u00a0\u00bb1px||3px||false|false\u00a0\u00bb custom_margin_tablet=\u00a0\u00bb1px||3px||false|false\u00a0\u00bb custom_margin_phone=\u00a0\u00bb||0px||false|false\u00a0\u00bb custom_margin_last_edited=\u00a0\u00bbon|phone\u00a0\u00bb global_colors_info=\u00a0\u00bb{}\u00a0\u00bb]<\/p>\n<p>Les diff\u00e9rentes sessions seront rythm\u00e9es de partages, de moments de r\u00e9ponses aux questions, de p\u00e9riodes de m\u00e9ditation, ainsi que de moments en nature dans les environs tr\u00e8s proches si le temps le permet.<\/p>\n<p>Le d\u00e9roulement se fera dans le vivant, permettant \u00e0 chacun de s&rsquo;immerger dans un climat favorisant le ressourcement, l&rsquo;introspection, le partage et de d\u00e9voiler la beaut\u00e9 qui r\u00e9side d\u00e9j\u00e0 en chacun.<\/p>\n<p>[\/et_pb_text][\/et_pb_column][\/et_pb_row][et_pb_row column_structure=\u00a0\u00bb1_2,1_2&Prime; use_custom_gutter=\u00a0\u00bbon\u00a0\u00bb gutter_width=\u00a0\u00bb2&Prime; _builder_version=\u00a0\u00bb4.27.4&Prime; _module_preset=\u00a0\u00bbdefault\u00a0\u00bb max_width=\u00a0\u00bb900px\u00a0\u00bb custom_padding=\u00a0\u00bb30px|20px|0px|20px|false|false\u00a0\u00bb pac_drh_enable_stacking=\u00a0\u00bbpac_drh_stack_row pac_drh_stack_tab_mob\u00a0\u00bb pac_drh_column_numbers_tablet=\u00a0\u00bbpac_drh_tab_col_one\u00a0\u00bb pac_drh_column_numbers_phone=\u00a0\u00bbpac_drh_phone_col_one\u00a0\u00bb border_radii=\u00a0\u00bboff|||7px|7px\u00a0\u00bb border_width_all=\u00a0\u00bb1px\u00a0\u00bb border_color_all=\u00a0\u00bbrgba(124,170,188,0.5)\u00a0\u00bb border_width_top=\u00a0\u00bb0px\u00a0\u00bb global_colors_info=\u00a0\u00bb{}\u00a0\u00bb][et_pb_column type=\u00a0\u00bb1_2&Prime; _builder_version=\u00a0\u00bb4.27.4&Prime; _module_preset=\u00a0\u00bbdefault\u00a0\u00bb custom_padding=\u00a0\u00bb|10px|||false|false\u00a0\u00bb border_width_right=\u00a0\u00bb1px\u00a0\u00bb border_color_right=\u00a0\u00bbrgba(124,170,188,0.5)\u00a0\u00bb border_width_right_tablet=\u00a0\u00bb0px\u00a0\u00bb border_width_right_phone=\u00a0\u00bb\u00a0\u00bb border_width_right_last_edited=\u00a0\u00bbon|phone\u00a0\u00bb global_colors_info=\u00a0\u00bb{}\u00a0\u00bb][et_pb_text _builder_version=\u00a0\u00bb4.27.4&Prime; _module_preset=\u00a0\u00bb0076d6eb-5595-4dd1-a096-31982f9ed001&Prime; text_font=\u00a0\u00bbAmethysta||||||||\u00a0\u00bb text_text_color=\u00a0\u00bb#545454&Prime; text_orientation=\u00a0\u00bbleft\u00a0\u00bb custom_margin_tablet=\u00a0\u00bb\u00a0\u00bb custom_margin_phone=\u00a0\u00bb||0px||false|false\u00a0\u00bb custom_margin_last_edited=\u00a0\u00bbon|phone\u00a0\u00bb inline_fonts=\u00a0\u00bbBelleza\u00a0\u00bb global_colors_info=\u00a0\u00bb{}\u00a0\u00bb]<\/p>\n<p style=\"text-align: center;\"><b>SAMEDI 19 JUILLET<\/b><\/p>\n<ol><\/ol>\n<p><strong>Matin<\/strong> : de 9h15 \u00e0 12h45<\/p>\n<p><em>Pause d\u00e9jeuner (pique-nique partag\u00e9)<\/em><\/p>\n<p><strong>Apr\u00e8s-midi<\/strong> : de 14h15 \u00e0 18h00<\/p>\n<p>[\/et_pb_text][\/et_pb_column][et_pb_column type=\u00a0\u00bb1_2&Prime; _builder_version=\u00a0\u00bb4.16&Prime; _module_preset=\u00a0\u00bbdefault\u00a0\u00bb global_colors_info=\u00a0\u00bb{}\u00a0\u00bb][et_pb_text _builder_version=\u00a0\u00bb4.27.4&Prime; _module_preset=\u00a0\u00bb0076d6eb-5595-4dd1-a096-31982f9ed001&Prime; text_font=\u00a0\u00bbAmethysta||||||||\u00a0\u00bb text_text_color=\u00a0\u00bb#545454&Prime; custom_margin_tablet=\u00a0\u00bb\u00a0\u00bb custom_margin_phone=\u00a0\u00bb||15px||false|false\u00a0\u00bb custom_margin_last_edited=\u00a0\u00bbon|phone\u00a0\u00bb global_colors_info=\u00a0\u00bb{}\u00a0\u00bb]<\/p>\n<p style=\"text-align: center;\"><b>DIMANCHE 20 JUILLET<\/b><\/p>\n<ol><\/ol>\n<p><strong>Matin<\/strong> : de 9h15 \u00e0 12h45<\/p>\n<p><em>Pause d\u00e9jeuner (pique-nique partag\u00e9)<\/em><\/p>\n<p><strong>Apr\u00e8s-midi<\/strong> : de 14h15 \u00e0 18h00<\/p>\n<p>[\/et_pb_text][\/et_pb_column][\/et_pb_row][\/et_pb_section][et_pb_section fb_built=\u00a0\u00bb1&Prime; _builder_version=\u00a0\u00bb4.16&Prime; _module_preset=\u00a0\u00bbdefault\u00a0\u00bb custom_padding=\u00a0\u00bb20px||20px||false|false\u00a0\u00bb global_colors_info=\u00a0\u00bb{}\u00a0\u00bb][et_pb_row _builder_version=\u00a0\u00bb4.16&Prime; _module_preset=\u00a0\u00bbdefault\u00a0\u00bb max_width=\u00a0\u00bb900px\u00a0\u00bb custom_padding=\u00a0\u00bb||6px|||\u00a0\u00bb global_colors_info=\u00a0\u00bb{}\u00a0\u00bb][et_pb_column type=\u00a0\u00bb4_4&Prime; _builder_version=\u00a0\u00bb4.16&Prime; _module_preset=\u00a0\u00bbdefault\u00a0\u00bb global_colors_info=\u00a0\u00bb{}\u00a0\u00bb][et_pb_text _builder_version=\u00a0\u00bb4.16&Prime; _module_preset=\u00a0\u00bb0076d6eb-5595-4dd1-a096-31982f9ed001&Prime; text_font=\u00a0\u00bbAmethysta||||||||\u00a0\u00bb text_text_color=\u00a0\u00bb#545454&Prime; text_font_size=\u00a0\u00bb17px\u00a0\u00bb text_line_height=\u00a0\u00bb1.7em\u00a0\u00bb header_3_font=\u00a0\u00bbBelleza|700||on|||||\u00a0\u00bb header_3_text_align=\u00a0\u00bbcenter\u00a0\u00bb header_3_text_color=\u00a0\u00bb#0d4b89&Prime; header_3_font_size=\u00a0\u00bb26px\u00a0\u00bb header_3_letter_spacing=\u00a0\u00bb2px\u00a0\u00bb text_orientation=\u00a0\u00bbcenter\u00a0\u00bb custom_margin=\u00a0\u00bb||-4px|||\u00a0\u00bb header_3_font_size_tablet=\u00a0\u00bb24px\u00a0\u00bb header_3_font_size_phone=\u00a0\u00bb\u00a0\u00bb header_3_font_size_last_edited=\u00a0\u00bbon|tablet\u00a0\u00bb global_colors_info=\u00a0\u00bb{}\u00a0\u00bb]<\/p>\n<h3>Infos Pratiques :\u00a0<\/h3>\n<p>[\/et_pb_text][et_pb_text _builder_version=\u00a0\u00bb4.27.4&Prime; _module_preset=\u00a0\u00bb0076d6eb-5595-4dd1-a096-31982f9ed001&Prime; text_font=\u00a0\u00bbAmethysta||||||||\u00a0\u00bb text_text_color=\u00a0\u00bb#545454&Prime; text_orientation=\u00a0\u00bbleft\u00a0\u00bb custom_margin=\u00a0\u00bb29px||4px||false|false\u00a0\u00bb custom_margin_tablet=\u00a0\u00bb\u00a0\u00bb custom_margin_phone=\u00a0\u00bb||0px||false|false\u00a0\u00bb custom_margin_last_edited=\u00a0\u00bbon|phone\u00a0\u00bb custom_padding=\u00a0\u00bb||10px|||\u00a0\u00bb inline_fonts=\u00a0\u00bbBelleza\u00a0\u00bb global_colors_info=\u00a0\u00bb{}\u00a0\u00bb]<\/p>\n<p><span style=\"font-size: x-large;\"><strong>Repas du midi<\/strong><\/span><\/p>\n<p>Lors de la pause du midi, le samedi et le dimanche, nous proposons de partager un pique-nique convivial tous ensemble, chacun est ainsi invit\u00e9 \u00e0 apporter ce qu&rsquo;il souhaite pour ces repas (il y a aussi des restaurants et sup\u00e9rettes dans les environs pour ceux qui le souhaitent).<\/p>\n<p>[\/et_pb_text][\/et_pb_column][\/et_pb_row][et_pb_row column_structure=\u00a0\u00bb3_5,2_5&Prime; _builder_version=\u00a0\u00bb4.27.4&Prime; _module_preset=\u00a0\u00bbdefault\u00a0\u00bb max_width=\u00a0\u00bb900px\u00a0\u00bb custom_padding=\u00a0\u00bb5px||10px|||\u00a0\u00bb global_colors_info=\u00a0\u00bb{}\u00a0\u00bb][et_pb_column type=\u00a0\u00bb3_5&Prime; _builder_version=\u00a0\u00bb4.16&Prime; _module_preset=\u00a0\u00bbdefault\u00a0\u00bb global_colors_info=\u00a0\u00bb{}\u00a0\u00bb][et_pb_text _builder_version=\u00a0\u00bb4.27.4&Prime; _module_preset=\u00a0\u00bb0076d6eb-5595-4dd1-a096-31982f9ed001&Prime; text_font=\u00a0\u00bbAmethysta||||||||\u00a0\u00bb text_text_color=\u00a0\u00bb#545454&Prime; text_orientation=\u00a0\u00bbleft\u00a0\u00bb custom_margin=\u00a0\u00bb5px||0px||false|false\u00a0\u00bb custom_margin_tablet=\u00a0\u00bb\u00a0\u00bb custom_margin_phone=\u00a0\u00bb||0px||false|false\u00a0\u00bb custom_margin_last_edited=\u00a0\u00bbon|phone\u00a0\u00bb custom_padding=\u00a0\u00bb||10px|||\u00a0\u00bb inline_fonts=\u00a0\u00bbBelleza\u00a0\u00bb global_colors_info=\u00a0\u00bb{}\u00a0\u00bb]<\/p>\n<p><span style=\"font-size: x-large;\"><strong>Lieu et acc\u00e8s<\/strong><\/span><\/p>\n<p>La salle se situe au\u00a0 sein de l&rsquo;<strong>Oasis FontMarie<\/strong>, un tr\u00e8s joli lieu \u00e0 proximit\u00e9 de Montpellier, d\u00e9di\u00e9 \u00e0 la transition \u00e9cologique, la permaculture et l&rsquo;accueil d&rsquo;\u00e9v\u00e9nements conscients. C&rsquo;est une joie de pouvoir organiser cet \u00e9v\u00e9nement dans un lieu qui r\u00e9sonne avec les valeurs port\u00e9es par Quentin et par Livha.<\/p>\n<p>L&rsquo;adresse du lieu est : <span>1790 route de Fontmarie, 34160 Castries<\/span>\u00a0<\/p>\n<p>[\/et_pb_text][\/et_pb_column][et_pb_column type=\u00a0\u00bb2_5&Prime; _builder_version=\u00a0\u00bb4.27.4&Prime; _module_preset=\u00a0\u00bbdefault\u00a0\u00bb global_colors_info=\u00a0\u00bb{}\u00a0\u00bb][et_pb_image src=\u00a0\u00bbhttps:\/\/livha.org\/wp-content\/uploads\/2025\/04\/oasis-fontmarie.jpg\u00a0\u00bb title_text=\u00a0\u00bboasis fontmarie\u00a0\u00bb _builder_version=\u00a0\u00bb4.27.4&Prime; _module_preset=\u00a0\u00bbdefault\u00a0\u00bb custom_margin=\u00a0\u00bb20px||||false|false\u00a0\u00bb border_radii=\u00a0\u00bbon|6px|6px|6px|6px\u00a0\u00bb global_colors_info=\u00a0\u00bb{}\u00a0\u00bb][\/et_pb_image][\/et_pb_column][\/et_pb_row][et_pb_row _builder_version=\u00a0\u00bb4.16&Prime; _module_preset=\u00a0\u00bbdefault\u00a0\u00bb max_width=\u00a0\u00bb900px\u00a0\u00bb custom_padding=\u00a0\u00bb7px||6px|||\u00a0\u00bb global_colors_info=\u00a0\u00bb{}\u00a0\u00bb][et_pb_column type=\u00a0\u00bb4_4&Prime; _builder_version=\u00a0\u00bb4.16&Prime; _module_preset=\u00a0\u00bbdefault\u00a0\u00bb global_colors_info=\u00a0\u00bb{}\u00a0\u00bb][et_pb_text _builder_version=\u00a0\u00bb4.27.4&Prime; _module_preset=\u00a0\u00bb0076d6eb-5595-4dd1-a096-31982f9ed001&Prime; text_font=\u00a0\u00bbAmethysta||||||||\u00a0\u00bb text_text_color=\u00a0\u00bb#545454&Prime; text_orientation=\u00a0\u00bbleft\u00a0\u00bb custom_margin=\u00a0\u00bb2px||30px||false|false\u00a0\u00bb custom_margin_tablet=\u00a0\u00bb\u00a0\u00bb custom_margin_phone=\u00a0\u00bb||0px||false|false\u00a0\u00bb custom_margin_last_edited=\u00a0\u00bbon|phone\u00a0\u00bb inline_fonts=\u00a0\u00bbBelleza\u00a0\u00bb global_colors_info=\u00a0\u00bb{}\u00a0\u00bb]<\/p>\n<p><span style=\"font-size: x-large;\"><strong>Transport et logement<\/strong><\/span><\/p>\n<p>Afin de faciliter la venue sur place, une page d\u00e9di\u00e9e au covoiturage \u00e0 \u00e9t\u00e9 cr\u00e9\u00e9e, pour permettre aux participants \u00e0 la rencontre de proposer ou demander un covoiturage : <a href=\"https:\/\/covoiturageretraite.wordpress.com\/rencontre-montpellier-juillet-2025\/\" target=\"_blank\" rel=\"noopener\">Lien vers la page de covoiturage<\/a><\/p>\n<p><span style=\"font-size: x-large;\"><strong>H\u00e9bergement<\/strong><\/span><\/p>\n<p>Si vous cherchez une solution d&rsquo;h\u00e9bergement, sachez que l&rsquo;Oasis FontMarie propose quelques emplacements de camping pour installer une tente (capacit\u00e9 de 10 emplacements seulement, tarif de 15\u20ac\/personne\/nuit). Pour r\u00e9server, contactez Myl\u00e8ne par email \u00e0 l&rsquo;adresse suivante : <a href=\"mailto:mymy7792@hotmail.fr\">mymy7792@hotmail.fr<\/a><\/p>\n<p>Il existe \u00e9galement le camping <span>Fondespierre<\/span> \u00e0 tout juste 20 minutes \u00e0 pied de distance, disposant d&rsquo;espaces pour tentes, camping car, et de mobile-homes : <a href=\"https:\/\/camping-fondespierre.com\/\" target=\"_blank\" rel=\"noopener\">Lien vers camping \u00e0 proximit\u00e9<\/a><\/p>\n<p>[\/et_pb_text][\/et_pb_column][\/et_pb_row][et_pb_row use_custom_gutter=\u00a0\u00bbon\u00a0\u00bb gutter_width=\u00a0\u00bb1&Prime; _builder_version=\u00a0\u00bb4.16&Prime; _module_preset=\u00a0\u00bbdefault\u00a0\u00bb max_width=\u00a0\u00bb940px\u00a0\u00bb custom_padding=\u00a0\u00bb19px||8px|||\u00a0\u00bb global_colors_info=\u00a0\u00bb{}\u00a0\u00bb][et_pb_column type=\u00a0\u00bb4_4&Prime; _builder_version=\u00a0\u00bb4.16&Prime; _module_preset=\u00a0\u00bbdefault\u00a0\u00bb global_colors_info=\u00a0\u00bb{}\u00a0\u00bb][dsm_masonry_gallery gallery_ids=\u00a0\u00bb237272,237277,237282,237287,237292,237297,237302,237307,237312,237317,237322,237327&Prime; dsm_sort_images=\u00a0\u00bboff\u00a0\u00bb columns=\u00a0\u00bb4&Prime; gutter=\u00a0\u00bb18&Prime; use_lightbox=\u00a0\u00bbon\u00a0\u00bb _builder_version=\u00a0\u00bb4.27.4&Prime; _module_preset=\u00a0\u00bbdefault\u00a0\u00bb global_colors_info=\u00a0\u00bb{}\u00a0\u00bb][\/dsm_masonry_gallery][\/et_pb_column][\/et_pb_row][\/et_pb_section][et_pb_section fb_built=\u00a0\u00bb1&Prime; prev_background_color=\u00a0\u00bb#ffffff\u00a0\u00bb _builder_version=\u00a0\u00bb4.27.4&Prime; _module_preset=\u00a0\u00bbdefault\u00a0\u00bb use_background_color_gradient=\u00a0\u00bbon\u00a0\u00bb background_color_gradient_stops=\u00a0\u00bb#e0f3ff 0%|#ebf3f4 100%\u00a0\u00bb background_color_gradient_start=\u00a0\u00bbrgba(157,209,232,0.8)\u00a0\u00bb background_color_gradient_end=\u00a0\u00bb#d7edf4&Prime; custom_margin=\u00a0\u00bb10px||0px||false|false\u00a0\u00bb custom_padding=\u00a0\u00bb0px||0px||false|false\u00a0\u00bb top_divider_style=\u00a0\u00bbcurve2&Prime; top_divider_height=\u00a0\u00bb50px\u00a0\u00bb top_divider_flip=\u00a0\u00bbvertical\u00a0\u00bb bottom_divider_color=\u00a0\u00bbrgba(127,202,232,0.4)\u00a0\u00bb bottom_divider_height=\u00a0\u00bb77px\u00a0\u00bb bottom_divider_repeat=\u00a0\u00bb0x\u00a0\u00bb global_colors_info=\u00a0\u00bb{}\u00a0\u00bb][et_pb_row _builder_version=\u00a0\u00bb4.16&Prime; _module_preset=\u00a0\u00bbdefault\u00a0\u00bb max_width=\u00a0\u00bb830px\u00a0\u00bb custom_padding=\u00a0\u00bb||6px|||\u00a0\u00bb global_colors_info=\u00a0\u00bb{}\u00a0\u00bb][et_pb_column type=\u00a0\u00bb4_4&Prime; _builder_version=\u00a0\u00bb4.16&Prime; _module_preset=\u00a0\u00bbdefault\u00a0\u00bb global_colors_info=\u00a0\u00bb{}\u00a0\u00bb][et_pb_text _builder_version=\u00a0\u00bb4.27.4&Prime; _module_preset=\u00a0\u00bb1e8c5ef0-394e-44e2-9b6c-197ab152994c\u00a0\u00bb text_letter_spacing=\u00a0\u00bb3px\u00a0\u00bb header_3_text_color=\u00a0\u00bb#1e65ce\u00a0\u00bb header_3_letter_spacing=\u00a0\u00bb2px\u00a0\u00bb custom_padding=\u00a0\u00bb10px||5px||false|false\u00a0\u00bb header_3_font_last_edited=\u00a0\u00bboff|desktop\u00a0\u00bb header_3_font_size_tablet=\u00a0\u00bb24px\u00a0\u00bb header_3_font_size_phone=\u00a0\u00bb\u00a0\u00bb header_3_font_size_last_edited=\u00a0\u00bbon|tablet\u00a0\u00bb global_colors_info=\u00a0\u00bb{}\u00a0\u00bb]<\/p>\n<h3 style=\"text-align: center;\">INSCRIPTION<\/h3>\n<p>[\/et_pb_text][et_pb_text _builder_version=\u00a0\u00bb4.27.4&Prime; _module_preset=\u00a0\u00bb0076d6eb-5595-4dd1-a096-31982f9ed001&Prime; text_font=\u00a0\u00bbAmethysta||||||||\u00a0\u00bb text_text_color=\u00a0\u00bbrgba(0,0,0,0.7)\u00a0\u00bb custom_margin=\u00a0\u00bb5px|||||\u00a0\u00bb global_colors_info=\u00a0\u00bb{}\u00a0\u00bb]<\/p>\n<p>L&rsquo;inscription se fait au pr\u00e9alable via cette page, en s\u00e9lectionnant le montant d&rsquo;inscription ci-dessous. Votre inscription sera enregistr\u00e9e une fois le paiement effectu\u00e9. L&rsquo;inscription sur place sera \u00e9ventuellement possible, mais ne peut \u00eatre garantie en raison du nombre de place limit\u00e9es dans la salle.<\/p>\n<p>Afin de permettre au plus grand nombre de participer, tout en respectant l&rsquo;\u00e9quilibre de ce qui est offert lors de cet \u00e9v\u00e9nement et ce qui est mis en place pour le rendre possible, il est propos\u00e9 \u00e0 chacun de choisir parmi plusieurs montants.<\/p>\n<p>Dans la joie de se retrouver \ud83d\udc9b\ud83d\ude4f<\/p>\n<p>Toute l&rsquo;\u00e9quipe<\/p>\n<p>[\/et_pb_text][et_pb_text _builder_version=\u00a0\u00bb4.27.4&Prime; _module_preset=\u00a0\u00bb0076d6eb-5595-4dd1-a096-31982f9ed001&Prime; text_font=\u00a0\u00bbAmethysta||||||||\u00a0\u00bb custom_margin=\u00a0\u00bb5px||14px|||\u00a0\u00bb custom_padding=\u00a0\u00bb||1px|||\u00a0\u00bb global_colors_info=\u00a0\u00bb{}\u00a0\u00bb]<\/p>\n<p><strong><em>Votre contribution est enti\u00e8rement vers\u00e9e \u00e0 l\u2019association \u00e0 but non lucratif Livha<\/em><\/strong><em>, bas\u00e9e au Portugal, et permet de proposer ces \u00e9v\u00e9nements et de soutenir les activit\u00e9s de l\u2019association, notamment un projet ouvert \u00e0 tous d&rsquo;\u00e9co-lieu au Portugal.<\/em><\/p>\n<p>[\/et_pb_text][et_pb_text _builder_version=\u00a0\u00bb4.27.4&Prime; _module_preset=\u00a0\u00bb0076d6eb-5595-4dd1-a096-31982f9ed001&Prime; text_font=\u00a0\u00bbAmethysta|700|||||||\u00a0\u00bb custom_margin=\u00a0\u00bb||-4px|||\u00a0\u00bb global_colors_info=\u00a0\u00bb{}\u00a0\u00bb]<\/p>\n<p style=\"text-align: center;\">Montant au choix\u00a0(r\u00e8glement par CB ou pr\u00e9l\u00e8vement SEPA) :<\/p>\n<p>[\/et_pb_text][\/et_pb_column][\/et_pb_row][et_pb_row column_structure=\u00a0\u00bb1_2,1_2&Prime; use_custom_gutter=\u00a0\u00bbon\u00a0\u00bb gutter_width=\u00a0\u00bb2&Prime; _builder_version=\u00a0\u00bb4.27.2&Prime; _module_preset=\u00a0\u00bbdefault\u00a0\u00bb max_width=\u00a0\u00bb940px\u00a0\u00bb custom_margin=\u00a0\u00bb||||false|false\u00a0\u00bb custom_padding=\u00a0\u00bb13px||10px|||\u00a0\u00bb global_colors_info=\u00a0\u00bb{}\u00a0\u00bb][et_pb_column type=\u00a0\u00bb1_2&Prime; _builder_version=\u00a0\u00bb4.16&Prime; _module_preset=\u00a0\u00bbdefault\u00a0\u00bb global_colors_info=\u00a0\u00bb{}\u00a0\u00bb][et_pb_cta title=\u00a0\u00bbParticipation normale\u00a0\u00bb button_url=\u00a0\u00bbhttps:\/\/my.livha.org\/fr\/produit\/rencontre-du-19-au-20-juillet-2025-participation-normale\/\u00a0\u00bb button_text=\u00a0\u00bbParticipation normale : 155\u20ac (+tva)\u00a0\u00bb _builder_version=\u00a0\u00bb4.27.4&Prime; _module_preset=\u00a0\u00bbdefault\u00a0\u00bb header_font=\u00a0\u00bbBelleza||||||||\u00a0\u00bb header_text_color=\u00a0\u00bb#12487a\u00a0\u00bb body_text_color=\u00a0\u00bb#494949&Prime; body_font_size=\u00a0\u00bb15px\u00a0\u00bb background_color=\u00a0\u00bbRGBA(0,0,0,0)\u00a0\u00bb use_background_color_gradient=\u00a0\u00bbon\u00a0\u00bb background_color_gradient_stops=\u00a0\u00bbrgba(255,255,255,0.58) 0%|#cee2e8 100%\u00a0\u00bb background_color_gradient_start=\u00a0\u00bbrgba(255,255,255,0.58)\u00a0\u00bb background_color_gradient_end=\u00a0\u00bb#cee2e8&Prime; custom_button=\u00a0\u00bbon\u00a0\u00bb button_text_size=\u00a0\u00bb15px\u00a0\u00bb button_text_color=\u00a0\u00bb#fff5e8&Prime; button_bg_use_color_gradient=\u00a0\u00bbon\u00a0\u00bb button_bg_color_gradient_stops=\u00a0\u00bb#dcb253 0%|#db9900 100%\u00a0\u00bb button_bg_color_gradient_start=\u00a0\u00bb#dcb253&Prime; button_bg_color_gradient_end=\u00a0\u00bb#db9900&Prime; button_border_width=\u00a0\u00bb0px\u00a0\u00bb button_letter_spacing=\u00a0\u00bb2px\u00a0\u00bb button_font=\u00a0\u00bbBelleza|700||on|||||\u00a0\u00bb button_use_icon=\u00a0\u00bboff\u00a0\u00bb button_alignment=\u00a0\u00bbcenter\u00a0\u00bb button_custom_padding=\u00a0\u00bb6px|35px|6px|35px|false|false\u00a0\u00bb width=\u00a0\u00bb90%\u00a0\u00bb module_alignment=\u00a0\u00bbcenter\u00a0\u00bb button_alignment_tablet=\u00a0\u00bb\u00a0\u00bb button_alignment_phone=\u00a0\u00bbcenter\u00a0\u00bb button_alignment_last_edited=\u00a0\u00bbon|phone\u00a0\u00bb border_radii=\u00a0\u00bbon|21px|21px|21px|21px\u00a0\u00bb border_width_all=\u00a0\u00bb1px\u00a0\u00bb border_color_all=\u00a0\u00bbrgba(138,211,247,0.46)\u00a0\u00bb button_text_shadow_style=\u00a0\u00bbpreset3&Prime; box_shadow_style=\u00a0\u00bbpreset1&Prime; box_shadow_style_button=\u00a0\u00bbpreset1&Prime; global_colors_info=\u00a0\u00bb{}\u00a0\u00bb button_bg_color__hover_enabled=\u00a0\u00bbon|hover\u00a0\u00bb]<\/p>\n<p>Lien pour montant \u00ab participation normale \u00bb. Vous aurez besoin de vous connecter \u00e0 votre compte mylivha (ou en cr\u00e9er un gratuitement) pour effectuer le paiement. En cas de difficult\u00e9, n\u2019h\u00e9sitez pas \u00e0 nous contacter.<\/p>\n<p>[\/et_pb_cta][\/et_pb_column][et_pb_column type=\u00a0\u00bb1_2&Prime; _builder_version=\u00a0\u00bb4.16&Prime; _module_preset=\u00a0\u00bbdefault\u00a0\u00bb global_colors_info=\u00a0\u00bb{}\u00a0\u00bb][et_pb_cta title=\u00a0\u00bbParticipation bienfaiteur\u00a0\u00bb button_url=\u00a0\u00bbhttps:\/\/my.livha.org\/fr\/produit\/rencontre-du-19-au-20-juillet-2025-participation-bienfaiteur\/\u00a0\u00bb button_text=\u00a0\u00bbParticipation Bienfaiteur : \u00e0 partir de 200\u20ac (+TVA)\u00a0\u00bb _builder_version=\u00a0\u00bb4.27.4&Prime; _module_preset=\u00a0\u00bbdefault\u00a0\u00bb header_font=\u00a0\u00bbBelleza||||||||\u00a0\u00bb header_text_color=\u00a0\u00bb#12487a\u00a0\u00bb body_text_color=\u00a0\u00bb#494949&Prime; body_font_size=\u00a0\u00bb15px\u00a0\u00bb background_color=\u00a0\u00bbRGBA(0,0,0,0)\u00a0\u00bb use_background_color_gradient=\u00a0\u00bbon\u00a0\u00bb background_color_gradient_stops=\u00a0\u00bbrgba(255,255,255,0.58) 0%|#cee2e8 100%\u00a0\u00bb background_color_gradient_start=\u00a0\u00bbrgba(255,255,255,0.58)\u00a0\u00bb background_color_gradient_end=\u00a0\u00bb#cee2e8&Prime; custom_button=\u00a0\u00bbon\u00a0\u00bb button_text_size=\u00a0\u00bb15px\u00a0\u00bb button_text_color=\u00a0\u00bb#fff5e8&Prime; button_bg_use_color_gradient=\u00a0\u00bbon\u00a0\u00bb button_bg_color_gradient_stops=\u00a0\u00bb#dcb253 0%|#db9900 100%\u00a0\u00bb button_bg_color_gradient_start=\u00a0\u00bb#dcb253&Prime; button_bg_color_gradient_end=\u00a0\u00bb#db9900&Prime; button_border_width=\u00a0\u00bb0px\u00a0\u00bb button_letter_spacing=\u00a0\u00bb2px\u00a0\u00bb button_font=\u00a0\u00bbBelleza|700||on|||||\u00a0\u00bb button_use_icon=\u00a0\u00bboff\u00a0\u00bb button_alignment=\u00a0\u00bbcenter\u00a0\u00bb button_custom_padding=\u00a0\u00bb6px|35px|6px|35px|false|false\u00a0\u00bb width=\u00a0\u00bb90%\u00a0\u00bb button_alignment_tablet=\u00a0\u00bb\u00a0\u00bb button_alignment_phone=\u00a0\u00bbcenter\u00a0\u00bb button_alignment_last_edited=\u00a0\u00bbon|phone\u00a0\u00bb border_radii=\u00a0\u00bbon|21px|21px|21px|21px\u00a0\u00bb border_width_all=\u00a0\u00bb1px\u00a0\u00bb border_color_all=\u00a0\u00bbrgba(138,211,247,0.46)\u00a0\u00bb button_text_shadow_style=\u00a0\u00bbpreset3&Prime; box_shadow_style=\u00a0\u00bbpreset1&Prime; box_shadow_style_button=\u00a0\u00bbpreset1&Prime; global_colors_info=\u00a0\u00bb{}\u00a0\u00bb button_bg_color__hover_enabled=\u00a0\u00bbon|hover\u00a0\u00bb]<\/p>\n<p><span>Lien pour montant \u00ab donation bienfaiteur \u00bb (montant libre <strong>\u00e0 partir de 200\u20ac, exempt\u00e9 de tva<\/strong>). Vous aurez besoin de vous connecter \u00e0 votre compte mylivha (ou en cr\u00e9er un gratuitement) pour effectuer le paiement.\u00a0<\/span><\/p>\n<p>[\/et_pb_cta][\/et_pb_column][\/et_pb_row][et_pb_row use_custom_gutter=\u00a0\u00bbon\u00a0\u00bb gutter_width=\u00a0\u00bb2&Prime; _builder_version=\u00a0\u00bb4.27.4&Prime; _module_preset=\u00a0\u00bbdefault\u00a0\u00bb background_color=\u00a0\u00bbrgba(255,255,255,0.6)\u00a0\u00bb width=\u00a0\u00bb90%\u00a0\u00bb max_width=\u00a0\u00bb940px\u00a0\u00bb custom_margin=\u00a0\u00bb20px||||false|false\u00a0\u00bb custom_padding=\u00a0\u00bb|30px||30px|false|false\u00a0\u00bb border_radii=\u00a0\u00bbon|13px|13px|13px|13px\u00a0\u00bb global_colors_info=\u00a0\u00bb{}\u00a0\u00bb][et_pb_column type=\u00a0\u00bb4_4&Prime; _builder_version=\u00a0\u00bb4.16&Prime; _module_preset=\u00a0\u00bbdefault\u00a0\u00bb global_colors_info=\u00a0\u00bb{}\u00a0\u00bb][et_pb_text _builder_version=\u00a0\u00bb4.27.4&Prime; _module_preset=\u00a0\u00bbdefault\u00a0\u00bb text_font_size=\u00a0\u00bb15px\u00a0\u00bb custom_margin=\u00a0\u00bb||30px||false|false\u00a0\u00bb hover_enabled=\u00a0\u00bb0&Prime; global_colors_info=\u00a0\u00bb{}\u00a0\u00bb sticky_enabled=\u00a0\u00bb0&Prime;]<\/p>\n<p><em><strong><span style=\"text-decoration: underline;\">En cas de difficult\u00e9 financi\u00e8re<\/span><\/strong>, il vous est possible de faire une demande afin de pouvoir verser une participation d\u2019un montant inf\u00e9rieur, en indiquant votre situation, ainsi nous pourrons voir si cela est possible et si cela peut \u00eatre \u00e9quilibr\u00e9. Vous pouvez nous contacter \u00e0 ce sujet \u00e0 l\u2019adresse <a href=\"mailto:contact@livha.org\u00a0\">contact@livha.org\u00a0<\/a><\/em><\/p>\n<p>[\/et_pb_text][et_pb_text _builder_version=\u00a0\u00bb4.16&Prime; _module_preset=\u00a0\u00bbdefault\u00a0\u00bb text_font_size=\u00a0\u00bb15px\u00a0\u00bb global_colors_info=\u00a0\u00bb{}\u00a0\u00bb]<\/p>\n<p style=\"text-align: justify;\"><em><strong>Informations concernant les aspects m\u00e9dicaux (sant\u00e9 mentale et physique) :<\/strong><\/em><\/p>\n<p style=\"text-align: justify;\"><em>En m&rsquo;inscrivant, j&rsquo;indique avoir pris connaissance des recommandations concernant les aspects m\u00e9dicaux (sant\u00e9 mentale et physique) : cet \u00e9v\u00e8nement int\u00e8gre des pratiques favorisant des introspections (via par exemple la m\u00e9ditation), et entrainant parfois des remises en question. Ce type de pratiques n&rsquo;est pas forc\u00e9ment adapt\u00e9 \u00e0 tous, celles-ci pouvant d\u00e9boucher sur la r\u00e9v\u00e9lation de couches psychiques parfois jusque-l\u00e0 insconscientes en l&rsquo;\u00eatre, processus pouvant dans certains cas \u00eatre exp\u00e9riment\u00e9 de mani\u00e8re intense ou inconfortable. Ces pratiques ne remplacent pas une th\u00e9rapie, et dans le cas o\u00f9 vous auriez connu des difficult\u00e9s d&rsquo;ordre psychique par le pass\u00e9, nous vous invitons \u00e0 v\u00e9rifier aupr\u00e8s de votre m\u00e9decin ou d&rsquo;un sp\u00e9cialiste que ce type de d\u00e9marche est adapt\u00e9 \u00e0 votre situation.<\/em><\/p>\n<p>[\/et_pb_text][\/et_pb_column][\/et_pb_row][\/et_pb_section][et_pb_section fb_built=\u00a0\u00bb1&Prime; _builder_version=\u00a0\u00bb4.27.4&Prime; _module_preset=\u00a0\u00bbdefault\u00a0\u00bb background_color=\u00a0\u00bb#ebf3f4&Prime; min_height=\u00a0\u00bb120px\u00a0\u00bb custom_padding=\u00a0\u00bb0px||0px|||\u00a0\u00bb bottom_divider_style=\u00a0\u00bbwave2&Prime; bottom_divider_color=\u00a0\u00bbrgba(127,202,232,0.4)\u00a0\u00bb bottom_divider_flip=\u00a0\u00bbhorizontal\u00a0\u00bb global_colors_info=\u00a0\u00bb{}\u00a0\u00bb][et_pb_row _builder_version=\u00a0\u00bb4.16&Prime; _module_preset=\u00a0\u00bbdefault\u00a0\u00bb global_colors_info=\u00a0\u00bb{}\u00a0\u00bb][et_pb_column type=\u00a0\u00bb4_4&Prime; _builder_version=\u00a0\u00bb4.16&Prime; _module_preset=\u00a0\u00bbdefault\u00a0\u00bb global_colors_info=\u00a0\u00bb{}\u00a0\u00bb][\/et_pb_column][\/et_pb_row][\/et_pb_section]<\/p>\n","protected":false},"excerpt":{"rendered":"<p>Rencontre en pr\u00e9sentiel19 et 20 juillet 2025 &#8211; pr\u00e8s de MontpellierBonjour \u00e0 tous, C&rsquo;est avec joie que nous vous proposons de vivre ensemble une rencontre en pr\u00e9sentiel \u00e0 l&rsquo;Oasis FontMarie, \u00e0 quelques kilom\u00e8tres de Montpellier, du samedi 19 juillet matin au dimanche 20 juillet en fin d&rsquo;apr\u00e8s-midi. Vous trouverez tous les d\u00e9tails concernant l&rsquo;\u00e9v\u00e9nement ci-dessous et les informations concernant l&rsquo;inscription en bas de cette page.Quelques mots de Quentin \u00e0 propos de cette rencontre : &nbsp;\u00ab\u00a0Chers Fr\u00e8res et Soeurs, Je salue la Lumi\u00e8re que vous \u00eates. Aujourd\u2019hui c&rsquo;est avec une grande joie que je vous \u00e9cris pour vous annoncer que nous organisons une nouvelle rencontre pr\u00e8s de Montpellier, le samedi 19 juillet et le dimanche 20 juillet. C\u2019est l\u2019occasion pour vous \/ nous d\u2019arr\u00eater le temps et de nous retrouver un instant d\u2019\u00e9ternit\u00e9, au c\u0153ur de ce que nous avons toujours \u00e9t\u00e9, de s\u2019y ancrer et red\u00e9couvrir le monde \u00e0 partir de ce regard neuf lorsque le temps reprend. Ce sera une rencontre dans la profondeur du silence, de cette Lumi\u00e8re indicible, au coeur du Vivant au-dedans de soi. Et en m\u00eame temps, cela se d\u00e9roulera naturellement dans la joie des retrouvailles int\u00e9rieures, de coeur \u00e0 coeur. Si le temps nous [&hellip;]<\/p>\n","protected":false},"author":1,"featured_media":0,"parent":0,"menu_order":0,"comment_status":"closed","ping_status":"closed","template":"","meta":{"_et_pb_use_builder":"on","_et_pb_old_content":"","_et_gb_content_width":"","footnotes":""},"class_list":["post-237135","page","type-page","status-publish","hentry"],"_links":{"self":[{"href":"https:\/\/livha.org\/fr\/wp-json\/wp\/v2\/pages\/237135","targetHints":{"allow":["GET"]}}],"collection":[{"href":"https:\/\/livha.org\/fr\/wp-json\/wp\/v2\/pages"}],"about":[{"href":"https:\/\/livha.org\/fr\/wp-json\/wp\/v2\/types\/page"}],"author":[{"embeddable":true,"href":"https:\/\/livha.org\/fr\/wp-json\/wp\/v2\/users\/1"}],"replies":[{"embeddable":true,"href":"https:\/\/livha.org\/fr\/wp-json\/wp\/v2\/comments?post=237135"}],"version-history":[{"count":44,"href":"https:\/\/livha.org\/fr\/wp-json\/wp\/v2\/pages\/237135\/revisions"}],"predecessor-version":[{"id":237336,"href":"https:\/\/livha.org\/fr\/wp-json\/wp\/v2\/pages\/237135\/revisions\/237336"}],"wp:attachment":[{"href":"https:\/\/livha.org\/fr\/wp-json\/wp\/v2\/media?parent=237135"}],"curies":[{"name":"wp","href":"https:\/\/api.w.org\/{rel}","templated":true}]}}