{"id":237488,"date":"2025-12-20T10:39:58","date_gmt":"2025-12-20T09:39:58","guid":{"rendered":"https:\/\/livha.org\/?page_id=237488"},"modified":"2025-12-23T12:26:19","modified_gmt":"2025-12-23T11:26:19","slug":"message-video-de-quentin-retraites-au-portugal","status":"publish","type":"page","link":"https:\/\/livha.org\/fr\/message-video-de-quentin-retraites-au-portugal\/","title":{"rendered":"Message vid\u00e9o de Quentin &#8211; retraites au Portugal"},"content":{"rendered":"<p>[et_pb_section fb_built=\u00a0\u00bb1&Prime; _builder_version=\u00a0\u00bb4.16&Prime; _module_preset=\u00a0\u00bbdefault\u00a0\u00bb custom_padding=\u00a0\u00bb41px||89px|||\u00a0\u00bb top_divider_style=\u00a0\u00bbwave2&Prime; top_divider_color=\u00a0\u00bbrgba(127,203,219,0.3)\u00a0\u00bb top_divider_height=\u00a0\u00bb40px\u00a0\u00bb top_divider_flip=\u00a0\u00bbhorizontal|vertical\u00a0\u00bb bottom_divider_style=\u00a0\u00bbwave2&Prime; bottom_divider_color=\u00a0\u00bbrgba(127,203,219,0.3)\u00a0\u00bb bottom_divider_height=\u00a0\u00bb40px\u00a0\u00bb bottom_divider_flip=\u00a0\u00bbhorizontal\u00a0\u00bb global_colors_info=\u00a0\u00bb{}\u00a0\u00bb][et_pb_row make_equal=\u00a0\u00bbon\u00a0\u00bb _builder_version=\u00a0\u00bb4.27.4&Prime; _module_preset=\u00a0\u00bbdefault\u00a0\u00bb custom_padding=\u00a0\u00bb10px||0px||false|false\u00a0\u00bb global_colors_info=\u00a0\u00bb{}\u00a0\u00bb][et_pb_column type=\u00a0\u00bb4_4&Prime; _builder_version=\u00a0\u00bb4.27.0&Prime; _module_preset=\u00a0\u00bbdefault\u00a0\u00bb global_colors_info=\u00a0\u00bb{}\u00a0\u00bb][et_pb_video src=\u00a0\u00bbhttps:\/\/vimeo.com\/1148255858\/2242bfc655?share=copy&#038;fl=sv&#038;fe=ci\u00a0\u00bb _builder_version=\u00a0\u00bb4.27.4&Prime; _module_preset=\u00a0\u00bbdefault\u00a0\u00bb custom_margin=\u00a0\u00bb|300px||300px|false|false\u00a0\u00bb custom_margin_tablet=\u00a0\u00bb|100px||100px|false|false\u00a0\u00bb custom_margin_phone=\u00a0\u00bb|0px||0px|false|false\u00a0\u00bb custom_margin_last_edited=\u00a0\u00bbon|desktop\u00a0\u00bb global_colors_info=\u00a0\u00bb{}\u00a0\u00bb][\/et_pb_video][et_pb_text _builder_version=\u00a0\u00bb4.27.4&Prime; text_font=\u00a0\u00bbPoppins||||||||\u00a0\u00bb text_line_height=\u00a0\u00bb0em\u00a0\u00bb link_font=\u00a0\u00bbChivo||||||||\u00a0\u00bb header_font=\u00a0\u00bb||||||||\u00a0\u00bb header_font_size=\u00a0\u00bb21px\u00a0\u00bb header_3_font=\u00a0\u00bbBelleza|700|||||||\u00a0\u00bb header_3_text_align=\u00a0\u00bbcenter\u00a0\u00bb header_3_text_color=\u00a0\u00bb#2b2b2b\u00a0\u00bb header_3_font_size=\u00a0\u00bb24px\u00a0\u00bb header_3_letter_spacing=\u00a0\u00bb2px\u00a0\u00bb header_3_line_height=\u00a0\u00bb2em\u00a0\u00bb min_height=\u00a0\u00bb33px\u00a0\u00bb custom_margin=\u00a0\u00bb5px||0px||false|false\u00a0\u00bb custom_padding=\u00a0\u00bb||0px|||\u00a0\u00bb animation_style=\u00a0\u00bbnone\u00a0\u00bb header_font_size_tablet=\u00a0\u00bb25px\u00a0\u00bb header_font_size_phone=\u00a0\u00bb\u00a0\u00bb header_font_size_last_edited=\u00a0\u00bbon|phone\u00a0\u00bb header_3_font_size_tablet=\u00a0\u00bb24px\u00a0\u00bb header_3_font_size_phone=\u00a0\u00bb22px\u00a0\u00bb header_3_font_size_last_edited=\u00a0\u00bbon|desktop\u00a0\u00bb global_colors_info=\u00a0\u00bb{}\u00a0\u00bb]<\/p>\n<h3><span style=\"font-size: x-large; color: #2750ba;\">Email de contact pour s&rsquo;inscrire aux retraites au Portugal et obtenir des infos : appel.profond@livha.org<\/span><\/h3>\n<p>&nbsp;<\/p>\n<p>[\/et_pb_text][\/et_pb_column][\/et_pb_row][et_pb_row _builder_version=\u00a0\u00bb4.27.4&Prime; _module_preset=\u00a0\u00bbdefault\u00a0\u00bb max_width=\u00a0\u00bb800px\u00a0\u00bb custom_margin=\u00a0\u00bb20px||||false|false\u00a0\u00bb custom_padding=\u00a0\u00bb0px||0px||false|false\u00a0\u00bb hover_transition_speed_curve=\u00a0\u00bblinear\u00a0\u00bb hover_enabled=\u00a0\u00bb0&Prime; global_colors_info=\u00a0\u00bb{}\u00a0\u00bb sticky_enabled=\u00a0\u00bb0&Prime;][et_pb_column type=\u00a0\u00bb4_4&Prime; _builder_version=\u00a0\u00bb4.16&Prime; _module_preset=\u00a0\u00bbdefault\u00a0\u00bb global_colors_info=\u00a0\u00bb{}\u00a0\u00bb][et_pb_text _builder_version=\u00a0\u00bb4.27.4&Prime; text_font=\u00a0\u00bbPoppins||||||||\u00a0\u00bb link_font=\u00a0\u00bbChivo||||||||\u00a0\u00bb header_font=\u00a0\u00bb||||||||\u00a0\u00bb header_font_size=\u00a0\u00bb21px\u00a0\u00bb header_3_font=\u00a0\u00bbBelleza|700|||||||\u00a0\u00bb header_3_text_align=\u00a0\u00bbcenter\u00a0\u00bb header_3_text_color=\u00a0\u00bb#2b2b2b\u00a0\u00bb header_3_font_size=\u00a0\u00bb24px\u00a0\u00bb header_3_letter_spacing=\u00a0\u00bb2px\u00a0\u00bb header_3_line_height=\u00a0\u00bb2em\u00a0\u00bb min_height=\u00a0\u00bb33px\u00a0\u00bb custom_margin=\u00a0\u00bb5px||5px||false|false\u00a0\u00bb custom_padding=\u00a0\u00bb||0px|||\u00a0\u00bb animation_style=\u00a0\u00bbnone\u00a0\u00bb header_font_size_tablet=\u00a0\u00bb25px\u00a0\u00bb header_font_size_phone=\u00a0\u00bb\u00a0\u00bb header_font_size_last_edited=\u00a0\u00bbon|phone\u00a0\u00bb header_3_font_size_tablet=\u00a0\u00bb24px\u00a0\u00bb header_3_font_size_phone=\u00a0\u00bb22px\u00a0\u00bb header_3_font_size_last_edited=\u00a0\u00bbon|desktop\u00a0\u00bb global_colors_info=\u00a0\u00bb{}\u00a0\u00bb]<\/p>\n<h3>Quelques partages de participants aux retraites au Portugal<\/h3>\n<p>[\/et_pb_text][et_pb_text _builder_version=\u00a0\u00bb4.27.4&Prime; _module_preset=\u00a0\u00bbdefault\u00a0\u00bb text_font_size=\u00a0\u00bb18px\u00a0\u00bb text_line_height=\u00a0\u00bb1.9em\u00a0\u00bb global_colors_info=\u00a0\u00bb{}\u00a0\u00bb]<\/p>\n<p>&nbsp;<\/p>\n<p><strong>Annaig F\u00e9vrier 2025 :<\/strong><\/p>\n<p>\u00a0\u00bb Je suis vraiment heureuse d&rsquo;avoir v\u00e9cu cette retraite au Portugal avec Quentin. J&rsquo;avais quelques appr\u00e9hensions de nous retrouver en petit groupe 7 jours sur 7 et elles ont toutes \u00e9t\u00e9 dissip\u00e9es pendant le s\u00e9jour. Ce fut un moment fort, intense et doux en m\u00eame temps.<br \/>Quentin a cette qualit\u00e9 de pouvoir transmettre en douceur des enseignements profonds par la parole, mais aussi par la pr\u00e9sence. Les temps de partage ensemble furent pour moi extr\u00eamement nourrissants, tant au niveau des compr\u00e9hensions\/\u00e9clairages, qu&rsquo;au niveau des ressentis dans les pratiques de m\u00e9ditation.<br \/>Je sens que mes ressentis s&rsquo;affinent, ma pr\u00e9sence se d\u00e9ploie progressivement&#8230;et je me d\u00e9lecte de plus en plus dans cet \u00e9tat d&rsquo;\u00eatre qui s&rsquo;installe dans le silence. Quentin \u00e9tait disponible pour nous, pour nos questions, pour \u00e9clairer nos \u00ab\u00a0perturbations\u00a0\u00bb. Je lui suis profond\u00e9ment reconnaissante pour sa pr\u00e9sence bienveillante \u00e0 chaque instant et particuli\u00e8rement \u00e0 un moment o\u00f9 je traversais un chaos int\u00e9rieur&#8230;il a su mettre des mots pour me ramener \u00e0 davantage de conscience et d&rsquo;acceptation.<br \/>La force du groupe est aussi tr\u00e8s porteuse pendant la retraite : nous sommes tous l\u00e0 avec les m\u00eames aspirations aussi tous les partages sont riches &#8211; que ce soient les temps avec Quentin, les temps de pr\u00e9paration en cuisine, autour d&rsquo;un caf\u00e9, sur le terrain etc&#8230;et le fait d&rsquo;\u00eatre un petit groupe est vraiment un avantage pour nous conna\u00eetre plus profond\u00e9ment et nous soutenir mutuellement. J&rsquo;ai vraiment ressenti \u00e0 quel point le fait d&rsquo;\u00eatre ensemble apportait de la joie, du p\u00e9tillement, de la reliance et de l&rsquo;inspiration. Je suis pleine de gratitude pour tous ces merveilleux moments v\u00e9cus ensemble. Encore merci Quentin pour ta clart\u00e9, ta douceur et ce don que tu as de nous relier en pr\u00e9sence et d&rsquo;\u00e9clairer notre chemin.\u00a0\u00bb Annaig<\/p>\n<p>De tout coeur \ud83d\ude4f<\/p>\n<p>&nbsp;<\/p>\n<p><strong>Jean-Jacques F\u00e9vrier 2025 :<\/strong><\/p>\n<p>\u00ab\u00a0Je suis vraiment tr\u00e8s heureux d&rsquo;avoir pu participer \u00e0 la premi\u00e8re retraite que Quentin donnait au Portugal , ce fut une tr\u00e8s belle immersion en Soi .<br \/>Je n&rsquo;avais jamais eu l&rsquo;occasion ou plut\u00f4t je n&rsquo;avais jamais os\u00e9 me joindre \u00e0 un petit groupe ( 8 personnes et 9 avec Quentin) ; je me suis senti vraiment en confiance avec la grande douceur et l&rsquo;amour qui \u00e9mane de Quentin et la bienveillance du groupe , cela m&rsquo;a permis de me livrer, tout simplement .<br \/>Les temps profonds de m\u00e9ditation d\u00e9butant souvent avec une musique toujours parfaitement appropri\u00e9e ainsi que les partages et interrogations de chacun et chacune , ta fa\u00e7on Quentin toujours juste d&rsquo;expliquer avec ton c\u0153ur, m&rsquo;ont fait descendre petit \u00e0 petit dans un \u00e9tat de grande joie int\u00e9rieure , de paix . Vraiment tr\u00e8s puissant de se sentir Reli\u00e9 avec toutes ces belles \u00c2mes .<br \/>La semaine est pass\u00e9e tr\u00e8s vite mais en m\u00eame temps elle \u00e9tait d&rsquo;une grande densit\u00e9 ,comme si l&rsquo;on \u00e9tait dans un autre espace temps ; une bulle d&rsquo;Amour infini .<br \/>L\u00e0 je go\u00fbte encore cette communion , je prends la mesure de la chance de pouvoir \u00eatre guid\u00e9 par Quentin ,<br \/>De tout coeur ,<br \/>Gratitude infinie ,<br \/>Jean Jacques \u00ab\u00a0\ud83d\udc9a<\/p>\n<p>&nbsp;<\/p>\n<p><strong>Eknath octobre 2025 :<\/strong><\/p>\n<p>Une superbe retraite Un bel environnement, de la bonne nourriture, tout \u00e9tait parfait.<br \/>Pour ce qui est de Quentin je dois dire que m\u00e9diter en sa pr\u00e9sence est un vrai bonheur.<br \/>Ce que j admire le plus , \u00e7a dois \u00eatre s\u00fbrement sa tr\u00e8s grande simplicit\u00e9 et son immense humilit\u00e9 ainsi que sa grande clairvoyance<br \/>Pas de chichi ni de protocole, juste de la pure pr\u00e9sence et de l accueil inconditionnel. Cela m a permis de reconna\u00eetre certains schemas, de les mettres en lumi\u00e8re,<br \/>Merci 1000 fois Quentin<\/p>\n<p>Eknath<br \/>avec toute ma reconnaissance<\/p>\n<p>&nbsp;<\/p>\n<p><strong>Nadine f\u00e9vrier 2025 :<\/strong><\/p>\n<p>Cette retraite \u00e9tait magnifique\u2728\ufe0f m\u00eame si les mots ne restituent pas vraiment l&rsquo;intensit\u00e9 et la profondeur de la beaut\u00e9 et de la compl\u00e9tude v\u00e9cue.<br \/>Un certain attachement au monde faisait que je ne pouvais envisager de le quitter, c&rsquo;\u00e9tait vu comme \u00e7a d&rsquo;une certaine mani\u00e8re, alors que ce n&rsquo;est pas la question en r\u00e9alit\u00e9, il suffit juste de reconna\u00eetre ce qui vibre pour soi et suivre Cela . Le monde est partout car il est en soi ( et il est nulle part \u00e0 la fois ) , ce qui compte est de rayonner. Qu&rsquo;est ce qui me permet de rayonner et de manifester mes qualit\u00e9s? Qu&rsquo;est-ce qui fait sens? O\u00f9 est-ce que je me sens bien?<br \/>Cela peut sembler \u00eatre une \u00e9vidence, et a sans doute \u00e9t\u00e9 le point de d\u00e9part d&rsquo;une recherche pour certains, mais pas pour moi. C&rsquo;est une vraie prise de conscience de savoir que je peux juste reconna\u00eetre et suivre ce qui me fait du bien, ce qui me nourrit, ce qui fait sens. Comprendre et accepter que la \u00ab\u00a0Volont\u00e9 \u00a0\u00bb peut \u00eatre \u00e0 ce point individualis\u00e9e pour finir par se retourner sur elle-m\u00eame et s&rsquo;offrir \u00e0 partir d&rsquo;un espace vaste et plein.<br \/>C&rsquo;est merveilleux\ud83c\udf3a.<br \/>Durant la retraite j&rsquo;ai \u00e9norm\u00e9ment re\u00e7u, autant du haut que du bas. J&rsquo;ai aussi re\u00e7u du groupe, du terrain des arbres des fleurs de la nourriture du soleil et de la pluie&#8230;.. et bien entendu de la Pr\u00e9sence Amour Lumi\u00e8re Quentin \ud83d\ude4f\ud83c\udffc\ud83d\udc9b Tout ne semblait que r\u00e9ception, la vie qui se donne \u00e0 elle-m\u00eame est grandie par le simple fait de la reconna\u00eetre. Le don na\u00eet de cela sans plus personne qui sert . C&rsquo;est merveilleux.<\/p>\n<p>Je t\u00e9moigne ma gratitude sinc\u00e8re et humble vis-\u00e0-vis du d\u00e9voilement de la divine cr\u00e9ation \ud83d\ude4f\ud83c\udffc\ud83c\udf3a\u2728\ufe0f.<\/p>\n<p>Chaleureusement.<br \/>Nadine<\/p>\n<p>&nbsp;<\/p>\n<p><strong>Padma Avril 2025 :<\/strong><\/p>\n<p>Pour ce qui me concerne il me semble \u00e0 la fois que je n\u2019ai pas grand-chose \u00e0 dire et en m\u00eame temps que je ne pourrai jamais partager assez au sujet de ce que j\u2019ai re\u00e7u. Il y a vraiment un avant et un apr\u00e8s cette retraite pour moi, et j\u2019ai le sentiment d\u2019y avoir franchi une \u00e9tape importante.<br \/>J\u2019ai re\u00e7u directement en plein c\u0153ur l\u2019enseignement de Quentin comme une gr\u00e2ce qui m\u2019a \u00e9t\u00e9 accord\u00e9e. C\u2019est quelque chose de direct car cela a pris la forme d\u2019une compr\u00e9hension qui est venue int\u00e9grer mes cellules, quelque chose de l\u2019ordre d\u2019une \u00e9vidence. J\u2019ai \u00e9t\u00e9 profond\u00e9ment touch\u00e9e par tout cet Amour et cette Clart\u00e9 qui se d\u00e9versait en moi. Je savais que Quentin s\u2019adressait \u00e0 chacun des \u00eatres pr\u00e9sents, mais en m\u00eame temps je sentais profond\u00e9ment qu\u2019il s\u2019adressait directement \u00e0 moi, et qu\u2019il venait me toucher exactement l\u00e0 o\u00f9 j\u2019en \u00e9tais. Une transformation s\u2019est op\u00e9r\u00e9e en moi qui est en train de changer mon positionnement int\u00e9rieur et mon regard sur moi-m\u00eame et sur tout ce qui m\u2019entoure.<br \/>Bien s\u00fbr tout cela s\u2019infuse progressivement en moi et cette voie du milieu n\u2019est pas facile \u00e0 suivre, elle demande du discernement, de la vigilance et beaucoup d\u2019Amour. Mais cela commence \u00e0 se mettre en place de soi-m\u00eame, et en faisant appel \u00e0 la Reliance je peux me laisser guider et laisser \u00eatre.<br \/>Concernant le contexte m\u00eame de cette retraite, l\u2019immersion dans cette petite communaut\u00e9 a \u00e9t\u00e9 vraiment tr\u00e8s nourrissante et enrichissante. C\u2019est une joie de voir comment la communion s\u2019ouvre et s\u2019agrandit d\u2019une belle fa\u00e7on, enrichie par la belle pr\u00e9sence des nouveaux venus. C\u2019\u00e9tait tr\u00e8s harmonieux, stimulant et aimant, chaque participant \u00e9tant dans un authentique et touchant travail int\u00e9rieur.<br \/>La douceur du Portugal et la beaut\u00e9 ressour\u00e7ante du terrain venaient \u00e9quilibrer l\u2019intensit\u00e9 des sessions d\u2019enseignement et favoriser une bonne int\u00e9gration du travail int\u00e9rieur.<br \/>L\u2019enseignement dispens\u00e9 sans compter par Quentin, je peux dire jour et nuit car il partage notre quotidien, est soigneusement calibr\u00e9 par rapport aux besoins profonds et \u00e0 l\u2019\u00e9volution de chaque \u00eatre du groupe. Les journ\u00e9es se construisent jour apr\u00e8s jour en fonction du vivant. Quentin est un excellent chef d\u2019orchestre, et il sait o\u00f9 il nous m\u00e8ne, jour apr\u00e8s jour.<br \/>J\u2019ai conscience que ce type de retraite en totale immersion dans l\u2019intimit\u00e9 d\u2019un petit groupe est vraiment un contexte spirituel tr\u00e8s privil\u00e9gi\u00e9. Gratitude pour tout cela.<br \/>Padma \ud83d\udc96\ud83d\ude4f\ud83d\udc96<\/p>\n<p>&nbsp;<\/p>\n<p><strong>Sylvain avril 2025 :<\/strong><\/p>\n<p>\u200cCette retraite, je l&rsquo;ai v\u00e9cu dans un cocon d&rsquo;amour ou je me suis abandonn\u00e9 en mon C\u0153ur et ainsi accueillir mon Chemin. Ce qui est beau c&rsquo;est de mettre des mots sur ma Vie, sur La Vie et ainsi laisser la Lumi\u00e8re me remplir. L&rsquo;enti\u00e8ret\u00e9 de mon \u00e2me a appel\u00e9 de toutes ses forces la connexion \u00e0 la Source. J&rsquo;ai ressenti cet appel profond ou tout est l\u00e0, sans plus aucun questionnement, dans un espace ou je vois et qui ne cesse de grandir.<br \/>Merci Quentin de ta pr\u00e9sence pour nous guider et faire que chaque instant soit complet et joyeux. Que de beaux moments de partage sur la Pri\u00e8re, sur ce qui Est, tout cela v\u00e9cu profond\u00e9ment en mon \u00eatre. Que de magnifiques m\u00e9ditations et de temps simples ensemble dans des \u00e9nergies diff\u00e9rentes. Que de belles promenades sur le terrain de Livha. Que de belles baignades.<br \/>Je laisse faire&#8230;mon Dieu que c&rsquo;est beau.<br \/>Merci \u00e0 tous les \u00eatres pr\u00e9sents qui ont permis tout cela dans une belle communion d&rsquo;amour et de grande simplicit\u00e9.<\/p>\n<p>Je vous embrasse<\/p>\n<p>A tr\u00e8s bient\u00f4t<\/p>\n<p>Sylvain<\/p>\n<p>&nbsp;<\/p>\n<p><strong>Anna\u00eblle f\u00e9vrier 2025\u00a0<\/strong><\/p>\n<p>Depuis la retraite j&rsquo;ai un calme qui s&rsquo;est install\u00e9 dans mes \u00e9motions. Il y a toujours des sch\u00e9mas et des pens\u00e9es mais qui sont vues de plus loin. C&rsquo;est comme si les mouvements int\u00e9rieurs que j&rsquo;ai v\u00e9cus pendant la retraite m&rsquo;avaient d\u00e9coll\u00e9e des \u00e9motions, des situations, des blocages ou autres qui me paraissaient tr\u00e8s graves et insurmontables parce qu&rsquo;ils prenaient toute la place. Donc je vis vraiment que \u00a0\u00bbc&rsquo;est vu\u00a0\u00bb, et plus subit, comme si c&rsquo;\u00e9tait en fait une couche toute fine faite de choses un peu insignifiantes.<br \/>Je crois que c&rsquo;est la peur \u00e0 la racine de ce qui me retenait d&rsquo;\u00eatre moi-m\u00eame qui est remont\u00e9e et qui a \u00e9t\u00e9 embrass\u00e9e, et avec elle tous les jugements et la culpabilit\u00e9 que je rajoutais sur ce que je suis, et qui venait r\u00e9cup\u00e9rer, amplifier et alourdir mes \u00e9motions.<br \/>C&rsquo;est comme si pour jouer le jeu de la mati\u00e8re j&rsquo;avais fait semblant d&rsquo;\u00eatre compl\u00e8tement embourb\u00e9e dans plein de sch\u00e9mas \u00e0 d\u00e9faire et de blessures \u00e0 gu\u00e9rir en croyant tr\u00e8s tr\u00e8s fort aux quelques trucs qui restaient, et que maintenant que \u00e7a a jou\u00e9 son r\u00f4le je peux passer \u00e0 autre chose.<br \/>C&rsquo;est la premi\u00e8re fois dans mon exp\u00e9rience que j&rsquo;entends vraiment, que j&rsquo;accepte que tout va bien, qu&rsquo;on peut juste s&rsquo;autoriser \u00e0 \u00eatre et que le reste \u00e7a ne nous concerne pas.<br \/>Ce n&rsquo;est pas sp\u00e9cialement spectaculaire, je n&rsquo;ai pas l&rsquo;impression d&rsquo;avoir r\u00e9gl\u00e9 mes probl\u00e8mes, c&rsquo;est vraiment comme si mon regard sur le monde s&rsquo;\u00e9tait d\u00e9cal\u00e9 de quelques millim\u00e8tres.<\/p>\n<p>Pour moi \u00e7a a vraiment \u00e9t\u00e9 une retraite profond\u00e9ment belle, riche, apaisante et nourrissante. L&rsquo;\u00e9nergie du terrain portait beaucoup, le groupe aussi. C&rsquo;\u00e9tait tr\u00e8s beau de partager \u00e7a tous ensemble, de se voir concr\u00e8tement avancer les uns les autres au fil de la retraite. Ce n&rsquo;\u00e9tait qu&rsquo;une semaine mais j&rsquo;avais vraiment l&rsquo;impression d&rsquo;\u00eatre hors du temps, c&rsquo;\u00e9tait quasiment impossible pour moi de conceptualiser quel jour on \u00e9tait, j&rsquo;avais la sensation d&rsquo;\u00eatre l\u00e0 depuis plusieurs semaines et de vivre plusieurs journ\u00e9es en une. C&rsquo;est vraiment un temps offert \u00e0 soi-m\u00eame.<br \/>Les partages de Quentin \u00e9taient tellement riches, cela venait poser juste les mots qu&rsquo;il fallait pour accompagner mon mouvement int\u00e9rieur et l&rsquo;amener jusqu&rsquo;au bout de ce qui devait se vivre.<br \/>Et puis on partage tellement de beaux moments tous ensemble, les pique-niques sur le terrain, les discussions au coin du feu, les fous rire&#8230; tout en ayant l&rsquo;espace de rester profond\u00e9ment avec soi-m\u00eame.<\/p>\n<p>Merci encore de nous permettre de vivre cela. \ud83d\ude4f<\/p>\n<p>Belle journ\u00e9e \ud83e\udd17\u2764\ufe0f<br \/>Anna\u00eblle<\/p>\n<p>&nbsp;<\/p>\n<p><strong>Agn\u00e8s Delmas f\u00e9vrier 2025 :<\/strong><\/p>\n<p>Toutes les m\u00e9ditations se sont pass\u00e9es pour moi dans un \u00e9tat d&rsquo; inconscience d\u00fb soit \u00e0 la fatigue, soit aux \u00e9nergies qui m&rsquo;assommaient, je ne sais trop. En tout cas j&rsquo;ai v\u00e9cu des blancs complets avec l&rsquo;impression que j&rsquo;avais eu un lessivage du mental.<br \/>Depuis mon retour, les m\u00e9ditations ont chang\u00e9, je me trouve dans des zones de blancs complets, et de paix, sans rien, comme s&rsquo;il n&rsquo;y avait quasi plus de conscience. Tout para\u00eet nettoy\u00e9, remis \u00e0 z\u00e9ro. C&rsquo;est diff\u00e9rent de avant la retraite [&#8230;.]<br \/>Les temps de m\u00e9ditation g\u00e9n\u00e8rent toujours des prises de conscience, des compr\u00e9hensions nouvelles.<br \/>&#8230; J&rsquo;ai v\u00e9cu quelque chose de particulier lors du partage de la communion. Quelque chose de puissant qui descendait sur nous, et qu&rsquo;il y avait comme un d\u00f4me au-dessus de nous.<br \/>Cette retraite \u00e9tait tr\u00e8s riche, avec tous les partages et la richesse int\u00e9rieure et de coeur de chacun.<br \/>Je remercie Quentin de donner tant pour notre \u00e9volution spirituelle, j&rsquo;ai beaucoup de gratitude car je vois cela toujours.<br \/>Merci de tout coeur.-<\/p>\n<p>Agn\u00e8s<\/p>\n<p>&nbsp;<\/p>\n<p><strong>Jean-Jacques F\u00e9vrier 2025 :<\/strong><\/p>\n<p>\u00ab\u00a0Je suis vraiment tr\u00e8s heureux d&rsquo;avoir pu participer \u00e0 la premi\u00e8re retraite que Quentin donnait au Portugal , ce fut une tr\u00e8s belle immersion en Soi .<br \/>Je n&rsquo;avais jamais eu l&rsquo;occasion ou plut\u00f4t je n&rsquo;avais jamais os\u00e9 me joindre \u00e0 un petit groupe ( 8 personnes et 9 avec Quentin) ; je me suis senti vraiment en confiance avec la grande douceur et l&rsquo;amour qui \u00e9mane de Quentin et la bienveillance du groupe , cela m&rsquo;a permis de me livrer, tout simplement .<br \/>Les temps profonds de m\u00e9ditation d\u00e9butant souvent avec une musique toujours parfaitement appropri\u00e9e ainsi que les partages et interrogations de chacun et chacune , ta fa\u00e7on Quentin toujours juste d&rsquo;expliquer avec ton c\u0153ur, m&rsquo;ont fait descendre petit \u00e0 petit dans un \u00e9tat de grande joie int\u00e9rieure , de paix . Vraiment tr\u00e8s puissant de se sentir Reli\u00e9 avec toutes ces belles \u00c2mes .<br \/>La semaine est pass\u00e9e tr\u00e8s vite mais en m\u00eame temps elle \u00e9tait d&rsquo;une grande densit\u00e9 ,comme si l&rsquo;on \u00e9tait dans un autre espace temps ; une bulle d&rsquo;Amour infini .<br \/>L\u00e0 je go\u00fbte encore cette communion , je prends la mesure de la chance de pouvoir \u00eatre guid\u00e9 par Quentin ,<br \/>De tout coeur ,<br \/>Gratitude infinie ,<br \/>Jean Jacques \u00ab\u00a0\ud83d\udc9a<\/p>\n<p>[\/et_pb_text][\/et_pb_column][\/et_pb_row][et_pb_row _builder_version=\u00a0\u00bb4.27.4&Prime; _module_preset=\u00a0\u00bbdefault\u00a0\u00bb global_colors_info=\u00a0\u00bb{}\u00a0\u00bb][et_pb_column type=\u00a0\u00bb4_4&Prime; _builder_version=\u00a0\u00bb4.27.4&Prime; _module_preset=\u00a0\u00bbdefault\u00a0\u00bb global_colors_info=\u00a0\u00bb{}\u00a0\u00bb][et_pb_code _builder_version=\u00a0\u00bb4.27.4&Prime; _module_preset=\u00a0\u00bbdefault\u00a0\u00bb global_colors_info=\u00a0\u00bb{}\u00a0\u00bb]<script src=\"\/\/code.jquery.com\/jquery-1.11.0.min.js\"><\/script><!-- [et_pb_line_break_holder] -->    <script><!-- [et_pb_line_break_holder] -->    $(document).ready(function() {<!-- [et_pb_line_break_holder] -->      $('#delay1').hide().delay(90000).fadeIn(2200);<!-- [et_pb_line_break_holder] -->});<!-- [et_pb_line_break_holder] -->    <\/script><!-- [et_pb_line_break_holder] -->[\/et_pb_code][\/et_pb_column][\/et_pb_row][\/et_pb_section]<\/p>\n","protected":false},"excerpt":{"rendered":"<p>Email de contact pour s&rsquo;inscrire aux retraites au Portugal et obtenir des infos : appel.profond@livha.org &nbsp;Quelques partages de participants aux retraites au Portugal&nbsp; Annaig F\u00e9vrier 2025 : \u00a0\u00bb Je suis vraiment heureuse d&rsquo;avoir v\u00e9cu cette retraite au Portugal avec Quentin. J&rsquo;avais quelques appr\u00e9hensions de nous retrouver en petit groupe 7 jours sur 7 et elles ont toutes \u00e9t\u00e9 dissip\u00e9es pendant le s\u00e9jour. Ce fut un moment fort, intense et doux en m\u00eame temps.Quentin a cette qualit\u00e9 de pouvoir transmettre en douceur des enseignements profonds par la parole, mais aussi par la pr\u00e9sence. Les temps de partage ensemble furent pour moi extr\u00eamement nourrissants, tant au niveau des compr\u00e9hensions\/\u00e9clairages, qu&rsquo;au niveau des ressentis dans les pratiques de m\u00e9ditation.Je sens que mes ressentis s&rsquo;affinent, ma pr\u00e9sence se d\u00e9ploie progressivement&#8230;et je me d\u00e9lecte de plus en plus dans cet \u00e9tat d&rsquo;\u00eatre qui s&rsquo;installe dans le silence. Quentin \u00e9tait disponible pour nous, pour nos questions, pour \u00e9clairer nos \u00ab\u00a0perturbations\u00a0\u00bb. Je lui suis profond\u00e9ment reconnaissante pour sa pr\u00e9sence bienveillante \u00e0 chaque instant et particuli\u00e8rement \u00e0 un moment o\u00f9 je traversais un chaos int\u00e9rieur&#8230;il a su mettre des mots pour me ramener \u00e0 davantage de conscience et d&rsquo;acceptation.La force du groupe est aussi tr\u00e8s porteuse pendant la [&hellip;]<\/p>\n","protected":false},"author":1,"featured_media":0,"parent":0,"menu_order":0,"comment_status":"closed","ping_status":"closed","template":"","meta":{"_et_pb_use_builder":"on","_et_pb_old_content":"","_et_gb_content_width":"","footnotes":""},"class_list":["post-237488","page","type-page","status-publish","hentry"],"_links":{"self":[{"href":"https:\/\/livha.org\/fr\/wp-json\/wp\/v2\/pages\/237488","targetHints":{"allow":["GET"]}}],"collection":[{"href":"https:\/\/livha.org\/fr\/wp-json\/wp\/v2\/pages"}],"about":[{"href":"https:\/\/livha.org\/fr\/wp-json\/wp\/v2\/types\/page"}],"author":[{"embeddable":true,"href":"https:\/\/livha.org\/fr\/wp-json\/wp\/v2\/users\/1"}],"replies":[{"embeddable":true,"href":"https:\/\/livha.org\/fr\/wp-json\/wp\/v2\/comments?post=237488"}],"version-history":[{"count":29,"href":"https:\/\/livha.org\/fr\/wp-json\/wp\/v2\/pages\/237488\/revisions"}],"predecessor-version":[{"id":237529,"href":"https:\/\/livha.org\/fr\/wp-json\/wp\/v2\/pages\/237488\/revisions\/237529"}],"wp:attachment":[{"href":"https:\/\/livha.org\/fr\/wp-json\/wp\/v2\/media?parent=237488"}],"curies":[{"name":"wp","href":"https:\/\/api.w.org\/{rel}","templated":true}]}}